{"id":69,"date":"2019-06-19T08:57:59","date_gmt":"2019-06-19T08:57:59","guid":{"rendered":"https:\/\/jupiterx.artbees.net\/automobile\/?page_id=69"},"modified":"2024-03-06T20:50:56","modified_gmt":"2024-03-06T20:50:56","slug":"parco-auto","status":"publish","type":"page","link":"https:\/\/stilecar.it\/es\/parque-automovilistico\/","title":{"rendered":"Auto"},"content":{"rendered":"<div data-elementor-type=\"wp-post\" data-elementor-id=\"69\" class=\"elementor elementor-69\" data-elementor-post-type=\"page\">\n\t\t\t\t<div data-dce-background-color=\"#000000\" class=\"elementor-element elementor-element-1f964cd e-con-full e-flex e-con e-parent\" data-id=\"1f964cd\" data-element_type=\"container\" data-settings=\"{&quot;content_width&quot;:&quot;full&quot;,&quot;background_background&quot;:&quot;classic&quot;,&quot;jet_parallax_layout_list&quot;:[]}\" data-core-v316-plus=\"true\">\n\t\t<div class=\"elementor-element elementor-element-8a80c94 e-con-full e-flex e-con e-child\" data-id=\"8a80c94\" data-element_type=\"container\" data-settings=\"{&quot;content_width&quot;:&quot;full&quot;,&quot;jet_parallax_layout_list&quot;:[]}\">\n\t\t\t\t<div class=\"elementor-element elementor-element-094fb2b jet-smart-filter-content-position-line jet-smart-filter-group-position-column elementor-widget elementor-widget-jet-smart-filters-select\" data-id=\"094fb2b\" data-element_type=\"widget\" data-widget_type=\"jet-smart-filters-select.default\">\n\t\t\t\t<div class=\"elementor-widget-container\">\n\t\t\t<div class=\"jet-smart-filters-select jet-filter\" data-indexer-rule=\"show\" data-show-counter=\"\" data-change-counter=\"always\"><div class=\"jet-select\" data-query-type=\"meta_query\" data-query-var=\"jet_engine_switch_query\" data-smart-filter=\"select\" data-filter-id=\"67010\" data-apply-type=\"ajax\" data-content-provider=\"jet-engine\" data-additional-providers=\"\" data-query-id=\"autolist\" data-active-label=\"\" data-layout-options=\"{&quot;show_label&quot;:true,&quot;display_options&quot;:{&quot;show_items_label&quot;:false,&quot;show_decorator&quot;:false,&quot;filter_image_size&quot;:&quot;full&quot;,&quot;show_counter&quot;:false}}\" data-query-var-suffix=\"is_custom_checkbox\">\n\t\t\t\t<select\n\t\t\tclass=\"jet-select__control\"\n\t\t\tname=\"jet_engine_switch_query\"\n\t\t\t\t\t\taria-label=\"Carrocer\u00eda2\"\n\t\t>\n\t\t\n\t\t\t\t\t<option\n\t\t\t\tvalue=\"\"\n\t\t\t\tdata-label=\"Carrozzeria\"\n\t\t\t\tdata-counter-prefix=\"\"\n\t\t\t\tdata-counter-suffix=\"\"\n\t\t\t\t\t\t\t>Carrocer\u00eda<\/option>\n\t\t\t\t\t\t<option\n\t\t\t\tvalue=\"coupe\"\n\t\t\t\tdata-label=\"Coup\u00e8\"\n\t\t\t\tdata-counter-prefix=\"\"\n\t\t\t\tdata-counter-suffix=\"\"\n\t\t\t\t\t\t\t>Coupe<\/option>\n\t\t\t\t\t\t<option\n\t\t\t\tvalue=\"Cabrio\"\n\t\t\t\tdata-label=\"Cabrio\"\n\t\t\t\tdata-counter-prefix=\"\"\n\t\t\t\tdata-counter-suffix=\"\"\n\t\t\t\t\t\t\t>Convertible<\/option>\n\t\t\t\t\t\t<option\n\t\t\t\tvalue=\"Monovolume\"\n\t\t\t\tdata-label=\"Monovolume\"\n\t\t\t\tdata-counter-prefix=\"\"\n\t\t\t\tdata-counter-suffix=\"\"\n\t\t\t\t\t\t\t>MPV<\/option>\n\t\t\t\t\t\t<option\n\t\t\t\tvalue=\"Utilitaria\"\n\t\t\t\tdata-label=\"Utilitaria\"\n\t\t\t\tdata-counter-prefix=\"\"\n\t\t\t\tdata-counter-suffix=\"\"\n\t\t\t\t\t\t\t>Utilidad<\/option>\n\t\t\t\t\t\t<option\n\t\t\t\tvalue=\"berlina\"\n\t\t\t\tdata-label=\"Berlina\"\n\t\t\t\tdata-counter-prefix=\"\"\n\t\t\t\tdata-counter-suffix=\"\"\n\t\t\t\t\t\t\t>Berlina<\/option>\n\t\t\t\t\t\t<option\n\t\t\t\tvalue=\"suv\"\n\t\t\t\tdata-label=\"SUV\/Fuoristrada\"\n\t\t\t\tdata-counter-prefix=\"\"\n\t\t\t\tdata-counter-suffix=\"\"\n\t\t\t\t\t\t\t>SUV\/Off-road<\/option>\n\t\t\t\t\t\t<option\n\t\t\t\tvalue=\"Van \/ Minibus\"\n\t\t\t\tdata-label=\"Van \/ Minibus\"\n\t\t\t\tdata-counter-prefix=\"\"\n\t\t\t\tdata-counter-suffix=\"\"\n\t\t\t\t\t\t\t>Furgoneta \/ Minib\u00fas<\/option>\n\t\t\t\t\t\t<option\n\t\t\t\tvalue=\"Station Wagon\"\n\t\t\t\tdata-label=\"Station Wagon\"\n\t\t\t\tdata-counter-prefix=\"\"\n\t\t\t\tdata-counter-suffix=\"\"\n\t\t\t\t\t\t\t>Station Wagon<\/option>\n\t\t\t\t\t\t<option\n\t\t\t\tvalue=\"Altro\"\n\t\t\t\tdata-label=\"Altro\"\n\t\t\t\tdata-counter-prefix=\"\"\n\t\t\t\tdata-counter-suffix=\"\"\n\t\t\t\t\t\t\t>M\u00e1s<\/option>\n\t\t\t<\/select>\n\t<\/div>\n<\/div>\t\t<\/div>\n\t\t\t\t<\/div>\n\t\t\t\t<\/div>\n\t\t<div class=\"elementor-element elementor-element-98e1a3f e-con-full e-flex e-con e-child\" data-id=\"98e1a3f\" data-element_type=\"container\" data-settings=\"{&quot;content_width&quot;:&quot;full&quot;,&quot;jet_parallax_layout_list&quot;:[]}\">\n\t\t\t\t<div class=\"elementor-element elementor-element-e85400c jet-smart-filter-content-position-line jet-smart-filter-group-position-column elementor-widget elementor-widget-jet-smart-filters-select\" data-id=\"e85400c\" data-element_type=\"widget\" data-widget_type=\"jet-smart-filters-select.default\">\n\t\t\t\t<div class=\"elementor-widget-container\">\n\t\t\t<div class=\"jet-smart-filters-select jet-filter\" data-indexer-rule=\"show\" data-show-counter=\"\" data-change-counter=\"always\"><div class=\"jet-select\" data-query-type=\"tax_query\" data-query-var=\"marca\" data-smart-filter=\"select\" data-filter-id=\"703\" data-apply-type=\"ajax\" data-content-provider=\"jet-engine\" data-additional-providers=\"\" data-query-id=\"autolist\" data-active-label=\"\" data-layout-options=\"{&quot;show_label&quot;:true,&quot;display_options&quot;:{&quot;show_items_label&quot;:false,&quot;show_decorator&quot;:false,&quot;filter_image_size&quot;:&quot;full&quot;,&quot;show_counter&quot;:false}}\" data-query-var-suffix=\"\">\n\t\t\t\t<select\n\t\t\tclass=\"jet-select__control\"\n\t\t\tname=\"marca\"\n\t\t\t\t\t\taria-label=\"Marca\"\n\t\t>\n\t\t\n\t\t\t\t\t<option\n\t\t\t\tvalue=\"\"\n\t\t\t\tdata-label=\"Marca\"\n\t\t\t\tdata-counter-prefix=\"\"\n\t\t\t\tdata-counter-suffix=\"\"\n\t\t\t\t\t\t\t>Marca<\/option>\n\t\t\t\t\t\t<option\n\t\t\t\tvalue=\"72\"\n\t\t\t\tdata-label=\"Alfa Romeo\"\n\t\t\t\tdata-counter-prefix=\"\"\n\t\t\t\tdata-counter-suffix=\"\"\n\t\t\t\t\t\t\t>Alfa Romeo<\/option>\n\t\t\t\t\t\t<option\n\t\t\t\tvalue=\"70\"\n\t\t\t\tdata-label=\"BMW\"\n\t\t\t\tdata-counter-prefix=\"\"\n\t\t\t\tdata-counter-suffix=\"\"\n\t\t\t\t\t\t\t>BMW<\/option>\n\t\t\t\t\t\t<option\n\t\t\t\tvalue=\"163\"\n\t\t\t\tdata-label=\"Citroen\"\n\t\t\t\tdata-counter-prefix=\"\"\n\t\t\t\tdata-counter-suffix=\"\"\n\t\t\t\t\t\t\t>Citroen<\/option>\n\t\t\t\t\t\t<option\n\t\t\t\tvalue=\"166\"\n\t\t\t\tdata-label=\"Fiat\"\n\t\t\t\tdata-counter-prefix=\"\"\n\t\t\t\tdata-counter-suffix=\"\"\n\t\t\t\t\t\t\t>Fiat<\/option>\n\t\t\t\t\t\t<option\n\t\t\t\tvalue=\"170\"\n\t\t\t\tdata-label=\"Ford\"\n\t\t\t\tdata-counter-prefix=\"\"\n\t\t\t\tdata-counter-suffix=\"\"\n\t\t\t\t\t\t\t>Ford<\/option>\n\t\t\t\t\t\t<option\n\t\t\t\tvalue=\"455\"\n\t\t\t\tdata-label=\"Hyundai\"\n\t\t\t\tdata-counter-prefix=\"\"\n\t\t\t\tdata-counter-suffix=\"\"\n\t\t\t\t\t\t\t>Hyundai<\/option>\n\t\t\t\t\t\t<option\n\t\t\t\tvalue=\"182\"\n\t\t\t\tdata-label=\"Jeep\"\n\t\t\t\tdata-counter-prefix=\"\"\n\t\t\t\tdata-counter-suffix=\"\"\n\t\t\t\t\t\t\t>Jeep<\/option>\n\t\t\t\t\t\t<option\n\t\t\t\tvalue=\"192\"\n\t\t\t\tdata-label=\"Mercedes\"\n\t\t\t\tdata-counter-prefix=\"\"\n\t\t\t\tdata-counter-suffix=\"\"\n\t\t\t\t\t\t\t>Mercedes<\/option>\n\t\t\t\t\t\t<option\n\t\t\t\tvalue=\"188\"\n\t\t\t\tdata-label=\"Mini\"\n\t\t\t\tdata-counter-prefix=\"\"\n\t\t\t\tdata-counter-suffix=\"\"\n\t\t\t\t\t\t\t>Mini<\/option>\n\t\t\t\t\t\t<option\n\t\t\t\tvalue=\"194\"\n\t\t\t\tdata-label=\"Opel\"\n\t\t\t\tdata-counter-prefix=\"\"\n\t\t\t\tdata-counter-suffix=\"\"\n\t\t\t\t\t\t\t>Opel<\/option>\n\t\t\t\t\t\t<option\n\t\t\t\tvalue=\"199\"\n\t\t\t\tdata-label=\"Peugeot\"\n\t\t\t\tdata-counter-prefix=\"\"\n\t\t\t\tdata-counter-suffix=\"\"\n\t\t\t\t\t\t\t>Peugeot<\/option>\n\t\t\t\t\t\t<option\n\t\t\t\tvalue=\"205\"\n\t\t\t\tdata-label=\"Renault\"\n\t\t\t\tdata-counter-prefix=\"\"\n\t\t\t\tdata-counter-suffix=\"\"\n\t\t\t\t\t\t\t>Renault<\/option>\n\t\t\t\t\t\t<option\n\t\t\t\tvalue=\"209\"\n\t\t\t\tdata-label=\"Volkswagen\"\n\t\t\t\tdata-counter-prefix=\"\"\n\t\t\t\tdata-counter-suffix=\"\"\n\t\t\t\t\t\t\t>Volkswagen<\/option>\n\t\t\t<\/select>\n\t<\/div>\n<\/div>\t\t<\/div>\n\t\t\t\t<\/div>\n\t\t\t\t<\/div>\n\t\t<div class=\"elementor-element elementor-element-d213981 e-con-full e-flex e-con e-child\" data-id=\"d213981\" data-element_type=\"container\" data-settings=\"{&quot;content_width&quot;:&quot;full&quot;,&quot;jet_parallax_layout_list&quot;:[]}\">\n\t\t\t\t<div class=\"elementor-element elementor-element-1275fac elementor-widget__width-auto elementor-widget elementor-widget-jet-smart-filters-sorting\" data-id=\"1275fac\" data-element_type=\"widget\" data-widget_type=\"jet-smart-filters-sorting.default\">\n\t\t\t\t<div class=\"elementor-widget-container\">\n\t\t\t<div class=\"jet-smart-filters-sorting jet-filter\"><div class=\"jet-smart-filters-sorting jet-filter\">\n\t<div class=\"jet-sorting jet-sorting--flex-column\"  data-smart-filter=\"sorting\" data-query-type=\"sort\" data-query-var=\"standard\" data-content-provider=\"jet-engine\" data-additional-providers=\"\" data-query-id=\"autolist\" data-apply-type=\"ajax\">\n\t\t\t\t<select\n\t\t\tclass=\"jet-sorting-select\"\n\t\t\tname=\"select-name\"\n\t\t\t\t\t\taria-label=\"Filtro de clasificaci\u00f3n\"\n\t\t>\n\t\t\t\t\t\t\t<option value=\"\">Ordenar por...<\/option>\n\t\t\t\t\t\t\t\t\t\t\t\t\t\t<option\n\t\t\t\t\tvalue=\"{&quot;orderby&quot;:&quot;meta_value_num&quot;,&quot;order&quot;:&quot;ASC&quot;,&quot;meta_key&quot;:&quot;price&quot;}\"\n\t\t\t\t\t\t\t\t\t>Precio m\u00e1s bajo<\/option>\n\t\t\t\t\t\t\t\t\t\t\t<option\n\t\t\t\t\tvalue=\"{&quot;orderby&quot;:&quot;meta_value_num&quot;,&quot;order&quot;:&quot;DESC&quot;,&quot;meta_key&quot;:&quot;price&quot;}\"\n\t\t\t\t\t\t\t\t\t>Precio m\u00e1s alto<\/option>\n\t\t\t\t\t\t\t\t\t\t\t<option\n\t\t\t\t\tvalue=\"{&quot;orderby&quot;:&quot;date&quot;,&quot;order&quot;:&quot;ASC&quot;}\"\n\t\t\t\t\t\t\t\t\t>Publicaci\u00f3n menos reciente<\/option>\n\t\t\t\t\t\t\t\t\t\t\t<option\n\t\t\t\t\tvalue=\"{&quot;orderby&quot;:&quot;date&quot;,&quot;order&quot;:&quot;DESC&quot;}\"\n\t\t\t\t\t\t\t\t\t>Publicaci\u00f3n m\u00e1s reciente<\/option>\n\t\t\t\t\t\t\t\t\t\t\t<option\n\t\t\t\t\tvalue=\"{&quot;orderby&quot;:&quot;meta_value_num&quot;,&quot;order&quot;:&quot;ASC&quot;,&quot;meta_key&quot;:&quot;km&quot;}\"\n\t\t\t\t\t\t\t\t\t>Menor kilometraje<\/option>\n\t\t\t\t\t\t\t\t\t\t\t<option\n\t\t\t\t\tvalue=\"{&quot;orderby&quot;:&quot;meta_value_num&quot;,&quot;order&quot;:&quot;DESC&quot;,&quot;meta_key&quot;:&quot;km&quot;}\"\n\t\t\t\t\t\t\t\t\t>Mayor kilometraje<\/option>\n\t\t\t\t\t\t\t\t\t\t\t<option\n\t\t\t\t\tvalue=\"{&quot;orderby&quot;:&quot;meta_value&quot;,&quot;order&quot;:&quot;ASC&quot;,&quot;meta_key&quot;:&quot;year&quot;}\"\n\t\t\t\t\t\t\t\t\t>Coches antiguos<\/option>\n\t\t\t\t\t\t\t\t\t\t\t<option\n\t\t\t\t\tvalue=\"{&quot;orderby&quot;:&quot;meta_value&quot;,&quot;order&quot;:&quot;DESC&quot;,&quot;meta_key&quot;:&quot;year&quot;}\"\n\t\t\t\t\t\t\t\t\t>Coches nuevos<\/option>\n\t\t\t\t\t<\/select>\n\t<\/div>\n<\/div><\/div>\t\t<\/div>\n\t\t\t\t<\/div>\n\t\t\t\t<\/div>\n\t\t\t\t<\/div>\n\t\t<div data-dce-background-color=\"#000000\" class=\"elementor-element elementor-element-ecd7f02 e-con-full e-flex e-con e-parent\" data-id=\"ecd7f02\" data-element_type=\"container\" data-settings=\"{&quot;jet_parallax_layout_list&quot;:[{&quot;jet_parallax_layout_image&quot;:{&quot;url&quot;:&quot;&quot;,&quot;id&quot;:&quot;&quot;,&quot;size&quot;:&quot;&quot;},&quot;_id&quot;:&quot;a5e7806&quot;,&quot;jet_parallax_layout_speed&quot;:{&quot;unit&quot;:&quot;%&quot;,&quot;size&quot;:&quot;50&quot;,&quot;sizes&quot;:[]},&quot;jet_parallax_layout_bg_x&quot;:&quot;50&quot;,&quot;jet_parallax_layout_bg_y&quot;:&quot;50&quot;,&quot;jet_parallax_layout_image_tablet&quot;:{&quot;url&quot;:&quot;&quot;,&quot;id&quot;:&quot;&quot;,&quot;size&quot;:&quot;&quot;},&quot;jet_parallax_layout_image_mobile&quot;:{&quot;url&quot;:&quot;&quot;,&quot;id&quot;:&quot;&quot;,&quot;size&quot;:&quot;&quot;},&quot;jet_parallax_layout_type&quot;:&quot;scroll&quot;,&quot;jet_parallax_layout_direction&quot;:null,&quot;jet_parallax_layout_fx_direction&quot;:null,&quot;jet_parallax_layout_z_index&quot;:&quot;&quot;,&quot;jet_parallax_layout_bg_x_tablet&quot;:&quot;&quot;,&quot;jet_parallax_layout_bg_x_mobile&quot;:&quot;&quot;,&quot;jet_parallax_layout_bg_y_tablet&quot;:&quot;&quot;,&quot;jet_parallax_layout_bg_y_mobile&quot;:&quot;&quot;,&quot;jet_parallax_layout_bg_size&quot;:&quot;auto&quot;,&quot;jet_parallax_layout_bg_size_tablet&quot;:&quot;&quot;,&quot;jet_parallax_layout_bg_size_mobile&quot;:&quot;&quot;,&quot;jet_parallax_layout_animation_prop&quot;:&quot;transform&quot;,&quot;jet_parallax_layout_on&quot;:[&quot;desktop&quot;,&quot;tablet&quot;]}],&quot;content_width&quot;:&quot;full&quot;,&quot;background_background&quot;:&quot;classic&quot;}\" data-core-v316-plus=\"true\">\n\t\t<div class=\"elementor-element elementor-element-1e8d6fc e-con-full e-flex e-con e-child\" data-id=\"1e8d6fc\" data-element_type=\"container\" data-settings=\"{&quot;content_width&quot;:&quot;full&quot;,&quot;jet_parallax_layout_list&quot;:[]}\">\n\t\t\t\t<div class=\"elementor-element elementor-element-1b2455d elementor-widget elementor-widget-jet-listing-grid\" data-id=\"1b2455d\" data-element_type=\"widget\" id=\"autolist\" data-settings=\"{&quot;columns&quot;:&quot;5&quot;,&quot;columns_tablet&quot;:&quot;2&quot;,&quot;columns_mobile&quot;:&quot;1&quot;}\" data-widget_type=\"jet-listing-grid.default\">\n\t\t\t\t<div class=\"elementor-widget-container\">\n\t\t\t<div class=\"jet-listing-grid jet-listing\"><div class=\"jet-listing-grid__items grid-col-desk-5 grid-col-tablet-2 grid-col-mobile-1 jet-listing-grid--67072 jet-equal-columns__wrapper\" data-queried-id=\"69|WP_Post\" data-nav=\"{&quot;enabled&quot;:true,&quot;type&quot;:&quot;scroll&quot;,&quot;more_el&quot;:null,&quot;query&quot;:{&quot;post_status&quot;:[&quot;publish&quot;],&quot;post_type&quot;:&quot;cars&quot;,&quot;posts_per_page&quot;:&quot;100&quot;,&quot;paged&quot;:&quot;1&quot;,&quot;ignore_sticky_posts&quot;:&quot;1&quot;,&quot;order&quot;:&quot;ASC&quot;,&quot;orderby&quot;:&quot;title&quot;,&quot;suppress_filters&quot;:false,&quot;jet_smart_filters&quot;:&quot;jet-engine\\\/autolist&quot;},&quot;widget_settings&quot;:{&quot;lisitng_id&quot;:67072,&quot;posts_num&quot;:100,&quot;columns&quot;:5,&quot;columns_tablet&quot;:2,&quot;columns_mobile&quot;:1,&quot;is_archive_template&quot;:&quot;&quot;,&quot;post_status&quot;:[&quot;publish&quot;],&quot;use_random_posts_num&quot;:&quot;&quot;,&quot;max_posts_num&quot;:9,&quot;not_found_message&quot;:&quot;Non ci sono auto che soddisfano la tua ricerca. Prova a modificare i filtri attivi&quot;,&quot;is_masonry&quot;:false,&quot;equal_columns_height&quot;:&quot;yes&quot;,&quot;use_load_more&quot;:&quot;yes&quot;,&quot;load_more_id&quot;:&quot;&quot;,&quot;load_more_type&quot;:&quot;scroll&quot;,&quot;load_more_offset&quot;:{&quot;unit&quot;:&quot;px&quot;,&quot;size&quot;:0,&quot;sizes&quot;:[]},&quot;use_custom_post_types&quot;:&quot;&quot;,&quot;custom_post_types&quot;:[&quot;cars&quot;],&quot;hide_widget_if&quot;:&quot;&quot;,&quot;carousel_enabled&quot;:&quot;&quot;,&quot;slides_to_scroll&quot;:&quot;1&quot;,&quot;arrows&quot;:&quot;true&quot;,&quot;arrow_icon&quot;:&quot;fa fa-angle-left&quot;,&quot;dots&quot;:&quot;&quot;,&quot;autoplay&quot;:&quot;true&quot;,&quot;pause_on_hover&quot;:&quot;true&quot;,&quot;autoplay_speed&quot;:5000,&quot;infinite&quot;:&quot;true&quot;,&quot;center_mode&quot;:&quot;&quot;,&quot;effect&quot;:&quot;slide&quot;,&quot;speed&quot;:500,&quot;inject_alternative_items&quot;:&quot;&quot;,&quot;injection_items&quot;:[{&quot;_id&quot;:&quot;350efa7&quot;}],&quot;scroll_slider_enabled&quot;:&quot;&quot;,&quot;scroll_slider_on&quot;:[],&quot;custom_query&quot;:false,&quot;custom_query_id&quot;:&quot;2&quot;,&quot;_element_id&quot;:&quot;autolist&quot;}}\" data-page=\"1\" data-pages=\"1\" data-listing-source=\"posts\" data-listing-id=\"67072\" data-query-id=\"\"><div class=\"jet-listing-grid__item jet-listing-dynamic-post-86195 jet-equal-columns\" data-post-id=\"86195\" ><style><\/style><div class=\"jet-listing-grid__item\" data-post-id=\"86195\">\n\t<a href=\"https:\/\/stilecar.it\/es\/auto\/alfa-romeo-mito-my08\/\" class=\"elementor-widget-container\">\n\t<div class=\"card\">\n\t\t<img decoding=\"async\" src=\"https:\/\/stilecar.it\/wp-content\/uploads\/2026\/04\/01-stilecar-it-ar-mito-dy976rm-768x512.jpg\" alt=\"ALFA ROMEO MITO MY08\" \/>\t\n\t\t\t<div class=\"card-content\">\n\t\t\t\t<h3>ALFA ROMEO MITO MY08<\/h3>\n<p class=\"price\">\u20ac 1.999<\/p>\n\n\t\t\t\t<div class=\"details\">\n\t\t\t\t\t<span>2009<\/span>\t\t\t\t\t<span> - Diesel (filtro de part\u00edculas)<\/span>\t\t\t\t<span> - 150.000 km<\/span>\n\t\t\t\t\t<span> - manual<\/span>\t\t\t\t<\/div>\n\t\t\t<\/div>\n\t\t\t\t\t<\/div>\n\t<\/a>\n<\/div>\n<\/div><div class=\"jet-listing-grid__item jet-listing-dynamic-post-85999 jet-equal-columns\" data-post-id=\"85999\" ><div class=\"jet-listing-grid__item\" data-post-id=\"85999\">\n\t<a href=\"https:\/\/stilecar.it\/es\/auto\/bmw-116-f20-21\/\" class=\"elementor-widget-container\">\n\t<div class=\"card\">\n\t\t<img decoding=\"async\" src=\"https:\/\/stilecar.it\/wp-content\/uploads\/2026\/04\/01-stilecar-it-bmw-116-fr545km-768x512.jpg\" alt=\"BMW 116 F20\/21\" \/>\t\n\t\t\t<div class=\"card-content\">\n\t\t\t\t<h3>BMW 116 F20\/21<\/h3>\n<p class=\"price\">\u20ac 11.999<\/p>\n\n\t\t\t\t<div class=\"details\">\n\t\t\t\t\t<span>2018<\/span>\t\t\t\t\t<span> - Diesel<\/span>\t\t\t\t<span> - 80.000 km<\/span>\n\t\t\t\t\t<span> - manual<\/span>\t\t\t\t<\/div>\n\t\t\t<\/div>\n\t\t\t\t\t<\/div>\n\t<\/a>\n<\/div>\n<\/div><div class=\"jet-listing-grid__item jet-listing-dynamic-post-85529 jet-equal-columns\" data-post-id=\"85529\" ><div class=\"jet-listing-grid__item\" data-post-id=\"85529\">\n\t<a href=\"https:\/\/stilecar.it\/es\/auto\/bmw-118-my20\/\" class=\"elementor-widget-container\">\n\t<div class=\"card\">\n\t\t<img decoding=\"async\" src=\"https:\/\/stilecar.it\/wp-content\/uploads\/2026\/04\/01-stilecar-it-bmw-118-gf225rr-768x512.jpg\" alt=\"BMW 118 MY20\" \/>\t\n\t\t\t<div class=\"card-content\">\n\t\t\t\t<h3>BMW 118 MY20<\/h3>\n<p class=\"price\">\u20ac 21.499<\/p>\n\n\t\t\t\t<div class=\"details\">\n\t\t\t\t\t<span>2021<\/span>\t\t\t\t\t<span> - Diesel<\/span>\t\t\t\t<span> - 130.000 km<\/span>\n\t\t\t\t\t<span> - autom\u00e1tico<\/span>\t\t\t\t<\/div>\n\t\t\t<\/div>\n\t\t\t\t\t<\/div>\n\t<\/a>\n<\/div>\n<\/div><div class=\"jet-listing-grid__item jet-listing-dynamic-post-85367 jet-equal-columns\" data-post-id=\"85367\" ><div class=\"jet-listing-grid__item\" data-post-id=\"85367\">\n\t<a href=\"https:\/\/stilecar.it\/es\/auto\/bmw-2-16-my18\/\" class=\"elementor-widget-container\">\n\t<div class=\"card\">\n\t\t<img decoding=\"async\" src=\"https:\/\/stilecar.it\/wp-content\/uploads\/2026\/04\/01-stilecar-it-bmw-2-16-ga325eb-768x512.jpg\" alt=\"BMW 2.16 MY18\" \/>\t\n\t\t\t<div class=\"card-content\">\n\t\t\t\t<h3>BMW 2.16 MY18<\/h3>\n<p class=\"price\">\u20ac 10.999<\/p>\n\n\t\t\t\t<div class=\"details\">\n\t\t\t\t\t<span>2020<\/span>\t\t\t\t\t<span> - Diesel<\/span>\t\t\t\t<span> - 180.000 km<\/span>\n\t\t\t\t\t<span> - autom\u00e1tico<\/span>\t\t\t\t<\/div>\n\t\t\t<\/div>\n\t\t\t\t\t<\/div>\n\t<\/a>\n<\/div>\n<\/div><div class=\"jet-listing-grid__item jet-listing-dynamic-post-85233 jet-equal-columns\" data-post-id=\"85233\" ><div class=\"jet-listing-grid__item\" data-post-id=\"85233\">\n\t<a href=\"https:\/\/stilecar.it\/es\/auto\/bmw-x4-my21\/\" class=\"elementor-widget-container\">\n\t<div class=\"card\">\n\t\t<img decoding=\"async\" src=\"https:\/\/stilecar.it\/wp-content\/uploads\/2026\/03\/01-stilecar-it-bmw-x4-gj200ym-768x512.jpg\" alt=\"BMW X4 MY21\" \/>\t\n\t\t\t<div class=\"card-content\">\n\t\t\t\t<h3>BMW X4 MY21<\/h3>\n<p class=\"price\">\u20ac 35.499<\/p>\n\n\t\t\t\t<div class=\"details\">\n\t\t\t\t\t<span>2022<\/span>\t\t\t\t\t<span> - copia h\u00edbrida<\/span>\t\t\t\t<span> - 140.000 km<\/span>\n\t\t\t\t\t<span> - semiautom\u00e1tico<\/span>\t\t\t\t<\/div>\n\t\t\t<\/div>\n\t\t\t\t\t<\/div>\n\t<\/a>\n<\/div>\n<\/div><div class=\"jet-listing-grid__item jet-listing-dynamic-post-85952 jet-equal-columns\" data-post-id=\"85952\" ><div class=\"jet-listing-grid__item\" data-post-id=\"85952\">\n\t<a href=\"https:\/\/stilecar.it\/es\/auto\/citroen-c3aircross-my21\/\" class=\"elementor-widget-container\">\n\t<div class=\"card\">\n\t\t<img decoding=\"async\" src=\"https:\/\/stilecar.it\/wp-content\/uploads\/2026\/04\/01-stilecar-it-citroen-c3-aircross-gh467hz-768x512.jpg\" alt=\"CITROEN C3AIRCROSS MY21\" \/>\t\n\t\t\t<div class=\"card-content\">\n\t\t\t\t<h3>CITROEN C3AIRCROSS MY21<\/h3>\n<p class=\"price\">\u20ac 13.999<\/p>\n\n\t\t\t\t<div class=\"details\">\n\t\t\t\t\t<span>2021<\/span>\t\t\t\t\t<span> - Diesel<\/span>\t\t\t\t<span> - 110.000 km<\/span>\n\t\t\t\t\t<span> - autom\u00e1tico<\/span>\t\t\t\t<\/div>\n\t\t\t<\/div>\n\t\t\t\t\t<\/div>\n\t<\/a>\n<\/div>\n<\/div><div class=\"jet-listing-grid__item jet-listing-dynamic-post-85097 jet-equal-columns\" data-post-id=\"85097\" ><div class=\"jet-listing-grid__item\" data-post-id=\"85097\">\n\t<a href=\"https:\/\/stilecar.it\/es\/auto\/citroen-c4-my21\/\" class=\"elementor-widget-container\">\n\t<div class=\"card\">\n\t\t<img decoding=\"async\" src=\"https:\/\/stilecar.it\/wp-content\/uploads\/2026\/03\/01-stilecar-it-citroen-c4-gh168jf-2-768x512.jpg\" alt=\"CITROEN C4 MY21\" \/>\t\n\t\t\t<div class=\"card-content\">\n\t\t\t\t<h3>CITROEN C4 MY21<\/h3>\n<p class=\"price\">\u20ac 14.399<\/p>\n\n\t\t\t\t<div class=\"details\">\n\t\t\t\t\t<span>2021<\/span>\t\t\t\t\t<span> - Diesel<\/span>\t\t\t\t<span> - 150.000 km<\/span>\n\t\t\t\t\t<span> - autom\u00e1tico<\/span>\t\t\t\t<\/div>\n\t\t\t<\/div>\n\t\t\t\t\t\t<div class=\"reserved\">Reservado<\/div>\n\t\t\t\t\t<\/div>\n\t<\/a>\n<\/div>\n<\/div><div class=\"jet-listing-grid__item jet-listing-dynamic-post-83732 jet-equal-columns\" data-post-id=\"83732\" ><div class=\"jet-listing-grid__item\" data-post-id=\"83732\">\n\t<a href=\"https:\/\/stilecar.it\/es\/auto\/citroen-c5-aircross-my20-2\/\" class=\"elementor-widget-container\">\n\t<div class=\"card\">\n\t\t<img decoding=\"async\" src=\"https:\/\/stilecar.it\/wp-content\/uploads\/2026\/01\/01-stilecar-it-citroen-c5-air-ge344sd-768x512.jpg\" alt=\"CITROEN C5 AIRCROSS MY20\" \/>\t\n\t\t\t<div class=\"card-content\">\n\t\t\t\t<h3>CITROEN C5 AIRCROSS MY20<\/h3>\n<p class=\"price\">\u20ac 15.499<\/p>\n\n\t\t\t\t<div class=\"details\">\n\t\t\t\t\t<span>2021<\/span>\t\t\t\t\t<span> - Diesel<\/span>\t\t\t\t<span> - 140.000 km<\/span>\n\t\t\t\t\t<span> - autom\u00e1tico<\/span>\t\t\t\t<\/div>\n\t\t\t<\/div>\n\t\t\t\t\t<\/div>\n\t<\/a>\n<\/div>\n<\/div><div class=\"jet-listing-grid__item jet-listing-dynamic-post-85910 jet-equal-columns\" data-post-id=\"85910\" ><div class=\"jet-listing-grid__item\" data-post-id=\"85910\">\n\t<a href=\"https:\/\/stilecar.it\/es\/auto\/fiat-500l-my19\/\" class=\"elementor-widget-container\">\n\t<div class=\"card\">\n\t\t<img decoding=\"async\" src=\"https:\/\/stilecar.it\/wp-content\/uploads\/2026\/04\/01-stilecar-it-fiat-500l-gh606hy-768x512.jpg\" alt=\"FIAT 500L MY19\" \/>\t\n\t\t\t<div class=\"card-content\">\n\t\t\t\t<h3>FIAT 500L MY19<\/h3>\n<p class=\"price\">\u20ac 10.999<\/p>\n\n\t\t\t\t<div class=\"details\">\n\t\t\t\t\t<span>2021<\/span>\t\t\t\t\t<span> - Diesel<\/span>\t\t\t\t<span> - 140.000 km<\/span>\n\t\t\t\t\t<span> - manual<\/span>\t\t\t\t<\/div>\n\t\t\t<\/div>\n\t\t\t\t\t<\/div>\n\t<\/a>\n<\/div>\n<\/div><div class=\"jet-listing-grid__item jet-listing-dynamic-post-83373 jet-equal-columns\" data-post-id=\"83373\" ><div class=\"jet-listing-grid__item\" data-post-id=\"83373\">\n\t<a href=\"https:\/\/stilecar.it\/es\/auto\/fiat-500x-my19\/\" class=\"elementor-widget-container\">\n\t<div class=\"card\">\n\t\t<img decoding=\"async\" src=\"https:\/\/stilecar.it\/wp-content\/uploads\/2025\/12\/01-stilecar-it-fiat-500x-gf277rv-768x512.jpg\" alt=\"FIAT 500X MY19\" \/>\t\n\t\t\t<div class=\"card-content\">\n\t\t\t\t<h3>FIAT 500X MY19<\/h3>\n<p class=\"price\">\u20ac 14.499<\/p>\n\n\t\t\t\t<div class=\"details\">\n\t\t\t\t\t<span>2021<\/span>\t\t\t\t\t<span> - Diesel<\/span>\t\t\t\t<span> - 150.000 km<\/span>\n\t\t\t\t\t<span> - manual<\/span>\t\t\t\t<\/div>\n\t\t\t<\/div>\n\t\t\t\t\t<\/div>\n\t<\/a>\n<\/div>\n<\/div><div class=\"jet-listing-grid__item jet-listing-dynamic-post-86085 jet-equal-columns\" data-post-id=\"86085\" ><div class=\"jet-listing-grid__item\" data-post-id=\"86085\">\n\t<a href=\"https:\/\/stilecar.it\/es\/auto\/fiat-500x-my21\/\" class=\"elementor-widget-container\">\n\t<div class=\"card\">\n\t\t<img decoding=\"async\" src=\"https:\/\/stilecar.it\/wp-content\/uploads\/2026\/04\/01-stilecar-it-fiat-500x-gj335cl-768x512.jpg\" alt=\"FIAT 500X MY21\" \/>\t\n\t\t\t<div class=\"card-content\">\n\t\t\t\t<h3>FIAT 500X MY21<\/h3>\n<p class=\"price\">\u20ac 18.999<\/p>\n\n\t\t\t\t<div class=\"details\">\n\t\t\t\t\t<span>2022<\/span>\t\t\t\t\t<span> - Diesel<\/span>\t\t\t\t<span> - 150.000 km<\/span>\n\t\t\t\t\t<span> - manual<\/span>\t\t\t\t<\/div>\n\t\t\t<\/div>\n\t\t\t\t\t<\/div>\n\t<\/a>\n<\/div>\n<\/div><div class=\"jet-listing-grid__item jet-listing-dynamic-post-79220 jet-equal-columns\" data-post-id=\"79220\" ><div class=\"jet-listing-grid__item\" data-post-id=\"79220\">\n\t<a href=\"https:\/\/stilecar.it\/es\/auto\/fiat-doblo-my19\/\" class=\"elementor-widget-container\">\n\t<div class=\"card\">\n\t\t<img decoding=\"async\" src=\"https:\/\/stilecar.it\/wp-content\/uploads\/2025\/05\/01-stilecar-it-fiat-doblo-gh351pt-768x512.jpg\" alt=\"FIAT DOBLO&#039; MY19\" \/>\t\n\t\t\t<div class=\"card-content\">\n\t\t\t\t<h3>FIAT DOBLO' MY19<\/h3>\n<p class=\"price\">\u20ac 9.999<\/p>\n\n\t\t\t\t<div class=\"details\">\n\t\t\t\t\t<span>2021<\/span>\t\t\t\t\t<span> - Diesel (filtro de part\u00edculas)<\/span>\t\t\t\t<span> - 130.000 km<\/span>\n\t\t\t\t\t<span> - manual<\/span>\t\t\t\t<\/div>\n\t\t\t<\/div>\n\t\t\t\t\t<\/div>\n\t<\/a>\n<\/div>\n<\/div><div class=\"jet-listing-grid__item jet-listing-dynamic-post-85859 jet-equal-columns\" data-post-id=\"85859\" ><div class=\"jet-listing-grid__item\" data-post-id=\"85859\">\n\t<a href=\"https:\/\/stilecar.it\/es\/auto\/fiat-panda-my18\/\" class=\"elementor-widget-container\">\n\t<div class=\"card\">\n\t\t<img decoding=\"async\" src=\"https:\/\/stilecar.it\/wp-content\/uploads\/2026\/04\/01-stilecar-it-fiat-panda-fw055pd-768x512.jpg\" alt=\"FIAT PANDA MY18\" \/>\t\n\t\t\t<div class=\"card-content\">\n\t\t\t\t<h3>FIAT PANDA MY18<\/h3>\n<p class=\"price\">\u20ac 6.999<\/p>\n\n\t\t\t\t<div class=\"details\">\n\t\t\t\t\t<span>2019<\/span>\t\t\t\t\t<span> - Gasolina<\/span>\t\t\t\t<span> - 130.000 km<\/span>\n\t\t\t\t\t<span> - manual<\/span>\t\t\t\t<\/div>\n\t\t\t<\/div>\n\t\t\t\t\t<\/div>\n\t<\/a>\n<\/div>\n<\/div><div class=\"jet-listing-grid__item jet-listing-dynamic-post-84007 jet-equal-columns\" data-post-id=\"84007\" ><div class=\"jet-listing-grid__item\" data-post-id=\"84007\">\n\t<a href=\"https:\/\/stilecar.it\/es\/auto\/fiat-panda-my19-2\/\" class=\"elementor-widget-container\">\n\t<div class=\"card\">\n\t\t<img decoding=\"async\" src=\"https:\/\/stilecar.it\/wp-content\/uploads\/2026\/01\/01-stilecar-it-fiat-panda-gc525nv-768x512.jpg\" alt=\"FIAT PANDA MY19\" \/>\t\n\t\t\t<div class=\"card-content\">\n\t\t\t\t<h3>FIAT PANDA MY19<\/h3>\n<p class=\"price\">\u20ac 8.799<\/p>\n\n\t\t\t\t<div class=\"details\">\n\t\t\t\t\t<span>2020<\/span>\t\t\t\t\t<span> - etanol<\/span>\t\t\t\t<span> - 50.000 km<\/span>\n\t\t\t\t\t<span> - manual<\/span>\t\t\t\t<\/div>\n\t\t\t<\/div>\n\t\t\t\t\t<\/div>\n\t<\/a>\n<\/div>\n<\/div><div class=\"jet-listing-grid__item jet-listing-dynamic-post-83864 jet-equal-columns\" data-post-id=\"83864\" ><div class=\"jet-listing-grid__item\" data-post-id=\"83864\">\n\t<a href=\"https:\/\/stilecar.it\/es\/auto\/fiat-panda-my19\/\" class=\"elementor-widget-container\">\n\t<div class=\"card\">\n\t\t<img decoding=\"async\" src=\"https:\/\/stilecar.it\/wp-content\/uploads\/2026\/01\/01-stilecar-it-fiat-panda-gc520nv-768x512.jpg\" alt=\"FIAT PANDA MY19\" \/>\t\n\t\t\t<div class=\"card-content\">\n\t\t\t\t<h3>FIAT PANDA MY19<\/h3>\n<p class=\"price\">\u20ac 8.999<\/p>\n\n\t\t\t\t<div class=\"details\">\n\t\t\t\t\t<span>2020<\/span>\t\t\t\t\t<span> - etanol<\/span>\t\t\t\t<span> - 30.000 km<\/span>\n\t\t\t\t\t<span> - manual<\/span>\t\t\t\t<\/div>\n\t\t\t<\/div>\n\t\t\t\t\t<\/div>\n\t<\/a>\n<\/div>\n<\/div><div class=\"jet-listing-grid__item jet-listing-dynamic-post-86041 jet-equal-columns\" data-post-id=\"86041\" ><div class=\"jet-listing-grid__item\" data-post-id=\"86041\">\n\t<a href=\"https:\/\/stilecar.it\/es\/auto\/fiat-tipo-5p-my19\/\" class=\"elementor-widget-container\">\n\t<div class=\"card\">\n\t\t<img decoding=\"async\" src=\"https:\/\/stilecar.it\/wp-content\/uploads\/2026\/04\/01-stilecar-it-fiat-tipo-gc393jl-768x512.jpg\" alt=\"FIAT TIPO 5P MY19\" \/>\t\n\t\t\t<div class=\"card-content\">\n\t\t\t\t<h3>FIAT TIPO 5P MY19<\/h3>\n<p class=\"price\">\u20ac 9.999<\/p>\n\n\t\t\t\t<div class=\"details\">\n\t\t\t\t\t<span>2020<\/span>\t\t\t\t\t<span> - Diesel<\/span>\t\t\t\t<span> - 170.000 km<\/span>\n\t\t\t\t\t<span> - manual<\/span>\t\t\t\t<\/div>\n\t\t\t<\/div>\n\t\t\t\t\t<\/div>\n\t<\/a>\n<\/div>\n<\/div><div class=\"jet-listing-grid__item jet-listing-dynamic-post-85142 jet-equal-columns\" data-post-id=\"85142\" ><div class=\"jet-listing-grid__item\" data-post-id=\"85142\">\n\t<a href=\"https:\/\/stilecar.it\/es\/auto\/fiat-tipo-my20\/\" class=\"elementor-widget-container\">\n\t<div class=\"card\">\n\t\t<img decoding=\"async\" src=\"https:\/\/stilecar.it\/wp-content\/uploads\/2026\/03\/01-stilecar-it-fiat-tipo-gb164hd-768x512.jpg\" alt=\"FIAT TIPO MY20\" \/>\t\n\t\t\t<div class=\"card-content\">\n\t\t\t\t<h3>FIAT TIPO MY20<\/h3>\n<p class=\"price\">\u20ac 9.799<\/p>\n\n\t\t\t\t<div class=\"details\">\n\t\t\t\t\t<span>2020<\/span>\t\t\t\t\t<span> - Diesel<\/span>\t\t\t\t<span> - 130.000 km<\/span>\n\t\t\t\t\t<span> - manual<\/span>\t\t\t\t<\/div>\n\t\t\t<\/div>\n\t\t\t\t\t<\/div>\n\t<\/a>\n<\/div>\n<\/div><div class=\"jet-listing-grid__item jet-listing-dynamic-post-85487 jet-equal-columns\" data-post-id=\"85487\" ><div class=\"jet-listing-grid__item\" data-post-id=\"85487\">\n\t<a href=\"https:\/\/stilecar.it\/es\/auto\/fiat-tipo-sw-my20\/\" class=\"elementor-widget-container\">\n\t<div class=\"card\">\n\t\t<img decoding=\"async\" src=\"https:\/\/stilecar.it\/wp-content\/uploads\/2026\/04\/01-stilecar-it-fiat-tipo-gg884rd-768x512.jpg\" alt=\"FIAT TIPO SW MY20\" \/>\t\n\t\t\t<div class=\"card-content\">\n\t\t\t\t<h3>FIAT TIPO SW MY20<\/h3>\n<p class=\"price\">\u20ac 12.999<\/p>\n\n\t\t\t\t<div class=\"details\">\n\t\t\t\t\t<span>2021<\/span>\t\t\t\t\t<span> - Diesel<\/span>\t\t\t\t<span> - 40.000 km<\/span>\n\t\t\t\t\t<span> - manual<\/span>\t\t\t\t<\/div>\n\t\t\t<\/div>\n\t\t\t\t\t<\/div>\n\t<\/a>\n<\/div>\n<\/div><div class=\"jet-listing-grid__item jet-listing-dynamic-post-84214 jet-equal-columns\" data-post-id=\"84214\" ><div class=\"jet-listing-grid__item\" data-post-id=\"84214\">\n\t<a href=\"https:\/\/stilecar.it\/es\/auto\/fiat-tipo-sw-my20-2\/\" class=\"elementor-widget-container\">\n\t<div class=\"card\">\n\t\t<img decoding=\"async\" src=\"https:\/\/stilecar.it\/wp-content\/uploads\/2026\/02\/01-stilecar-it-fiat-tipo-gh397ht-768x512.jpg\" alt=\"FIAT TIPO SW MY20\" \/>\t\n\t\t\t<div class=\"card-content\">\n\t\t\t\t<h3>FIAT TIPO SW MY20<\/h3>\n<p class=\"price\">\u20ac 11.999<\/p>\n\n\t\t\t\t<div class=\"details\">\n\t\t\t\t\t<span>2021<\/span>\t\t\t\t\t<span> - Diesel<\/span>\t\t\t\t<span> - 130.000 km<\/span>\n\t\t\t\t\t<span> - manual<\/span>\t\t\t\t<\/div>\n\t\t\t<\/div>\n\t\t\t\t\t<\/div>\n\t<\/a>\n<\/div>\n<\/div><div class=\"jet-listing-grid__item jet-listing-dynamic-post-82246 jet-equal-columns\" data-post-id=\"82246\" ><div class=\"jet-listing-grid__item\" data-post-id=\"82246\">\n\t<a href=\"https:\/\/stilecar.it\/es\/auto\/ford-fiesta-5p-my19\/\" class=\"elementor-widget-container\">\n\t<div class=\"card\">\n\t\t<img decoding=\"async\" src=\"https:\/\/stilecar.it\/wp-content\/uploads\/2025\/10\/01-stilecar-it-ford-fiesta-fv642vm-768x512.jpg\" alt=\"FORD FIESTA 5P MY19\" \/>\t\n\t\t\t<div class=\"card-content\">\n\t\t\t\t<h3>FORD FIESTA 5P MY19<\/h3>\n<p class=\"price\">\u20ac 12.499<\/p>\n\n\t\t\t\t<div class=\"details\">\n\t\t\t\t\t<span>2019<\/span>\t\t\t\t\t<span> - Diesel (filtro de part\u00edculas)<\/span>\t\t\t\t<span> - 100.000 km<\/span>\n\t\t\t\t\t<span> - manual<\/span>\t\t\t\t<\/div>\n\t\t\t<\/div>\n\t\t\t\t\t<\/div>\n\t<\/a>\n<\/div>\n<\/div><div class=\"jet-listing-grid__item jet-listing-dynamic-post-85698 jet-equal-columns\" data-post-id=\"85698\" ><div class=\"jet-listing-grid__item\" data-post-id=\"85698\">\n\t<a href=\"https:\/\/stilecar.it\/es\/auto\/ford-fiesta-5p-my19-2\/\" class=\"elementor-widget-container\">\n\t<div class=\"card\">\n\t\t<img decoding=\"async\" src=\"https:\/\/stilecar.it\/wp-content\/uploads\/2026\/04\/01-stilecar-it-ford-fiesta-gb065ch-768x576.jpg\" alt=\"FORD FIESTA 5P MY19\" \/>\t\n\t\t\t<div class=\"card-content\">\n\t\t\t\t<h3>FORD FIESTA 5P MY19<\/h3>\n<p class=\"price\">\u20ac 9.399<\/p>\n\n\t\t\t\t<div class=\"details\">\n\t\t\t\t\t<span>2020<\/span>\t\t\t\t\t<span> - Gas natural<\/span>\t\t\t\t<span> - 130.000 km<\/span>\n\t\t\t\t\t<span> - manual<\/span>\t\t\t\t<\/div>\n\t\t\t<\/div>\n\t\t\t\t\t<\/div>\n\t<\/a>\n<\/div>\n<\/div><div class=\"jet-listing-grid__item jet-listing-dynamic-post-85611 jet-equal-columns\" data-post-id=\"85611\" ><div class=\"jet-listing-grid__item\" data-post-id=\"85611\">\n\t<a href=\"https:\/\/stilecar.it\/es\/auto\/ford-focus-5p-my19\/\" class=\"elementor-widget-container\">\n\t<div class=\"card\">\n\t\t<img decoding=\"async\" src=\"https:\/\/stilecar.it\/wp-content\/uploads\/2026\/04\/01-stilecar-it-ford-focus-gj090aw-768x512.jpg\" alt=\"FORD FOCUS 5P MY19\" \/>\t\n\t\t\t<div class=\"card-content\">\n\t\t\t\t<h3>FORD FOCUS 5P MY19<\/h3>\n<p class=\"price\">\u20ac 13.499<\/p>\n\n\t\t\t\t<div class=\"details\">\n\t\t\t\t\t<span>2022<\/span>\t\t\t\t\t<span> - Diesel<\/span>\t\t\t\t<span> - 100.000 km<\/span>\n\t\t\t\t\t<span> - manual<\/span>\t\t\t\t<\/div>\n\t\t\t<\/div>\n\t\t\t\t\t<\/div>\n\t<\/a>\n<\/div>\n<\/div><div class=\"jet-listing-grid__item jet-listing-dynamic-post-84545 jet-equal-columns\" data-post-id=\"84545\" ><div class=\"jet-listing-grid__item\" data-post-id=\"84545\">\n\t<a href=\"https:\/\/stilecar.it\/es\/auto\/ford-focus-5p-my21\/\" class=\"elementor-widget-container\">\n\t<div class=\"card\">\n\t\t<img decoding=\"async\" src=\"https:\/\/stilecar.it\/wp-content\/uploads\/2026\/02\/01-stilecar-it-ford-focus-gj659bb-768x512.jpg\" alt=\"FORD FOCUS 5P MY21\" \/>\t\n\t\t\t<div class=\"card-content\">\n\t\t\t\t<h3>FORD FOCUS 5P MY21<\/h3>\n<p class=\"price\">\u20ac 13.499<\/p>\n\n\t\t\t\t<div class=\"details\">\n\t\t\t\t\t<span>2022<\/span>\t\t\t\t\t<span> - Diesel<\/span>\t\t\t\t<span> - 130.000 km<\/span>\n\t\t\t\t\t<span> - manual<\/span>\t\t\t\t<\/div>\n\t\t\t<\/div>\n\t\t\t\t\t<\/div>\n\t<\/a>\n<\/div>\n<\/div><div class=\"jet-listing-grid__item jet-listing-dynamic-post-81822 jet-equal-columns\" data-post-id=\"81822\" ><div class=\"jet-listing-grid__item\" data-post-id=\"81822\">\n\t<a href=\"https:\/\/stilecar.it\/es\/auto\/ford-kuga-my20\/\" class=\"elementor-widget-container\">\n\t<div class=\"card\">\n\t\t<img decoding=\"async\" src=\"https:\/\/stilecar.it\/wp-content\/uploads\/2025\/09\/01-stilecar-it-ford-kuga-gf515rv-768x512.jpg\" alt=\"FORD KUGA MY20\" \/>\t\n\t\t\t<div class=\"card-content\">\n\t\t\t\t<h3>FORD KUGA MY20<\/h3>\n<p class=\"price\">\u20ac 19.499<\/p>\n\n\t\t\t\t<div class=\"details\">\n\t\t\t\t\t<span>2021<\/span>\t\t\t\t\t<span> - Diesel<\/span>\t\t\t\t<span> - 120.000 km<\/span>\n\t\t\t\t\t<span> - autom\u00e1tico<\/span>\t\t\t\t<\/div>\n\t\t\t<\/div>\n\t\t\t\t\t<\/div>\n\t<\/a>\n<\/div>\n<\/div><div class=\"jet-listing-grid__item jet-listing-dynamic-post-82350 jet-equal-columns\" data-post-id=\"82350\" ><div class=\"jet-listing-grid__item\" data-post-id=\"82350\">\n\t<a href=\"https:\/\/stilecar.it\/es\/auto\/ford-kuga-my20-3\/\" class=\"elementor-widget-container\">\n\t<div class=\"card\">\n\t\t<img decoding=\"async\" src=\"https:\/\/stilecar.it\/wp-content\/uploads\/2025\/10\/01-stilecar-it-ford-kuga-gf519sc-768x512.jpg\" alt=\"FORD KUGA MY20\" \/>\t\n\t\t\t<div class=\"card-content\">\n\t\t\t\t<h3>FORD KUGA MY20<\/h3>\n<p class=\"price\">\u20ac 19.399<\/p>\n\n\t\t\t\t<div class=\"details\">\n\t\t\t\t\t<span>2021<\/span>\t\t\t\t\t<span> - Diesel<\/span>\t\t\t\t<span> - 120.000 km<\/span>\n\t\t\t\t\t<span> - autom\u00e1tico<\/span>\t\t\t\t<\/div>\n\t\t\t<\/div>\n\t\t\t\t\t<\/div>\n\t<\/a>\n<\/div>\n<\/div><div class=\"jet-listing-grid__item jet-listing-dynamic-post-81913 jet-equal-columns\" data-post-id=\"81913\" ><div class=\"jet-listing-grid__item\" data-post-id=\"81913\">\n\t<a href=\"https:\/\/stilecar.it\/es\/auto\/ford-kuga-my20-2\/\" class=\"elementor-widget-container\">\n\t<div class=\"card\">\n\t\t<img decoding=\"async\" src=\"https:\/\/stilecar.it\/wp-content\/uploads\/2025\/09\/01-stilecar-it-ford-kuga-gf081cd-768x512.jpg\" alt=\"FORD KUGA MY20\" \/>\t\n\t\t\t<div class=\"card-content\">\n\t\t\t\t<h3>FORD KUGA MY20<\/h3>\n<p class=\"price\">\u20ac 17.999<\/p>\n\n\t\t\t\t<div class=\"details\">\n\t\t\t\t\t<span>2021<\/span>\t\t\t\t\t<span> - Diesel<\/span>\t\t\t\t<span> - 120.000 km<\/span>\n\t\t\t\t\t<span> - autom\u00e1tico<\/span>\t\t\t\t<\/div>\n\t\t\t<\/div>\n\t\t\t\t\t<\/div>\n\t<\/a>\n<\/div>\n<\/div><div class=\"jet-listing-grid__item jet-listing-dynamic-post-82306 jet-equal-columns\" data-post-id=\"82306\" ><div class=\"jet-listing-grid__item\" data-post-id=\"82306\">\n\t<a href=\"https:\/\/stilecar.it\/es\/auto\/ford-puma-my20\/\" class=\"elementor-widget-container\">\n\t<div class=\"card\">\n\t\t<img decoding=\"async\" src=\"https:\/\/stilecar.it\/wp-content\/uploads\/2025\/10\/01-stilecar-it-ford-puma-gg683rv-768x512.jpg\" alt=\"FORD PUMA MY20\" \/>\t\n\t\t\t<div class=\"card-content\">\n\t\t\t\t<h3>FORD PUMA MY20<\/h3>\n<p class=\"price\">\u20ac 14.999<\/p>\n\n\t\t\t\t<div class=\"details\">\n\t\t\t\t\t<span>2021<\/span>\t\t\t\t\t<span> - Diesel<\/span>\t\t\t\t<span> - 160.000 km<\/span>\n\t\t\t\t\t<span> - manual<\/span>\t\t\t\t<\/div>\n\t\t\t<\/div>\n\t\t\t\t\t<\/div>\n\t<\/a>\n<\/div>\n<\/div><div class=\"jet-listing-grid__item jet-listing-dynamic-post-82855 jet-equal-columns\" data-post-id=\"82855\" ><div class=\"jet-listing-grid__item\" data-post-id=\"82855\">\n\t<a href=\"https:\/\/stilecar.it\/es\/auto\/hyndai-kona-my21\/\" class=\"elementor-widget-container\">\n\t<div class=\"card\">\n\t\t<img decoding=\"async\" src=\"https:\/\/stilecar.it\/wp-content\/uploads\/2025\/11\/01-stilecar-it-hyundai-kona-gg129hw-768x512.jpg\" alt=\"HYUNDAI KONA MY21\" \/>\t\n\t\t\t<div class=\"card-content\">\n\t\t\t\t<h3>HYUNDAI KONA MY21<\/h3>\n<p class=\"price\">\u20ac 15.499<\/p>\n\n\t\t\t\t<div class=\"details\">\n\t\t\t\t\t<span>2021<\/span>\t\t\t\t\t<span> - copia h\u00edbrida<\/span>\t\t\t\t<span> - 110.000 km<\/span>\n\t\t\t\t\t<span> - manual<\/span>\t\t\t\t<\/div>\n\t\t\t<\/div>\n\t\t\t\t\t<\/div>\n\t<\/a>\n<\/div>\n<\/div><div class=\"jet-listing-grid__item jet-listing-dynamic-post-86175 jet-equal-columns\" data-post-id=\"86175\" ><div class=\"jet-listing-grid__item\" data-post-id=\"86175\">\n\t<a href=\"https:\/\/stilecar.it\/es\/auto\/jeep-cherokee-my14\/\" class=\"elementor-widget-container\">\n\t<div class=\"card\">\n\t\t<img decoding=\"async\" src=\"https:\/\/stilecar.it\/wp-content\/uploads\/2026\/04\/01-stilecar-it-jeep-cherokee-fa036gp-768x512.jpg\" alt=\"JEEP CHEROKEE MY14\" \/>\t\n\t\t\t<div class=\"card-content\">\n\t\t\t\t<h3>JEEP CHEROKEE MY14<\/h3>\n<p class=\"price\">\u20ac 5.999<\/p>\n\n\t\t\t\t<div class=\"details\">\n\t\t\t\t\t<span>2015<\/span>\t\t\t\t\t<span> - Diesel (filtro de part\u00edculas)<\/span>\t\t\t\t<span> - 270.000 km<\/span>\n\t\t\t\t\t<span> - autom\u00e1tico<\/span>\t\t\t\t<\/div>\n\t\t\t<\/div>\n\t\t\t\t\t<\/div>\n\t<\/a>\n<\/div>\n<\/div><div class=\"jet-listing-grid__item jet-listing-dynamic-post-86131 jet-equal-columns\" data-post-id=\"86131\" ><div class=\"jet-listing-grid__item\" data-post-id=\"86131\">\n\t<a href=\"https:\/\/stilecar.it\/es\/auto\/jeep-compass-my21\/\" class=\"elementor-widget-container\">\n\t<div class=\"card\">\n\t\t<img decoding=\"async\" src=\"https:\/\/stilecar.it\/wp-content\/uploads\/2026\/04\/01-stilecar-it-jeep-compass-gm864pv-768x512.jpg\" alt=\"JEEP COMPASS MY21\" \/>\t\n\t\t\t<div class=\"card-content\">\n\t\t\t\t<h3>JEEP COMPASS MY21<\/h3>\n<p class=\"price\">\u20ac 19.999<\/p>\n\n\t\t\t\t<div class=\"details\">\n\t\t\t\t\t<span>2023<\/span>\t\t\t\t\t<span> - Diesel<\/span>\t\t\t\t<span> - 130.000 km<\/span>\n\t\t\t\t\t<span> - manual<\/span>\t\t\t\t<\/div>\n\t\t\t<\/div>\n\t\t\t\t\t<\/div>\n\t<\/a>\n<\/div>\n<\/div><div class=\"jet-listing-grid__item jet-listing-dynamic-post-84040 jet-equal-columns\" data-post-id=\"84040\" ><div class=\"jet-listing-grid__item\" data-post-id=\"84040\">\n\t<a href=\"https:\/\/stilecar.it\/es\/auto\/jeep-renegade-my20\/\" class=\"elementor-widget-container\">\n\t<div class=\"card\">\n\t\t<img decoding=\"async\" src=\"https:\/\/stilecar.it\/wp-content\/uploads\/2026\/01\/01-stilecar-it-jeep-renegade-gh910je-768x512.jpg\" alt=\"JEEP RENEGADE MY20\" \/>\t\n\t\t\t<div class=\"card-content\">\n\t\t\t\t<h3>JEEP RENEGADE MY20<\/h3>\n<p class=\"price\">\u20ac 15.999<\/p>\n\n\t\t\t\t<div class=\"details\">\n\t\t\t\t\t<span>2021<\/span>\t\t\t\t\t<span> - Diesel<\/span>\t\t\t\t<span> - 90.000 km<\/span>\n\t\t\t\t\t<span> - manual<\/span>\t\t\t\t<\/div>\n\t\t\t<\/div>\n\t\t\t\t\t<\/div>\n\t<\/a>\n<\/div>\n<\/div><div class=\"jet-listing-grid__item jet-listing-dynamic-post-84588 jet-equal-columns\" data-post-id=\"84588\" ><div class=\"jet-listing-grid__item\" data-post-id=\"84588\">\n\t<a href=\"https:\/\/stilecar.it\/es\/auto\/mb-glb220-my19\/\" class=\"elementor-widget-container\">\n\t<div class=\"card\">\n\t\t<img decoding=\"async\" src=\"https:\/\/stilecar.it\/wp-content\/uploads\/2026\/02\/01-stilecar-it-mb-glb-220d-gk674ze-768x512.jpg\" alt=\"MB GLB220 MY19\" \/>\t\n\t\t\t<div class=\"card-content\">\n\t\t\t\t<h3>MB GLB220 MY19<\/h3>\n<p class=\"price\">\u20ac 29.999<\/p>\n\n\t\t\t\t<div class=\"details\">\n\t\t\t\t\t<span>2022<\/span>\t\t\t\t\t<span> - Diesel<\/span>\t\t\t\t<span> - 130.000 km<\/span>\n\t\t\t\t\t<span> - autom\u00e1tico<\/span>\t\t\t\t<\/div>\n\t\t\t<\/div>\n\t\t\t\t\t<\/div>\n\t<\/a>\n<\/div>\n<\/div><div class=\"jet-listing-grid__item jet-listing-dynamic-post-85055 jet-equal-columns\" data-post-id=\"85055\" ><div class=\"jet-listing-grid__item\" data-post-id=\"85055\">\n\t<a href=\"https:\/\/stilecar.it\/es\/auto\/mini-countryman-my21\/\" class=\"elementor-widget-container\">\n\t<div class=\"card\">\n\t\t<img decoding=\"async\" src=\"https:\/\/stilecar.it\/wp-content\/uploads\/2026\/03\/01-stilecar-it-mini-countryman-gh475pp-768x512.jpg\" alt=\"MINI COUNTRYMAN MY21\" \/>\t\n\t\t\t<div class=\"card-content\">\n\t\t\t\t<h3>MINI COUNTRYMAN MY21<\/h3>\n<p class=\"price\">\u20ac 19.999<\/p>\n\n\t\t\t\t<div class=\"details\">\n\t\t\t\t\t<span>2021<\/span>\t\t\t\t\t<span> - Diesel<\/span>\t\t\t\t<span> - 110.000 km<\/span>\n\t\t\t\t\t<span> - semiautom\u00e1tico<\/span>\t\t\t\t<\/div>\n\t\t\t<\/div>\n\t\t\t\t\t<\/div>\n\t<\/a>\n<\/div>\n<\/div><div class=\"jet-listing-grid__item jet-listing-dynamic-post-85654 jet-equal-columns\" data-post-id=\"85654\" ><div class=\"jet-listing-grid__item\" data-post-id=\"85654\">\n\t<a href=\"https:\/\/stilecar.it\/es\/auto\/mini-countyman-my21\/\" class=\"elementor-widget-container\">\n\t<div class=\"card\">\n\t\t<img decoding=\"async\" src=\"https:\/\/stilecar.it\/wp-content\/uploads\/2026\/04\/01-stilecar-it-mini-cooper-d-gj951ag-768x512.jpg\" alt=\"MINI COUNTYMAN MY21\" \/>\t\n\t\t\t<div class=\"card-content\">\n\t\t\t\t<h3>MINI COUNTYMAN MY21<\/h3>\n<p class=\"price\">\u20ac 20.399<\/p>\n\n\t\t\t\t<div class=\"details\">\n\t\t\t\t\t<span>2022<\/span>\t\t\t\t\t<span> - Diesel<\/span>\t\t\t\t<span> - 130.000 km<\/span>\n\t\t\t\t\t<span> - semiautom\u00e1tico<\/span>\t\t\t\t<\/div>\n\t\t\t<\/div>\n\t\t\t\t\t<\/div>\n\t<\/a>\n<\/div>\n<\/div><div class=\"jet-listing-grid__item jet-listing-dynamic-post-85812 jet-equal-columns\" data-post-id=\"85812\" ><div class=\"jet-listing-grid__item\" data-post-id=\"85812\">\n\t<a href=\"https:\/\/stilecar.it\/es\/auto\/opel-grandland-my21\/\" class=\"elementor-widget-container\">\n\t<div class=\"card\">\n\t\t<img decoding=\"async\" src=\"https:\/\/stilecar.it\/wp-content\/uploads\/2026\/04\/01-stilecar-it-opel-grandland-gk335rm-768x512.jpg\" alt=\"OPEL GRANDLAND MY21\" \/>\t\n\t\t\t<div class=\"card-content\">\n\t\t\t\t<h3>OPEL GRANDLAND MY21<\/h3>\n<p class=\"price\">\u20ac 17.499<\/p>\n\n\t\t\t\t<div class=\"details\">\n\t\t\t\t\t<span>2022<\/span>\t\t\t\t\t<span> - Diesel<\/span>\t\t\t\t<span> - 90.000 km<\/span>\n\t\t\t\t\t<span> - autom\u00e1tico<\/span>\t\t\t\t<\/div>\n\t\t\t<\/div>\n\t\t\t\t\t<\/div>\n\t<\/a>\n<\/div>\n<\/div><div class=\"jet-listing-grid__item jet-listing-dynamic-post-84375 jet-equal-columns\" data-post-id=\"84375\" ><div class=\"jet-listing-grid__item\" data-post-id=\"84375\">\n\t<a href=\"https:\/\/stilecar.it\/es\/auto\/opel-mokka-my21\/\" class=\"elementor-widget-container\">\n\t<div class=\"card\">\n\t\t<img decoding=\"async\" src=\"https:\/\/stilecar.it\/wp-content\/uploads\/2026\/02\/01-stilecar-it-opel-mokka-gh228pm-768x512.jpg\" alt=\"OPEL MOKKA MY21\" \/>\t\n\t\t\t<div class=\"card-content\">\n\t\t\t\t<h3>OPEL MOKKA MY21<\/h3>\n<p class=\"price\">\u20ac 15.499<\/p>\n\n\t\t\t\t<div class=\"details\">\n\t\t\t\t\t<span>2021<\/span>\t\t\t\t\t<span> - Diesel<\/span>\t\t\t\t<span> - 140.000 km<\/span>\n\t\t\t\t\t<span> - manual<\/span>\t\t\t\t<\/div>\n\t\t\t<\/div>\n\t\t\t\t\t<\/div>\n\t<\/a>\n<\/div>\n<\/div><div class=\"jet-listing-grid__item jet-listing-dynamic-post-83413 jet-equal-columns\" data-post-id=\"83413\" ><div class=\"jet-listing-grid__item\" data-post-id=\"83413\">\n\t<a href=\"https:\/\/stilecar.it\/es\/auto\/peugeot-208-5p-my20\/\" class=\"elementor-widget-container\">\n\t<div class=\"card\">\n\t\t<img decoding=\"async\" src=\"https:\/\/stilecar.it\/wp-content\/uploads\/2026\/01\/01-stilecar-it-peugeot-208-gn484sd-768x512.jpg\" alt=\"PEUGEOT 208 5P MY20\" \/>\t\n\t\t\t<div class=\"card-content\">\n\t\t\t\t<h3>PEUGEOT 208 5P MY20<\/h3>\n<p class=\"price\">\u20ac 12.999<\/p>\n\n\t\t\t\t<div class=\"details\">\n\t\t\t\t\t<span>2023<\/span>\t\t\t\t\t<span> - Diesel<\/span>\t\t\t\t<span> - 130.000 km<\/span>\n\t\t\t\t\t<span> - manual<\/span>\t\t\t\t<\/div>\n\t\t\t<\/div>\n\t\t\t\t\t<\/div>\n\t<\/a>\n<\/div>\n<\/div><div class=\"jet-listing-grid__item jet-listing-dynamic-post-84752 jet-equal-columns\" data-post-id=\"84752\" ><div class=\"jet-listing-grid__item\" data-post-id=\"84752\">\n\t<a href=\"https:\/\/stilecar.it\/es\/auto\/peugeot-3008-my21\/\" class=\"elementor-widget-container\">\n\t<div class=\"card\">\n\t\t<img decoding=\"async\" src=\"https:\/\/stilecar.it\/wp-content\/uploads\/2026\/02\/01-stilecar-it-peugeot-3008-gl530xj-768x512.jpg\" alt=\"PEUGEOT 3008 MY21\" \/>\t\n\t\t\t<div class=\"card-content\">\n\t\t\t\t<h3>PEUGEOT 3008 MY21<\/h3>\n<p class=\"price\">\u20ac 17.899<\/p>\n\n\t\t\t\t<div class=\"details\">\n\t\t\t\t\t<span>2022<\/span>\t\t\t\t\t<span> - Diesel<\/span>\t\t\t\t<span> - 100.000 km<\/span>\n\t\t\t\t\t<span> - manual<\/span>\t\t\t\t<\/div>\n\t\t\t<\/div>\n\t\t\t\t\t<\/div>\n\t<\/a>\n<\/div>\n<\/div><div class=\"jet-listing-grid__item jet-listing-dynamic-post-85443 jet-equal-columns\" data-post-id=\"85443\" ><div class=\"jet-listing-grid__item\" data-post-id=\"85443\">\n\t<a href=\"https:\/\/stilecar.it\/es\/auto\/peugeot-308-sw-my18\/\" class=\"elementor-widget-container\">\n\t<div class=\"card\">\n\t\t<img decoding=\"async\" src=\"https:\/\/stilecar.it\/wp-content\/uploads\/2026\/04\/01-stilecar-it-peugeot-308-fz419kf-768x512.jpg\" alt=\"PEUGEOT 308 SW MY18\" \/>\t\n\t\t\t<div class=\"card-content\">\n\t\t\t\t<h3>PEUGEOT 308 SW MY18<\/h3>\n<p class=\"price\">\u20ac 7.999<\/p>\n\n\t\t\t\t<div class=\"details\">\n\t\t\t\t\t<span>2019<\/span>\t\t\t\t\t<span> - Diesel<\/span>\t\t\t\t<span> - 180.000 km<\/span>\n\t\t\t\t\t<span> - manual<\/span>\t\t\t\t<\/div>\n\t\t\t<\/div>\n\t\t\t\t\t<\/div>\n\t<\/a>\n<\/div>\n<\/div><div class=\"jet-listing-grid__item jet-listing-dynamic-post-85006 jet-equal-columns\" data-post-id=\"85006\" ><div class=\"jet-listing-grid__item\" data-post-id=\"85006\">\n\t<a href=\"https:\/\/stilecar.it\/es\/auto\/peugeot-308sw-my21\/\" class=\"elementor-widget-container\">\n\t<div class=\"card\">\n\t\t<img decoding=\"async\" src=\"https:\/\/stilecar.it\/wp-content\/uploads\/2026\/03\/01-stilecar-it-peugeot-308-sw-gm331pk-768x512.jpg\" alt=\"PEUGEOT 308SW MY21\" \/>\t\n\t\t\t<div class=\"card-content\">\n\t\t\t\t<h3>PEUGEOT 308SW MY21<\/h3>\n<p class=\"price\">\u20ac 14.999<\/p>\n\n\t\t\t\t<div class=\"details\">\n\t\t\t\t\t<span>2023<\/span>\t\t\t\t\t<span> - Diesel<\/span>\t\t\t\t<span> - 160.000 km<\/span>\n\t\t\t\t\t<span> - autom\u00e1tico<\/span>\t\t\t\t<\/div>\n\t\t\t<\/div>\n\t\t\t\t\t<\/div>\n\t<\/a>\n<\/div>\n<\/div><div class=\"jet-listing-grid__item jet-listing-dynamic-post-78706 jet-equal-columns\" data-post-id=\"78706\" ><div class=\"jet-listing-grid__item\" data-post-id=\"78706\">\n\t<a href=\"https:\/\/stilecar.it\/es\/auto\/peugeot-partner-my18\/\" class=\"elementor-widget-container\">\n\t<div class=\"card\">\n\t\t<img decoding=\"async\" src=\"https:\/\/stilecar.it\/wp-content\/uploads\/2025\/03\/01-stilecar-it-peugeot-partner-fx452dv-768x512.jpg\" alt=\"PEUGEOT PARTNER MY18\" \/>\t\n\t\t\t<div class=\"card-content\">\n\t\t\t\t<h3>PEUGEOT PARTNER MY18<\/h3>\n<p class=\"price\">\u20ac 9.999<\/p>\n\n\t\t\t\t<div class=\"details\">\n\t\t\t\t\t<span>2019<\/span>\t\t\t\t\t<span> - Diesel (filtro de part\u00edculas)<\/span>\t\t\t\t<span> - 190.000 km<\/span>\n\t\t\t\t\t<span> - manual<\/span>\t\t\t\t<\/div>\n\t\t\t<\/div>\n\t\t\t\t\t\t<div class=\"reserved\">Reservado<\/div>\n\t\t\t\t\t<\/div>\n\t<\/a>\n<\/div>\n<\/div><div class=\"jet-listing-grid__item jet-listing-dynamic-post-85767 jet-equal-columns\" data-post-id=\"85767\" ><div class=\"jet-listing-grid__item\" data-post-id=\"85767\">\n\t<a href=\"https:\/\/stilecar.it\/es\/auto\/renault-grand-scenic-7p-my19\/\" class=\"elementor-widget-container\">\n\t<div class=\"card\">\n\t\t<img decoding=\"async\" src=\"https:\/\/stilecar.it\/wp-content\/uploads\/2026\/04\/01-stilecar-it-renault-gran-scenic-ga376gp-768x576.jpg\" alt=\"RENAULT GRAND SCENIC 7P MY19\" \/>\t\n\t\t\t<div class=\"card-content\">\n\t\t\t\t<h3>RENAULT GRAND SCENIC 7P MY19<\/h3>\n<p class=\"price\">\u20ac 11.899<\/p>\n\n\t\t\t\t<div class=\"details\">\n\t\t\t\t\t<span>2020<\/span>\t\t\t\t\t<span> - Diesel (filtro de part\u00edculas)<\/span>\t\t\t\t<span> - 170.000 km<\/span>\n\t\t\t\t\t<span> - manual<\/span>\t\t\t\t<\/div>\n\t\t\t<\/div>\n\t\t\t\t\t<\/div>\n\t<\/a>\n<\/div>\n<\/div><div class=\"jet-listing-grid__item jet-listing-dynamic-post-85576 jet-equal-columns\" data-post-id=\"85576\" ><div class=\"jet-listing-grid__item\" data-post-id=\"85576\">\n\t<a href=\"https:\/\/stilecar.it\/es\/auto\/vw-golf-my12\/\" class=\"elementor-widget-container\">\n\t<div class=\"card\">\n\t\t<img decoding=\"async\" src=\"https:\/\/stilecar.it\/wp-content\/uploads\/2026\/04\/01-stilecar-it-vw-golf-ew871bl-768x512.jpg\" alt=\"VW GOLF VII MY12\" \/>\t\n\t\t\t<div class=\"card-content\">\n\t\t\t\t<h3>VW GOLF VII MY12<\/h3>\n<p class=\"price\">\u20ac 8.999<\/p>\n\n\t\t\t\t<div class=\"details\">\n\t\t\t\t\t<span>2014<\/span>\t\t\t\t\t<span> - Diesel (filtro de part\u00edculas)<\/span>\t\t\t\t<span> - 120.000 km<\/span>\n\t\t\t\t\t<span> - manual<\/span>\t\t\t\t<\/div>\n\t\t\t<\/div>\n\t\t\t\t\t\t<div class=\"reserved\">Reservado<\/div>\n\t\t\t\t\t<\/div>\n\t<\/a>\n<\/div>\n<\/div><\/div><\/div>\t\t<\/div>\n\t\t\t\t<\/div>\n\t\t\t\t<div class=\"elementor-element elementor-element-651d6ad elementor-widget elementor-widget-html\" data-id=\"651d6ad\" data-element_type=\"widget\" data-widget_type=\"html.default\">\n\t\t\t\t<div class=\"elementor-widget-container\">\n\t\t\t  \t\t<\/div>\n\t\t\t\t<\/div>\n\t\t\t\t<\/div>\n\t\t\t\t<\/div>\n\t\t\t\t<\/div>","protected":false},"excerpt":{"rendered":"<p>Carrocer\u00edaCoup\u00e9CabrioMonovolumenUtilityCl\u00e1sicoSUV\/Veh\u00edculoVan \/ MinibusStation WagonOtra MarcaAlfa RomeoAudiFiatFordKiaMercedesNissanPeugeot Ordenar por...Precio m\u00e1s bajoPrecio m\u00e1s alto\u00daltima publicaci\u00f3nPublicaci\u00f3n m\u00e1s bajaMilometraje m\u00e1s bajoMilometraje m\u00e1s alto\u00daltimo cocheAuto m\u00e1s nuevo\u00daltimo coche ALFA ROMEO STELVIO MY 2017 \u20ac 23.499 2018 - Diesel (filtro de part\u00edculas) - 140.000 km - autom\u00e1tico AUDI A6 AVANT MY 2018 \u20ac 32.499 2019 - hybridao - 70.000 km - [...]<\/p>","protected":false},"author":6,"featured_media":0,"parent":0,"menu_order":0,"comment_status":"closed","ping_status":"closed","template":"full-width.php","meta":{"footnotes":""},"yoast_head":"<!-- This site is optimized with the Yoast SEO Premium plugin v21.8 (Yoast SEO v21.8) - https:\/\/yoast.com\/wordpress\/plugins\/seo\/ -->\n<title>Parco Auto | Stilecar.it<\/title>\n<meta name=\"robots\" content=\"index, follow, max-snippet:-1, max-image-preview:large, max-video-preview:-1\" \/>\n<link rel=\"canonical\" href=\"https:\/\/stilecar.it\/parco-auto\/\" \/>\n<meta property=\"og:locale\" content=\"es_ES\" \/>\n<meta property=\"og:type\" content=\"article\" \/>\n<meta property=\"og:title\" content=\"Parco Auto\" \/>\n<meta property=\"og:description\" content=\"CarrozzeriaCoup\u00e8CabrioMonovolumeUtilitariaBerlinaSUV\/FuoristradaVan \/ MinibusStation WagonAltro MarcaAlfa RomeoAudiFiatFordKiaMercedesNissanPeugeot Ordina per&#8230;Prezzo pi\u00f9 bassoPrezzo pi\u00f9 altoPubblicazione meno recentePubblicazione pi\u00f9 recenteChilometraggio pi\u00f9 bassoChilometraggio pi\u00f9 altoAuto meno recentiAuto pi\u00f9 recenti ALFA ROMEO STELVIO MY 2017 \u20ac 23.499 2018 \u2022 Diesel (filtro antiparticolato) \u2022 140.000 km \u2022 automatico AUDI A6 AVANT MY 2018 \u20ac 32.499 2019 \u2022 hybridao \u2022 70.000 km \u2022 [&hellip;]\" \/>\n<meta property=\"og:url\" content=\"https:\/\/stilecar.it\/es\/parque-automovilistico\/\" \/>\n<meta property=\"og:site_name\" content=\"Stilecar.it\" \/>\n<meta property=\"article:publisher\" content=\"https:\/\/www.facebook.com\/p\/Stile-Carit-Srls-100057527706721\/\" \/>\n<meta property=\"article:modified_time\" content=\"2024-03-06T20:50:56+00:00\" \/>\n<meta property=\"og:image\" content=\"https:\/\/stilecar.it\/wp-content\/uploads\/2024\/02\/01-stilecar-it-alfa-romeo-stelvio-ft331my-1-768x512.jpg\" \/>\n<meta name=\"twitter:card\" content=\"summary_large_image\" \/>\n<meta name=\"twitter:label1\" content=\"Tiempo de lectura\" \/>\n\t<meta name=\"twitter:data1\" content=\"11 minutos\" \/>\n<script type=\"application\/ld+json\" class=\"yoast-schema-graph\">{\"@context\":\"https:\/\/schema.org\",\"@graph\":[{\"@type\":\"WebPage\",\"@id\":\"https:\/\/stilecar.it\/parco-auto\/\",\"url\":\"https:\/\/stilecar.it\/parco-auto\/\",\"name\":\"Parco Auto | Stilecar.it\",\"isPartOf\":{\"@id\":\"https:\/\/stilecar.it\/de\/#website\"},\"datePublished\":\"2019-06-19T08:57:59+00:00\",\"dateModified\":\"2024-03-06T20:50:56+00:00\",\"breadcrumb\":{\"@id\":\"https:\/\/stilecar.it\/parco-auto\/#breadcrumb\"},\"inLanguage\":\"es\",\"potentialAction\":[{\"@type\":\"ReadAction\",\"target\":[\"https:\/\/stilecar.it\/parco-auto\/\"]}]},{\"@type\":\"BreadcrumbList\",\"@id\":\"https:\/\/stilecar.it\/parco-auto\/#breadcrumb\",\"itemListElement\":[{\"@type\":\"ListItem\",\"position\":1,\"name\":\"Home\",\"item\":\"https:\/\/stilecar.it\/\"},{\"@type\":\"ListItem\",\"position\":2,\"name\":\"Parco Auto\"}]},{\"@type\":\"WebSite\",\"@id\":\"https:\/\/stilecar.it\/de\/#website\",\"url\":\"https:\/\/stilecar.it\/de\/\",\"name\":\"Stilecar.it\",\"description\":\"Vendita Auto. Nuovo - Usato - KM 0\",\"publisher\":{\"@id\":\"https:\/\/stilecar.it\/de\/#organization\"},\"potentialAction\":[{\"@type\":\"SearchAction\",\"target\":{\"@type\":\"EntryPoint\",\"urlTemplate\":\"https:\/\/stilecar.it\/de\/?s={search_term_string}\"},\"query-input\":\"required name=search_term_string\"}],\"inLanguage\":\"es\"},{\"@type\":\"Organization\",\"@id\":\"https:\/\/stilecar.it\/de\/#organization\",\"name\":\"Stilecar.it\",\"url\":\"https:\/\/stilecar.it\/de\/\",\"logo\":{\"@type\":\"ImageObject\",\"inLanguage\":\"es\",\"@id\":\"https:\/\/stilecar.it\/de\/#\/schema\/logo\/image\/\",\"url\":\"https:\/\/stilecar.it\/wp-content\/uploads\/2024\/01\/stilecar-it-uncategorized-253.svg\",\"contentUrl\":\"https:\/\/stilecar.it\/wp-content\/uploads\/2024\/01\/stilecar-it-uncategorized-253.svg\",\"width\":622.7,\"height\":202.3,\"caption\":\"Stilecar.it\"},\"image\":{\"@id\":\"https:\/\/stilecar.it\/de\/#\/schema\/logo\/image\/\"},\"sameAs\":[\"https:\/\/www.facebook.com\/p\/Stile-Carit-Srls-100057527706721\/\"]}]}<\/script>\n<!-- \/ Yoast SEO Premium plugin. -->","yoast_head_json":{"title":"Parco Auto | Stilecar.it","robots":{"index":"index","follow":"follow","max-snippet":"max-snippet:-1","max-image-preview":"max-image-preview:large","max-video-preview":"max-video-preview:-1"},"canonical":"https:\/\/stilecar.it\/parco-auto\/","og_locale":"es_ES","og_type":"article","og_title":"Parco Auto","og_description":"CarrozzeriaCoup\u00e8CabrioMonovolumeUtilitariaBerlinaSUV\/FuoristradaVan \/ MinibusStation WagonAltro MarcaAlfa RomeoAudiFiatFordKiaMercedesNissanPeugeot Ordina per&#8230;Prezzo pi\u00f9 bassoPrezzo pi\u00f9 altoPubblicazione meno recentePubblicazione pi\u00f9 recenteChilometraggio pi\u00f9 bassoChilometraggio pi\u00f9 altoAuto meno recentiAuto pi\u00f9 recenti ALFA ROMEO STELVIO MY 2017 \u20ac 23.499 2018 \u2022 Diesel (filtro antiparticolato) \u2022 140.000 km \u2022 automatico AUDI A6 AVANT MY 2018 \u20ac 32.499 2019 \u2022 hybridao \u2022 70.000 km \u2022 [&hellip;]","og_url":"https:\/\/stilecar.it\/es\/parque-automovilistico\/","og_site_name":"Stilecar.it","article_publisher":"https:\/\/www.facebook.com\/p\/Stile-Carit-Srls-100057527706721\/","article_modified_time":"2024-03-06T20:50:56+00:00","og_image":[{"url":"https:\/\/stilecar.it\/wp-content\/uploads\/2024\/02\/01-stilecar-it-alfa-romeo-stelvio-ft331my-1-768x512.jpg"}],"twitter_card":"summary_large_image","twitter_misc":{"Tiempo de lectura":"11 minutos"},"schema":{"@context":"https:\/\/schema.org","@graph":[{"@type":"WebPage","@id":"https:\/\/stilecar.it\/parco-auto\/","url":"https:\/\/stilecar.it\/parco-auto\/","name":"Parco Auto | Stilecar.it","isPartOf":{"@id":"https:\/\/stilecar.it\/de\/#website"},"datePublished":"2019-06-19T08:57:59+00:00","dateModified":"2024-03-06T20:50:56+00:00","breadcrumb":{"@id":"https:\/\/stilecar.it\/parco-auto\/#breadcrumb"},"inLanguage":"es","potentialAction":[{"@type":"ReadAction","target":["https:\/\/stilecar.it\/parco-auto\/"]}]},{"@type":"BreadcrumbList","@id":"https:\/\/stilecar.it\/parco-auto\/#breadcrumb","itemListElement":[{"@type":"ListItem","position":1,"name":"Home","item":"https:\/\/stilecar.it\/"},{"@type":"ListItem","position":2,"name":"Parco Auto"}]},{"@type":"WebSite","@id":"https:\/\/stilecar.it\/de\/#website","url":"https:\/\/stilecar.it\/de\/","name":"Stilecar.it","description":"Vendita Auto. Nuovo - Usato - KM 0","publisher":{"@id":"https:\/\/stilecar.it\/de\/#organization"},"potentialAction":[{"@type":"SearchAction","target":{"@type":"EntryPoint","urlTemplate":"https:\/\/stilecar.it\/de\/?s={search_term_string}"},"query-input":"required name=search_term_string"}],"inLanguage":"es"},{"@type":"Organization","@id":"https:\/\/stilecar.it\/de\/#organization","name":"Stilecar.it","url":"https:\/\/stilecar.it\/de\/","logo":{"@type":"ImageObject","inLanguage":"es","@id":"https:\/\/stilecar.it\/de\/#\/schema\/logo\/image\/","url":"https:\/\/stilecar.it\/wp-content\/uploads\/2024\/01\/stilecar-it-uncategorized-253.svg","contentUrl":"https:\/\/stilecar.it\/wp-content\/uploads\/2024\/01\/stilecar-it-uncategorized-253.svg","width":622.7,"height":202.3,"caption":"Stilecar.it"},"image":{"@id":"https:\/\/stilecar.it\/de\/#\/schema\/logo\/image\/"},"sameAs":["https:\/\/www.facebook.com\/p\/Stile-Carit-Srls-100057527706721\/"]}]}},"blocks":[{"blockName":null,"attrs":[],"innerBlocks":[],"innerHTML":"<select\n\t\t\tclass=\"jet-select__control\"\n\t\t\tname=\"jet_engine_switch_query\"\n\t\t\t\t\t\taria-label=\"Carrozzeria2\"\n\t\t>\n\t\t\t\t\t<option\n\t\t\t\tvalue=\"\"\n\t\t\t\tdata-label=\"Carrozzeria\"\n\t\t\t\tdata-counter-prefix=\"\"\n\t\t\t\tdata-counter-suffix=\"\"\n\t\t\t\t\t\t\t>Carrozzeria<\/option>\n\t\t\t\t\t\t<option\n\t\t\t\tvalue=\"coupe\"\n\t\t\t\tdata-label=\"Coup\u00e8\"\n\t\t\t\tdata-counter-prefix=\"\"\n\t\t\t\tdata-counter-suffix=\"\"\n\t\t\t\t\t\t\t>Coup\u00e8<\/option>\n\t\t\t\t\t\t<option\n\t\t\t\tvalue=\"Cabrio\"\n\t\t\t\tdata-label=\"Cabrio\"\n\t\t\t\tdata-counter-prefix=\"\"\n\t\t\t\tdata-counter-suffix=\"\"\n\t\t\t\t\t\t\t>Cabrio<\/option>\n\t\t\t\t\t\t<option\n\t\t\t\tvalue=\"Monovolume\"\n\t\t\t\tdata-label=\"Monovolume\"\n\t\t\t\tdata-counter-prefix=\"\"\n\t\t\t\tdata-counter-suffix=\"\"\n\t\t\t\t\t\t\t>Monovolume<\/option>\n\t\t\t\t\t\t<option\n\t\t\t\tvalue=\"Utilitaria\"\n\t\t\t\tdata-label=\"Utilitaria\"\n\t\t\t\tdata-counter-prefix=\"\"\n\t\t\t\tdata-counter-suffix=\"\"\n\t\t\t\t\t\t\t>Utilitaria<\/option>\n\t\t\t\t\t\t<option\n\t\t\t\tvalue=\"berlina\"\n\t\t\t\tdata-label=\"Berlina\"\n\t\t\t\tdata-counter-prefix=\"\"\n\t\t\t\tdata-counter-suffix=\"\"\n\t\t\t\t\t\t\t>Berlina<\/option>\n\t\t\t\t\t\t<option\n\t\t\t\tvalue=\"suv\"\n\t\t\t\tdata-label=\"SUV\/Fuoristrada\"\n\t\t\t\tdata-counter-prefix=\"\"\n\t\t\t\tdata-counter-suffix=\"\"\n\t\t\t\t\t\t\t>SUV\/Fuoristrada<\/option>\n\t\t\t\t\t\t<option\n\t\t\t\tvalue=\"Van \/ Minibus\"\n\t\t\t\tdata-label=\"Van \/ Minibus\"\n\t\t\t\tdata-counter-prefix=\"\"\n\t\t\t\tdata-counter-suffix=\"\"\n\t\t\t\t\t\t\t>Van \/ Minibus<\/option>\n\t\t\t\t\t\t<option\n\t\t\t\tvalue=\"Station Wagon\"\n\t\t\t\tdata-label=\"Station Wagon\"\n\t\t\t\tdata-counter-prefix=\"\"\n\t\t\t\tdata-counter-suffix=\"\"\n\t\t\t\t\t\t\t>Station Wagon<\/option>\n\t\t\t\t\t\t<option\n\t\t\t\tvalue=\"Altro\"\n\t\t\t\tdata-label=\"Altro\"\n\t\t\t\tdata-counter-prefix=\"\"\n\t\t\t\tdata-counter-suffix=\"\"\n\t\t\t\t\t\t\t>Altro<\/option>\n\t\t\t<\/select>\n\t\t\t\t<select\n\t\t\tclass=\"jet-select__control\"\n\t\t\tname=\"marca\"\n\t\t\t\t\t\taria-label=\"Car Make\"\n\t\t>\n\t\t\t\t\t<option\n\t\t\t\tvalue=\"\"\n\t\t\t\tdata-label=\"Marca\"\n\t\t\t\tdata-counter-prefix=\"\"\n\t\t\t\tdata-counter-suffix=\"\"\n\t\t\t\t\t\t\t>Marca<\/option>\n\t\t\t\t\t\t<option\n\t\t\t\tvalue=\"72\"\n\t\t\t\tdata-label=\"Alfa Romeo\"\n\t\t\t\tdata-counter-prefix=\"\"\n\t\t\t\tdata-counter-suffix=\"\"\n\t\t\t\t\t\t\t>Alfa Romeo<\/option>\n\t\t\t\t\t\t<option\n\t\t\t\tvalue=\"158\"\n\t\t\t\tdata-label=\"Audi\"\n\t\t\t\tdata-counter-prefix=\"\"\n\t\t\t\tdata-counter-suffix=\"\"\n\t\t\t\t\t\t\t>Audi<\/option>\n\t\t\t\t\t\t<option\n\t\t\t\tvalue=\"166\"\n\t\t\t\tdata-label=\"Fiat\"\n\t\t\t\tdata-counter-prefix=\"\"\n\t\t\t\tdata-counter-suffix=\"\"\n\t\t\t\t\t\t\t>Fiat<\/option>\n\t\t\t\t\t\t<option\n\t\t\t\tvalue=\"170\"\n\t\t\t\tdata-label=\"Ford\"\n\t\t\t\tdata-counter-prefix=\"\"\n\t\t\t\tdata-counter-suffix=\"\"\n\t\t\t\t\t\t\t>Ford<\/option>\n\t\t\t\t\t\t<option\n\t\t\t\tvalue=\"222\"\n\t\t\t\tdata-label=\"Kia\"\n\t\t\t\tdata-counter-prefix=\"\"\n\t\t\t\tdata-counter-suffix=\"\"\n\t\t\t\t\t\t\t>Kia<\/option>\n\t\t\t\t\t\t<option\n\t\t\t\tvalue=\"192\"\n\t\t\t\tdata-label=\"Mercedes\"\n\t\t\t\tdata-counter-prefix=\"\"\n\t\t\t\tdata-counter-suffix=\"\"\n\t\t\t\t\t\t\t>Mercedes<\/option>\n\t\t\t\t\t\t<option\n\t\t\t\tvalue=\"237\"\n\t\t\t\tdata-label=\"Nissan\"\n\t\t\t\tdata-counter-prefix=\"\"\n\t\t\t\tdata-counter-suffix=\"\"\n\t\t\t\t\t\t\t>Nissan<\/option>\n\t\t\t\t\t\t<option\n\t\t\t\tvalue=\"199\"\n\t\t\t\tdata-label=\"Peugeot\"\n\t\t\t\tdata-counter-prefix=\"\"\n\t\t\t\tdata-counter-suffix=\"\"\n\t\t\t\t\t\t\t>Peugeot<\/option>\n\t\t\t<\/select>\n\t\t\t\t<select\n\t\t\tclass=\"jet-sorting-select\"\n\t\t\tname=\"select-name\"\n\t\t\t\t\t\taria-label=\"Sort filter\"\n\t\t>\n\t\t\t\t\t\t\t<option value=\"\">Ordina per...<\/option>\n\t\t\t\t\t\t\t\t\t\t\t\t\t\t<option\n\t\t\t\t\tvalue=\"{&quot;orderby&quot;:&quot;meta_value_num&quot;,&quot;order&quot;:&quot;ASC&quot;,&quot;meta_key&quot;:&quot;price&quot;}\"\n\t\t\t\t\t\t\t\t\t>Prezzo pi\u00f9 basso<\/option>\n\t\t\t\t\t\t\t\t\t\t\t<option\n\t\t\t\t\tvalue=\"{&quot;orderby&quot;:&quot;meta_value_num&quot;,&quot;order&quot;:&quot;DESC&quot;,&quot;meta_key&quot;:&quot;price&quot;}\"\n\t\t\t\t\t\t\t\t\t>Prezzo pi\u00f9 alto<\/option>\n\t\t\t\t\t\t\t\t\t\t\t<option\n\t\t\t\t\tvalue=\"{&quot;orderby&quot;:&quot;date&quot;,&quot;order&quot;:&quot;ASC&quot;}\"\n\t\t\t\t\t\t\t\t\t>Pubblicazione meno recente<\/option>\n\t\t\t\t\t\t\t\t\t\t\t<option\n\t\t\t\t\tvalue=\"{&quot;orderby&quot;:&quot;date&quot;,&quot;order&quot;:&quot;DESC&quot;}\"\n\t\t\t\t\t\t\t\t\t>Pubblicazione pi\u00f9 recente<\/option>\n\t\t\t\t\t\t\t\t\t\t\t<option\n\t\t\t\t\tvalue=\"{&quot;orderby&quot;:&quot;meta_value_num&quot;,&quot;order&quot;:&quot;ASC&quot;,&quot;meta_key&quot;:&quot;km&quot;}\"\n\t\t\t\t\t\t\t\t\t>Chilometraggio pi\u00f9 basso<\/option>\n\t\t\t\t\t\t\t\t\t\t\t<option\n\t\t\t\t\tvalue=\"{&quot;orderby&quot;:&quot;meta_value_num&quot;,&quot;order&quot;:&quot;DESC&quot;,&quot;meta_key&quot;:&quot;km&quot;}\"\n\t\t\t\t\t\t\t\t\t>Chilometraggio pi\u00f9 alto<\/option>\n\t\t\t\t\t\t\t\t\t\t\t<option\n\t\t\t\t\tvalue=\"{&quot;orderby&quot;:&quot;meta_value&quot;,&quot;order&quot;:&quot;ASC&quot;,&quot;meta_key&quot;:&quot;year&quot;}\"\n\t\t\t\t\t\t\t\t\t>Auto meno recenti<\/option>\n\t\t\t\t\t\t\t\t\t\t\t<option\n\t\t\t\t\tvalue=\"{&quot;orderby&quot;:&quot;meta_value&quot;,&quot;order&quot;:&quot;DESC&quot;,&quot;meta_key&quot;:&quot;year&quot;}\"\n\t\t\t\t\t\t\t\t\t>Auto pi\u00f9 recenti<\/option>\n\t\t\t\t\t<\/select>\n\t<a href=\"https:\/\/stilecar.it\/auto\/alfa-romeo-stelvio\/\">\n\t\t<img src=\"https:\/\/stilecar.it\/wp-content\/uploads\/2024\/02\/01-stilecar-it-alfa-romeo-stelvio-ft331my-1-768x512.jpg\" alt=\"ALFA ROMEO STELVIO MY 2017\" \/>\t\n\t\t\t\t<h3>ALFA ROMEO STELVIO MY 2017<\/h3>\n<p>\u20ac 23.499<\/p>\n\t\t\t\t\t2018\t\t\t\t\t \u2022 Diesel (filtro antiparticolato)\t\t\t\t \u2022 140.000 km\n\t\t\t\t\t \u2022 automatico\t\t\t\t\n\t<\/a>\n\t<a href=\"https:\/\/stilecar.it\/auto\/audi-a6-avant-my2018\/\">\n\t\t<img src=\"https:\/\/stilecar.it\/wp-content\/uploads\/2024\/02\/01-stilecar-it-audi-a6-gg428fb-768x512.jpg\" alt=\"AUDI A6 AVANT MY 2018\" \/>\t\n\t\t\t\t<h3>AUDI A6 AVANT MY 2018<\/h3>\n<p>\u20ac 32.499<\/p>\n\t\t\t\t\t2019\t\t\t\t\t \u2022 hybridao\t\t\t\t \u2022 70.000 km\n\t\t\t\t\t \u2022 automatico\t\t\t\t\n\t<\/a>\n\t<a href=\"https:\/\/stilecar.it\/auto\/audi-q5-my2018\/\">\n\t\t<img src=\"https:\/\/stilecar.it\/wp-content\/uploads\/2024\/02\/01-stilecar-it-audi-q5-ft899ym-1-768x512.jpg\" alt=\"AUDI Q5 MY 2018\" \/>\t\n\t\t\t\t<h3>AUDI Q5 MY 2018<\/h3>\n<p>\u20ac 29.999<\/p>\n\t\t\t\t\t2018\t\t\t\t\t \u2022 Diesel (filtro antiparticolato)\t\t\t\t \u2022 130.000 km\n\t\t\t\t\t \u2022 automatico\t\t\t\t\n\t<\/a>\n\t<a href=\"https:\/\/stilecar.it\/auto\/fiat-500x-2\/\">\n\t\t<img src=\"https:\/\/stilecar.it\/wp-content\/uploads\/2024\/02\/01-stilecar-it-fiat-500x-fn541mm-768x512.jpg\" alt=\"FIAT 500X MY 2016\" \/>\t\n\t\t\t\t<h3>FIAT 500X MY 2016<\/h3>\n<p>\u20ac 15.999<\/p>\n\t\t\t\t\t2018\t\t\t\t\t \u2022 Diesel (filtro antiparticolato)\t\t\t\t \u2022 130.000 km\n\t\t\t\t\t \u2022 manuale\t\t\t\t\n\t<\/a>\n\t<a href=\"https:\/\/stilecar.it\/auto\/fiat-500x\/\">\n\t\t<img src=\"https:\/\/stilecar.it\/wp-content\/uploads\/2024\/02\/01-stilecar-it-fiat-500x-fr875an-768x512.jpg\" alt=\"FIAT 500X MY 2017\" \/>\t\n\t\t\t\t<h3>FIAT 500X MY 2017<\/h3>\n<p>\u20ac 15.999<\/p>\n\t\t\t\t\t2018\t\t\t\t\t \u2022 Diesel (filtro antiparticolato)\t\t\t\t \u2022 140.000 km\n\t\t\t\t\t \u2022 manuale\t\t\t\t\n\t<\/a>\n\t<a href=\"https:\/\/stilecar.it\/auto\/fiat-500x-3\/\">\n\t\t<img src=\"https:\/\/stilecar.it\/wp-content\/uploads\/2024\/02\/stilecar-it-fiat-500x-fv080ye-01-768x512.jpg\" alt=\"FIAT 500X MY 2018\" \/>\t\n\t\t\t\t<h3>FIAT 500X MY 2018<\/h3>\n<p>\u20ac 15.999<\/p>\n\t\t\t\t\t2019\t\t\t\t\t \u2022 Diesel (filtro antiparticolato)\t\t\t\t \u2022 150.000 km\n\t\t\t\t\t \u2022 manuale\t\t\t\t\n\t<\/a>\n\t<a href=\"https:\/\/stilecar.it\/auto\/ford-focus\/\">\n\t\t<img src=\"https:\/\/stilecar.it\/wp-content\/uploads\/2024\/02\/stilecar-it-fiat-500-01-768x512.jpg\" alt=\"FORD FOCUS MY 2014\" \/>\t\n\t\t\t\t<h3>FORD FOCUS MY 2014<\/h3>\n<p>\u20ac 9.799<\/p>\n\t\t\t\t\t2017\t\t\t\t\t \u2022 Diesel (filtro antiparticolato)\t\t\t\t \u2022 140.000 km\n\t\t\t\t\t \u2022 manuale\t\t\t\t\n\t<\/a>\n\t<a href=\"https:\/\/stilecar.it\/auto\/ford-focus-2\/\">\n\t\t<img src=\"https:\/\/stilecar.it\/wp-content\/uploads\/2024\/02\/01-stilecar-it-ford-focus-ga639gt-768x512.jpg\" alt=\"FORD FOCUS MY 2018\" \/>\t\n\t\t\t\t<h3>FORD FOCUS MY 2018<\/h3>\n<p>\u20ac 13.999<\/p>\n\t\t\t\t\t2020\t\t\t\t\t \u2022 Diesel (filtro antiparticolato)\t\t\t\t \u2022 120.000 km\n\t\t\t\t\t \u2022 manuale\t\t\t\t\n\t<\/a>\n\t<a href=\"https:\/\/stilecar.it\/auto\/ford-kuga-my2019\/\">\n\t\t<img src=\"https:\/\/stilecar.it\/wp-content\/uploads\/2024\/02\/stilecar-it-ford-kuga-gc535yr-47-768x512.jpg\" alt=\"FORD KUGA MY 2019\" \/>\t\n\t\t\t\t<h3>FORD KUGA MY 2019<\/h3>\n<p>\u20ac 24.599<\/p>\n\t\t\t\t\t2020\t\t\t\t\t \u2022 Diesel (filtro antiparticolato)\t\t\t\t \u2022 79.000 km\n\t\t\t\t\t \u2022 automatico\t\t\t\t\n\t<\/a>\n\t<a href=\"https:\/\/stilecar.it\/auto\/jeep-renegade-my2018\/\">\n\t\t<img src=\"https:\/\/stilecar.it\/wp-content\/uploads\/2024\/02\/stilecar-it-jeep-renegade-fx303dy-01-768x512.jpg\" alt=\"JEEP RENEGADE MY 2018\" \/>\t\n\t\t\t\t<h3>JEEP RENEGADE MY 2018<\/h3>\n<p>\u20ac 16.799<\/p>\n\t\t\t\t\t2019\t\t\t\t\t \u2022 Diesel (filtro antiparticolato)\t\t\t\t \u2022 150.000 km\n\t\t\t\t\t \u2022 automatico\t\t\t\t\n\t<\/a>\n\t<a href=\"https:\/\/stilecar.it\/auto\/kia-sportage\/\">\n\t\t<img src=\"https:\/\/stilecar.it\/wp-content\/uploads\/2024\/02\/01-stilecar-it-kia-sportage-gc924gj-768x512.jpg\" alt=\"KIA SPORTAGE MY 2019\" \/>\t\n\t\t\t\t<h3>KIA SPORTAGE MY 2019<\/h3>\n<p>\u20ac 18.799<\/p>\n\t\t\t\t\t2020\t\t\t\t\t \u2022 Diesel (filtro antiparticolato)\t\t\t\t \u2022 100.000 km\n\t\t\t\t\t \u2022 automatico\t\t\t\t\n\t<\/a>\n\t<a href=\"https:\/\/stilecar.it\/auto\/mb-b180-my18\/\">\n\t\t<img src=\"https:\/\/stilecar.it\/wp-content\/uploads\/2024\/03\/01-stilecar-it-mb-b180-my18-768x512.jpg\" alt=\"MB B180 MY18\" \/>\t\n\t\t\t\t<h3>MB B180 MY18<\/h3>\n<p>\u20ac 19.999<\/p>\n\t\t\t\t\t2019\t\t\t\t\t \u2022 Diesel (filtro antiparticolato)\t\t\t\t \u2022 140.000 km\n\t\t\t\t\t \u2022 automatico\t\t\t\t\n\t<\/a>\n\t<a href=\"https:\/\/stilecar.it\/auto\/mercedes-benz-glc-250\/\">\n\t\t<img src=\"https:\/\/stilecar.it\/wp-content\/uploads\/2024\/02\/stilecar-it-mb-glc-fx378za-01-768x512.jpg\" alt=\"MERCEDES-BENZ GLC 250 MY 2015\" \/>\t\n\t\t\t\t<h3>MERCEDES-BENZ GLC 250 MY 2015<\/h3>\n<p>\u20ac 30.999<\/p>\n\t\t\t\t\t2019\t\t\t\t\t \u2022 Diesel (filtro antiparticolato)\t\t\t\t \u2022 120.000 km\n\t\t\t\t\t \u2022 automatico\t\t\t\t\n\t<\/a>\n\t<a href=\"https:\/\/stilecar.it\/auto\/nissan-qashqai\/\">\n\t\t<img src=\"https:\/\/stilecar.it\/wp-content\/uploads\/2024\/02\/01-stilecar-it-nissan-qashqai-fr879sf-768x512.jpg\" alt=\"NISSAN QASHQAI MY 2016\" \/>\t\n\t\t\t\t<h3>NISSAN QASHQAI MY 2016<\/h3>\n<p>\u20ac 16.999<\/p>\n\t\t\t\t\t2018\t\t\t\t\t \u2022 Diesel (filtro antiparticolato)\t\t\t\t \u2022 130.000 km\n\t\t\t\t\t \u2022 automatico\t\t\t\t\n\t<\/a>\n\t<a href=\"https:\/\/stilecar.it\/auto\/nissan-qashqai-n1\/\">\n\t\t<img src=\"https:\/\/stilecar.it\/wp-content\/uploads\/2024\/02\/stilecar-it-nissan-qashai-n1-01-768x512.jpg\" alt=\"NISSAN QASHQAI N1 MY 2016\" \/>\t\n\t\t\t\t<h3>NISSAN QASHQAI N1 MY 2016<\/h3>\n<p>\u20ac 16.899<\/p>\n\t\t\t\t\t2018\t\t\t\t\t \u2022 Diesel (filtro antiparticolato)\t\t\t\t \u2022 90.000 km\n\t\t\t\t\t \u2022 manuale\t\t\t\t\n\t<\/a>\n\t<a href=\"https:\/\/stilecar.it\/auto\/peugeot-2008\/\">\n\t\t<img src=\"https:\/\/stilecar.it\/wp-content\/uploads\/2024\/02\/stilecar-it-peugeot-2008-ft260mm-219-768x512.jpg\" alt=\"PEUGEOT 2008\" \/>\t\n\t\t\t\t<h3>PEUGEOT 2008<\/h3>\n<p>\u20ac 13.999<\/p>\n\t\t\t\t\t2018\t\t\t\t\t \u2022 Diesel\t\t\t\t \u2022 80.000 km\n\t\t\t\t\t \u2022 semi_automatico\t\t\t\t\n\t<\/a>\n\t<a href=\"https:\/\/stilecar.it\/auto\/peugeot-3008\/\">\n\t\t<img src=\"https:\/\/stilecar.it\/wp-content\/uploads\/2024\/02\/01-stilecar-it-peugeot-3008-fx913sn-768x512.jpg\" alt=\"PEUGEOT 3008 MY 2016\" \/>\t\n\t\t\t\t<h3>PEUGEOT 3008 MY 2016<\/h3>\n<p>\u20ac 17.899<\/p>\n\t\t\t\t\t2019\t\t\t\t\t \u2022 Diesel (filtro antiparticolato)\t\t\t\t \u2022 120.000 km\n\t\t\t\t\t \u2022 manuale\t\t\t\t\n\t<\/a>\n\t<a href=\"https:\/\/stilecar.it\/auto\/vw-tiguan-my-2018\/\">\n\t\t<img src=\"https:\/\/stilecar.it\/wp-content\/uploads\/2024\/02\/stilecar-it-vw-tiguan-gb925hb-49-768x512.jpg\" alt=\"VW TIGUAN MY 2018\" \/>\t\n\t\t\t\t<h3>VW TIGUAN MY 2018<\/h3>\n<p>\u20ac 23.999<\/p>\n\t\t\t\t\t2020\t\t\t\t\t \u2022 Diesel (filtro antiparticolato)\t\t\t\t \u2022 150.000 km\n\t\t\t\t\t \u2022 automatico\t\t\t\t\n\t<\/a>","innerContent":["<select\n\t\t\tclass=\"jet-select__control\"\n\t\t\tname=\"jet_engine_switch_query\"\n\t\t\t\t\t\taria-label=\"Carrozzeria2\"\n\t\t>\n\t\t\t\t\t<option\n\t\t\t\tvalue=\"\"\n\t\t\t\tdata-label=\"Carrozzeria\"\n\t\t\t\tdata-counter-prefix=\"\"\n\t\t\t\tdata-counter-suffix=\"\"\n\t\t\t\t\t\t\t>Carrozzeria<\/option>\n\t\t\t\t\t\t<option\n\t\t\t\tvalue=\"coupe\"\n\t\t\t\tdata-label=\"Coup\u00e8\"\n\t\t\t\tdata-counter-prefix=\"\"\n\t\t\t\tdata-counter-suffix=\"\"\n\t\t\t\t\t\t\t>Coup\u00e8<\/option>\n\t\t\t\t\t\t<option\n\t\t\t\tvalue=\"Cabrio\"\n\t\t\t\tdata-label=\"Cabrio\"\n\t\t\t\tdata-counter-prefix=\"\"\n\t\t\t\tdata-counter-suffix=\"\"\n\t\t\t\t\t\t\t>Cabrio<\/option>\n\t\t\t\t\t\t<option\n\t\t\t\tvalue=\"Monovolume\"\n\t\t\t\tdata-label=\"Monovolume\"\n\t\t\t\tdata-counter-prefix=\"\"\n\t\t\t\tdata-counter-suffix=\"\"\n\t\t\t\t\t\t\t>Monovolume<\/option>\n\t\t\t\t\t\t<option\n\t\t\t\tvalue=\"Utilitaria\"\n\t\t\t\tdata-label=\"Utilitaria\"\n\t\t\t\tdata-counter-prefix=\"\"\n\t\t\t\tdata-counter-suffix=\"\"\n\t\t\t\t\t\t\t>Utilitaria<\/option>\n\t\t\t\t\t\t<option\n\t\t\t\tvalue=\"berlina\"\n\t\t\t\tdata-label=\"Berlina\"\n\t\t\t\tdata-counter-prefix=\"\"\n\t\t\t\tdata-counter-suffix=\"\"\n\t\t\t\t\t\t\t>Berlina<\/option>\n\t\t\t\t\t\t<option\n\t\t\t\tvalue=\"suv\"\n\t\t\t\tdata-label=\"SUV\/Fuoristrada\"\n\t\t\t\tdata-counter-prefix=\"\"\n\t\t\t\tdata-counter-suffix=\"\"\n\t\t\t\t\t\t\t>SUV\/Fuoristrada<\/option>\n\t\t\t\t\t\t<option\n\t\t\t\tvalue=\"Van \/ Minibus\"\n\t\t\t\tdata-label=\"Van \/ Minibus\"\n\t\t\t\tdata-counter-prefix=\"\"\n\t\t\t\tdata-counter-suffix=\"\"\n\t\t\t\t\t\t\t>Van \/ Minibus<\/option>\n\t\t\t\t\t\t<option\n\t\t\t\tvalue=\"Station Wagon\"\n\t\t\t\tdata-label=\"Station Wagon\"\n\t\t\t\tdata-counter-prefix=\"\"\n\t\t\t\tdata-counter-suffix=\"\"\n\t\t\t\t\t\t\t>Station Wagon<\/option>\n\t\t\t\t\t\t<option\n\t\t\t\tvalue=\"Altro\"\n\t\t\t\tdata-label=\"Altro\"\n\t\t\t\tdata-counter-prefix=\"\"\n\t\t\t\tdata-counter-suffix=\"\"\n\t\t\t\t\t\t\t>Altro<\/option>\n\t\t\t<\/select>\n\t\t\t\t<select\n\t\t\tclass=\"jet-select__control\"\n\t\t\tname=\"marca\"\n\t\t\t\t\t\taria-label=\"Car Make\"\n\t\t>\n\t\t\t\t\t<option\n\t\t\t\tvalue=\"\"\n\t\t\t\tdata-label=\"Marca\"\n\t\t\t\tdata-counter-prefix=\"\"\n\t\t\t\tdata-counter-suffix=\"\"\n\t\t\t\t\t\t\t>Marca<\/option>\n\t\t\t\t\t\t<option\n\t\t\t\tvalue=\"72\"\n\t\t\t\tdata-label=\"Alfa Romeo\"\n\t\t\t\tdata-counter-prefix=\"\"\n\t\t\t\tdata-counter-suffix=\"\"\n\t\t\t\t\t\t\t>Alfa Romeo<\/option>\n\t\t\t\t\t\t<option\n\t\t\t\tvalue=\"158\"\n\t\t\t\tdata-label=\"Audi\"\n\t\t\t\tdata-counter-prefix=\"\"\n\t\t\t\tdata-counter-suffix=\"\"\n\t\t\t\t\t\t\t>Audi<\/option>\n\t\t\t\t\t\t<option\n\t\t\t\tvalue=\"166\"\n\t\t\t\tdata-label=\"Fiat\"\n\t\t\t\tdata-counter-prefix=\"\"\n\t\t\t\tdata-counter-suffix=\"\"\n\t\t\t\t\t\t\t>Fiat<\/option>\n\t\t\t\t\t\t<option\n\t\t\t\tvalue=\"170\"\n\t\t\t\tdata-label=\"Ford\"\n\t\t\t\tdata-counter-prefix=\"\"\n\t\t\t\tdata-counter-suffix=\"\"\n\t\t\t\t\t\t\t>Ford<\/option>\n\t\t\t\t\t\t<option\n\t\t\t\tvalue=\"222\"\n\t\t\t\tdata-label=\"Kia\"\n\t\t\t\tdata-counter-prefix=\"\"\n\t\t\t\tdata-counter-suffix=\"\"\n\t\t\t\t\t\t\t>Kia<\/option>\n\t\t\t\t\t\t<option\n\t\t\t\tvalue=\"192\"\n\t\t\t\tdata-label=\"Mercedes\"\n\t\t\t\tdata-counter-prefix=\"\"\n\t\t\t\tdata-counter-suffix=\"\"\n\t\t\t\t\t\t\t>Mercedes<\/option>\n\t\t\t\t\t\t<option\n\t\t\t\tvalue=\"237\"\n\t\t\t\tdata-label=\"Nissan\"\n\t\t\t\tdata-counter-prefix=\"\"\n\t\t\t\tdata-counter-suffix=\"\"\n\t\t\t\t\t\t\t>Nissan<\/option>\n\t\t\t\t\t\t<option\n\t\t\t\tvalue=\"199\"\n\t\t\t\tdata-label=\"Peugeot\"\n\t\t\t\tdata-counter-prefix=\"\"\n\t\t\t\tdata-counter-suffix=\"\"\n\t\t\t\t\t\t\t>Peugeot<\/option>\n\t\t\t<\/select>\n\t\t\t\t<select\n\t\t\tclass=\"jet-sorting-select\"\n\t\t\tname=\"select-name\"\n\t\t\t\t\t\taria-label=\"Sort filter\"\n\t\t>\n\t\t\t\t\t\t\t<option value=\"\">Ordina per...<\/option>\n\t\t\t\t\t\t\t\t\t\t\t\t\t\t<option\n\t\t\t\t\tvalue=\"{&quot;orderby&quot;:&quot;meta_value_num&quot;,&quot;order&quot;:&quot;ASC&quot;,&quot;meta_key&quot;:&quot;price&quot;}\"\n\t\t\t\t\t\t\t\t\t>Prezzo pi\u00f9 basso<\/option>\n\t\t\t\t\t\t\t\t\t\t\t<option\n\t\t\t\t\tvalue=\"{&quot;orderby&quot;:&quot;meta_value_num&quot;,&quot;order&quot;:&quot;DESC&quot;,&quot;meta_key&quot;:&quot;price&quot;}\"\n\t\t\t\t\t\t\t\t\t>Prezzo pi\u00f9 alto<\/option>\n\t\t\t\t\t\t\t\t\t\t\t<option\n\t\t\t\t\tvalue=\"{&quot;orderby&quot;:&quot;date&quot;,&quot;order&quot;:&quot;ASC&quot;}\"\n\t\t\t\t\t\t\t\t\t>Pubblicazione meno recente<\/option>\n\t\t\t\t\t\t\t\t\t\t\t<option\n\t\t\t\t\tvalue=\"{&quot;orderby&quot;:&quot;date&quot;,&quot;order&quot;:&quot;DESC&quot;}\"\n\t\t\t\t\t\t\t\t\t>Pubblicazione pi\u00f9 recente<\/option>\n\t\t\t\t\t\t\t\t\t\t\t<option\n\t\t\t\t\tvalue=\"{&quot;orderby&quot;:&quot;meta_value_num&quot;,&quot;order&quot;:&quot;ASC&quot;,&quot;meta_key&quot;:&quot;km&quot;}\"\n\t\t\t\t\t\t\t\t\t>Chilometraggio pi\u00f9 basso<\/option>\n\t\t\t\t\t\t\t\t\t\t\t<option\n\t\t\t\t\tvalue=\"{&quot;orderby&quot;:&quot;meta_value_num&quot;,&quot;order&quot;:&quot;DESC&quot;,&quot;meta_key&quot;:&quot;km&quot;}\"\n\t\t\t\t\t\t\t\t\t>Chilometraggio pi\u00f9 alto<\/option>\n\t\t\t\t\t\t\t\t\t\t\t<option\n\t\t\t\t\tvalue=\"{&quot;orderby&quot;:&quot;meta_value&quot;,&quot;order&quot;:&quot;ASC&quot;,&quot;meta_key&quot;:&quot;year&quot;}\"\n\t\t\t\t\t\t\t\t\t>Auto meno recenti<\/option>\n\t\t\t\t\t\t\t\t\t\t\t<option\n\t\t\t\t\tvalue=\"{&quot;orderby&quot;:&quot;meta_value&quot;,&quot;order&quot;:&quot;DESC&quot;,&quot;meta_key&quot;:&quot;year&quot;}\"\n\t\t\t\t\t\t\t\t\t>Auto pi\u00f9 recenti<\/option>\n\t\t\t\t\t<\/select>\n\t<a href=\"https:\/\/stilecar.it\/auto\/alfa-romeo-stelvio\/\">\n\t\t<img src=\"https:\/\/stilecar.it\/wp-content\/uploads\/2024\/02\/01-stilecar-it-alfa-romeo-stelvio-ft331my-1-768x512.jpg\" alt=\"ALFA ROMEO STELVIO MY 2017\" \/>\t\n\t\t\t\t<h3>ALFA ROMEO STELVIO MY 2017<\/h3>\n<p>\u20ac 23.499<\/p>\n\t\t\t\t\t2018\t\t\t\t\t \u2022 Diesel (filtro antiparticolato)\t\t\t\t \u2022 140.000 km\n\t\t\t\t\t \u2022 automatico\t\t\t\t\n\t<\/a>\n\t<a href=\"https:\/\/stilecar.it\/auto\/audi-a6-avant-my2018\/\">\n\t\t<img src=\"https:\/\/stilecar.it\/wp-content\/uploads\/2024\/02\/01-stilecar-it-audi-a6-gg428fb-768x512.jpg\" alt=\"AUDI A6 AVANT MY 2018\" \/>\t\n\t\t\t\t<h3>AUDI A6 AVANT MY 2018<\/h3>\n<p>\u20ac 32.499<\/p>\n\t\t\t\t\t2019\t\t\t\t\t \u2022 hybridao\t\t\t\t \u2022 70.000 km\n\t\t\t\t\t \u2022 automatico\t\t\t\t\n\t<\/a>\n\t<a href=\"https:\/\/stilecar.it\/auto\/audi-q5-my2018\/\">\n\t\t<img src=\"https:\/\/stilecar.it\/wp-content\/uploads\/2024\/02\/01-stilecar-it-audi-q5-ft899ym-1-768x512.jpg\" alt=\"AUDI Q5 MY 2018\" \/>\t\n\t\t\t\t<h3>AUDI Q5 MY 2018<\/h3>\n<p>\u20ac 29.999<\/p>\n\t\t\t\t\t2018\t\t\t\t\t \u2022 Diesel (filtro antiparticolato)\t\t\t\t \u2022 130.000 km\n\t\t\t\t\t \u2022 automatico\t\t\t\t\n\t<\/a>\n\t<a href=\"https:\/\/stilecar.it\/auto\/fiat-500x-2\/\">\n\t\t<img src=\"https:\/\/stilecar.it\/wp-content\/uploads\/2024\/02\/01-stilecar-it-fiat-500x-fn541mm-768x512.jpg\" alt=\"FIAT 500X MY 2016\" \/>\t\n\t\t\t\t<h3>FIAT 500X MY 2016<\/h3>\n<p>\u20ac 15.999<\/p>\n\t\t\t\t\t2018\t\t\t\t\t \u2022 Diesel (filtro antiparticolato)\t\t\t\t \u2022 130.000 km\n\t\t\t\t\t \u2022 manuale\t\t\t\t\n\t<\/a>\n\t<a href=\"https:\/\/stilecar.it\/auto\/fiat-500x\/\">\n\t\t<img src=\"https:\/\/stilecar.it\/wp-content\/uploads\/2024\/02\/01-stilecar-it-fiat-500x-fr875an-768x512.jpg\" alt=\"FIAT 500X MY 2017\" \/>\t\n\t\t\t\t<h3>FIAT 500X MY 2017<\/h3>\n<p>\u20ac 15.999<\/p>\n\t\t\t\t\t2018\t\t\t\t\t \u2022 Diesel (filtro antiparticolato)\t\t\t\t \u2022 140.000 km\n\t\t\t\t\t \u2022 manuale\t\t\t\t\n\t<\/a>\n\t<a href=\"https:\/\/stilecar.it\/auto\/fiat-500x-3\/\">\n\t\t<img src=\"https:\/\/stilecar.it\/wp-content\/uploads\/2024\/02\/stilecar-it-fiat-500x-fv080ye-01-768x512.jpg\" alt=\"FIAT 500X MY 2018\" \/>\t\n\t\t\t\t<h3>FIAT 500X MY 2018<\/h3>\n<p>\u20ac 15.999<\/p>\n\t\t\t\t\t2019\t\t\t\t\t \u2022 Diesel (filtro antiparticolato)\t\t\t\t \u2022 150.000 km\n\t\t\t\t\t \u2022 manuale\t\t\t\t\n\t<\/a>\n\t<a href=\"https:\/\/stilecar.it\/auto\/ford-focus\/\">\n\t\t<img src=\"https:\/\/stilecar.it\/wp-content\/uploads\/2024\/02\/stilecar-it-fiat-500-01-768x512.jpg\" alt=\"FORD FOCUS MY 2014\" \/>\t\n\t\t\t\t<h3>FORD FOCUS MY 2014<\/h3>\n<p>\u20ac 9.799<\/p>\n\t\t\t\t\t2017\t\t\t\t\t \u2022 Diesel (filtro antiparticolato)\t\t\t\t \u2022 140.000 km\n\t\t\t\t\t \u2022 manuale\t\t\t\t\n\t<\/a>\n\t<a href=\"https:\/\/stilecar.it\/auto\/ford-focus-2\/\">\n\t\t<img src=\"https:\/\/stilecar.it\/wp-content\/uploads\/2024\/02\/01-stilecar-it-ford-focus-ga639gt-768x512.jpg\" alt=\"FORD FOCUS MY 2018\" \/>\t\n\t\t\t\t<h3>FORD FOCUS MY 2018<\/h3>\n<p>\u20ac 13.999<\/p>\n\t\t\t\t\t2020\t\t\t\t\t \u2022 Diesel (filtro antiparticolato)\t\t\t\t \u2022 120.000 km\n\t\t\t\t\t \u2022 manuale\t\t\t\t\n\t<\/a>\n\t<a href=\"https:\/\/stilecar.it\/auto\/ford-kuga-my2019\/\">\n\t\t<img src=\"https:\/\/stilecar.it\/wp-content\/uploads\/2024\/02\/stilecar-it-ford-kuga-gc535yr-47-768x512.jpg\" alt=\"FORD KUGA MY 2019\" \/>\t\n\t\t\t\t<h3>FORD KUGA MY 2019<\/h3>\n<p>\u20ac 24.599<\/p>\n\t\t\t\t\t2020\t\t\t\t\t \u2022 Diesel (filtro antiparticolato)\t\t\t\t \u2022 79.000 km\n\t\t\t\t\t \u2022 automatico\t\t\t\t\n\t<\/a>\n\t<a href=\"https:\/\/stilecar.it\/auto\/jeep-renegade-my2018\/\">\n\t\t<img src=\"https:\/\/stilecar.it\/wp-content\/uploads\/2024\/02\/stilecar-it-jeep-renegade-fx303dy-01-768x512.jpg\" alt=\"JEEP RENEGADE MY 2018\" \/>\t\n\t\t\t\t<h3>JEEP RENEGADE MY 2018<\/h3>\n<p>\u20ac 16.799<\/p>\n\t\t\t\t\t2019\t\t\t\t\t \u2022 Diesel (filtro antiparticolato)\t\t\t\t \u2022 150.000 km\n\t\t\t\t\t \u2022 automatico\t\t\t\t\n\t<\/a>\n\t<a href=\"https:\/\/stilecar.it\/auto\/kia-sportage\/\">\n\t\t<img src=\"https:\/\/stilecar.it\/wp-content\/uploads\/2024\/02\/01-stilecar-it-kia-sportage-gc924gj-768x512.jpg\" alt=\"KIA SPORTAGE MY 2019\" \/>\t\n\t\t\t\t<h3>KIA SPORTAGE MY 2019<\/h3>\n<p>\u20ac 18.799<\/p>\n\t\t\t\t\t2020\t\t\t\t\t \u2022 Diesel (filtro antiparticolato)\t\t\t\t \u2022 100.000 km\n\t\t\t\t\t \u2022 automatico\t\t\t\t\n\t<\/a>\n\t<a href=\"https:\/\/stilecar.it\/auto\/mb-b180-my18\/\">\n\t\t<img src=\"https:\/\/stilecar.it\/wp-content\/uploads\/2024\/03\/01-stilecar-it-mb-b180-my18-768x512.jpg\" alt=\"MB B180 MY18\" \/>\t\n\t\t\t\t<h3>MB B180 MY18<\/h3>\n<p>\u20ac 19.999<\/p>\n\t\t\t\t\t2019\t\t\t\t\t \u2022 Diesel (filtro antiparticolato)\t\t\t\t \u2022 140.000 km\n\t\t\t\t\t \u2022 automatico\t\t\t\t\n\t<\/a>\n\t<a href=\"https:\/\/stilecar.it\/auto\/mercedes-benz-glc-250\/\">\n\t\t<img src=\"https:\/\/stilecar.it\/wp-content\/uploads\/2024\/02\/stilecar-it-mb-glc-fx378za-01-768x512.jpg\" alt=\"MERCEDES-BENZ GLC 250 MY 2015\" \/>\t\n\t\t\t\t<h3>MERCEDES-BENZ GLC 250 MY 2015<\/h3>\n<p>\u20ac 30.999<\/p>\n\t\t\t\t\t2019\t\t\t\t\t \u2022 Diesel (filtro antiparticolato)\t\t\t\t \u2022 120.000 km\n\t\t\t\t\t \u2022 automatico\t\t\t\t\n\t<\/a>\n\t<a href=\"https:\/\/stilecar.it\/auto\/nissan-qashqai\/\">\n\t\t<img src=\"https:\/\/stilecar.it\/wp-content\/uploads\/2024\/02\/01-stilecar-it-nissan-qashqai-fr879sf-768x512.jpg\" alt=\"NISSAN QASHQAI MY 2016\" \/>\t\n\t\t\t\t<h3>NISSAN QASHQAI MY 2016<\/h3>\n<p>\u20ac 16.999<\/p>\n\t\t\t\t\t2018\t\t\t\t\t \u2022 Diesel (filtro antiparticolato)\t\t\t\t \u2022 130.000 km\n\t\t\t\t\t \u2022 automatico\t\t\t\t\n\t<\/a>\n\t<a href=\"https:\/\/stilecar.it\/auto\/nissan-qashqai-n1\/\">\n\t\t<img src=\"https:\/\/stilecar.it\/wp-content\/uploads\/2024\/02\/stilecar-it-nissan-qashai-n1-01-768x512.jpg\" alt=\"NISSAN QASHQAI N1 MY 2016\" \/>\t\n\t\t\t\t<h3>NISSAN QASHQAI N1 MY 2016<\/h3>\n<p>\u20ac 16.899<\/p>\n\t\t\t\t\t2018\t\t\t\t\t \u2022 Diesel (filtro antiparticolato)\t\t\t\t \u2022 90.000 km\n\t\t\t\t\t \u2022 manuale\t\t\t\t\n\t<\/a>\n\t<a href=\"https:\/\/stilecar.it\/auto\/peugeot-2008\/\">\n\t\t<img src=\"https:\/\/stilecar.it\/wp-content\/uploads\/2024\/02\/stilecar-it-peugeot-2008-ft260mm-219-768x512.jpg\" alt=\"PEUGEOT 2008\" \/>\t\n\t\t\t\t<h3>PEUGEOT 2008<\/h3>\n<p>\u20ac 13.999<\/p>\n\t\t\t\t\t2018\t\t\t\t\t \u2022 Diesel\t\t\t\t \u2022 80.000 km\n\t\t\t\t\t \u2022 semi_automatico\t\t\t\t\n\t<\/a>\n\t<a href=\"https:\/\/stilecar.it\/auto\/peugeot-3008\/\">\n\t\t<img src=\"https:\/\/stilecar.it\/wp-content\/uploads\/2024\/02\/01-stilecar-it-peugeot-3008-fx913sn-768x512.jpg\" alt=\"PEUGEOT 3008 MY 2016\" \/>\t\n\t\t\t\t<h3>PEUGEOT 3008 MY 2016<\/h3>\n<p>\u20ac 17.899<\/p>\n\t\t\t\t\t2019\t\t\t\t\t \u2022 Diesel (filtro antiparticolato)\t\t\t\t \u2022 120.000 km\n\t\t\t\t\t \u2022 manuale\t\t\t\t\n\t<\/a>\n\t<a href=\"https:\/\/stilecar.it\/auto\/vw-tiguan-my-2018\/\">\n\t\t<img src=\"https:\/\/stilecar.it\/wp-content\/uploads\/2024\/02\/stilecar-it-vw-tiguan-gb925hb-49-768x512.jpg\" alt=\"VW TIGUAN MY 2018\" \/>\t\n\t\t\t\t<h3>VW TIGUAN MY 2018<\/h3>\n<p>\u20ac 23.999<\/p>\n\t\t\t\t\t2020\t\t\t\t\t \u2022 Diesel (filtro antiparticolato)\t\t\t\t \u2022 150.000 km\n\t\t\t\t\t \u2022 automatico\t\t\t\t\n\t<\/a>"]}],"_links":{"self":[{"href":"https:\/\/stilecar.it\/es\/wp-json\/wp\/v2\/pages\/69"}],"collection":[{"href":"https:\/\/stilecar.it\/es\/wp-json\/wp\/v2\/pages"}],"about":[{"href":"https:\/\/stilecar.it\/es\/wp-json\/wp\/v2\/types\/page"}],"author":[{"embeddable":true,"href":"https:\/\/stilecar.it\/es\/wp-json\/wp\/v2\/users\/6"}],"replies":[{"embeddable":true,"href":"https:\/\/stilecar.it\/es\/wp-json\/wp\/v2\/comments?post=69"}],"version-history":[{"count":297,"href":"https:\/\/stilecar.it\/es\/wp-json\/wp\/v2\/pages\/69\/revisions"}],"predecessor-version":[{"id":72521,"href":"https:\/\/stilecar.it\/es\/wp-json\/wp\/v2\/pages\/69\/revisions\/72521"}],"wp:attachment":[{"href":"https:\/\/stilecar.it\/es\/wp-json\/wp\/v2\/media?parent=69"}],"curies":[{"name":"wp","href":"https:\/\/api.w.org\/{rel}","templated":true}]}}