{"id":12651,"date":"2021-04-06T12:45:23","date_gmt":"2021-04-06T12:45:23","guid":{"rendered":"https:\/\/castellanoauto.it\/?page_id=12651"},"modified":"2024-03-06T18:22:20","modified_gmt":"2024-03-06T18:22:20","slug":"privacy-policy","status":"publish","type":"page","link":"https:\/\/stilecar.it\/fr\/politique-de-confidentialite\/","title":{"rendered":"Politique de confidentialit\u00e9"},"content":{"rendered":"<div data-elementor-type=\"wp-post\" data-elementor-id=\"12651\" class=\"elementor elementor-12651\" data-elementor-post-type=\"page\">\n\t\t\t\t<div data-dce-background-color=\"#D0D0D0\" class=\"elementor-element elementor-element-10bef3e3 e-con-full e-flex e-con e-parent\" data-id=\"10bef3e3\" data-element_type=\"container\" data-settings=\"{&quot;background_background&quot;:&quot;classic&quot;,&quot;content_width&quot;:&quot;full&quot;,&quot;jet_parallax_layout_list&quot;:[]}\" data-core-v316-plus=\"true\">\n\t\t\t\t<div class=\"elementor-element elementor-element-59174885 elementor-widget elementor-widget-heading\" data-id=\"59174885\" data-element_type=\"widget\" data-widget_type=\"heading.default\">\n\t\t\t\t<div class=\"elementor-widget-container\">\n\t\t\t<h2 class=\"elementor-heading-title elementor-size-default\">Informations sur<\/h2>\t\t<\/div>\n\t\t\t\t<\/div>\n\t\t\t\t<div class=\"elementor-element elementor-element-13a2ce53 elementor-widget elementor-widget-heading\" data-id=\"13a2ce53\" data-element_type=\"widget\" data-widget_type=\"heading.default\">\n\t\t\t\t<div class=\"elementor-widget-container\">\n\t\t\t<h2 class=\"elementor-heading-title elementor-size-default\">Politique de confidentialit\u00e9<\/h2>\t\t<\/div>\n\t\t\t\t<\/div>\n\t\t\t\t<div class=\"elementor-element elementor-element-b87ab28 elementor-widget elementor-widget-heading\" data-id=\"b87ab28\" data-element_type=\"widget\" data-widget_type=\"heading.default\">\n\t\t\t\t<div class=\"elementor-widget-container\">\n\t\t\t<h2 class=\"elementor-heading-title elementor-size-default\">Le site est conforme au r\u00e8glement g\u00e9n\u00e9ral sur la protection des donn\u00e9es (RGPD), officiellement le r\u00e8glement n\u00b0 2016\/679.<\/h2>\t\t<\/div>\n\t\t\t\t<\/div>\n\t\t\t\t<\/div>\n\t\t<div data-dce-background-color=\"#000000\" class=\"elementor-element elementor-element-e910fc9 e-flex e-con-boxed e-con e-parent\" data-id=\"e910fc9\" data-element_type=\"container\" data-settings=\"{&quot;jet_parallax_layout_list&quot;:[{&quot;_id&quot;:&quot;77df6de&quot;,&quot;jet_parallax_layout_speed&quot;:{&quot;unit&quot;:&quot;%&quot;,&quot;size&quot;:&quot;50&quot;,&quot;sizes&quot;:[]},&quot;jet_parallax_layout_bg_x&quot;:&quot;50&quot;,&quot;jet_parallax_layout_bg_y&quot;:&quot;50&quot;,&quot;jet_parallax_layout_image&quot;:{&quot;url&quot;:&quot;&quot;,&quot;id&quot;:&quot;&quot;,&quot;size&quot;:&quot;&quot;},&quot;jet_parallax_layout_image_tablet&quot;:{&quot;url&quot;:&quot;&quot;,&quot;id&quot;:&quot;&quot;,&quot;size&quot;:&quot;&quot;},&quot;jet_parallax_layout_image_mobile&quot;:{&quot;url&quot;:&quot;&quot;,&quot;id&quot;:&quot;&quot;,&quot;size&quot;:&quot;&quot;},&quot;jet_parallax_layout_type&quot;:&quot;scroll&quot;,&quot;jet_parallax_layout_direction&quot;:null,&quot;jet_parallax_layout_fx_direction&quot;:null,&quot;jet_parallax_layout_z_index&quot;:&quot;&quot;,&quot;jet_parallax_layout_bg_x_tablet&quot;:&quot;&quot;,&quot;jet_parallax_layout_bg_x_mobile&quot;:&quot;&quot;,&quot;jet_parallax_layout_bg_y_tablet&quot;:&quot;&quot;,&quot;jet_parallax_layout_bg_y_mobile&quot;:&quot;&quot;,&quot;jet_parallax_layout_bg_size&quot;:&quot;auto&quot;,&quot;jet_parallax_layout_bg_size_tablet&quot;:&quot;&quot;,&quot;jet_parallax_layout_bg_size_mobile&quot;:&quot;&quot;,&quot;jet_parallax_layout_animation_prop&quot;:&quot;transform&quot;,&quot;jet_parallax_layout_on&quot;:[&quot;desktop&quot;,&quot;tablet&quot;]}],&quot;background_background&quot;:&quot;classic&quot;,&quot;content_width&quot;:&quot;boxed&quot;}\" data-core-v316-plus=\"true\">\n\t\t\t\t\t<div class=\"e-con-inner\">\n\t\t<div class=\"elementor-element elementor-element-47086a2 e-con-full e-flex e-con e-child\" data-id=\"47086a2\" data-element_type=\"container\" data-settings=\"{&quot;content_width&quot;:&quot;full&quot;,&quot;jet_parallax_layout_list&quot;:[]}\">\n\t\t\t\t<div class=\"elementor-element elementor-element-9f3c0e2 elementor-widget elementor-widget-heading\" data-id=\"9f3c0e2\" data-element_type=\"widget\" data-widget_type=\"heading.default\">\n\t\t\t\t<div class=\"elementor-widget-container\">\n\t\t\t<h6 class=\"elementor-heading-title elementor-size-default\">Cette application recueille certaines donn\u00e9es personnelles de ses utilisateurs.\n<\/h6>\t\t<\/div>\n\t\t\t\t<\/div>\n\t\t\t\t<div class=\"elementor-element elementor-element-9828539 elementor-align-center elementor-widget elementor-widget-raven-divider\" data-id=\"9828539\" data-element_type=\"widget\" data-widget_type=\"raven-divider.default\">\n\t\t\t\t<div class=\"elementor-widget-container\">\n\t\t\t\t\t<div class=\"raven-widget-wrapper\">\n\t\t\t<div class=\"raven-divider\">\n\t\t\t\t<span class=\"raven-divider-line raven-divider-solid\"><\/span>\n\t\t\t<\/div>\n\t\t<\/div>\n\t\t\t\t<\/div>\n\t\t\t\t<\/div>\n\t\t\t\t<div class=\"elementor-element elementor-element-a2b8854 elementor-widget elementor-widget-text-editor\" data-id=\"a2b8854\" data-element_type=\"widget\" data-widget_type=\"text-editor.default\">\n\t\t\t\t<div class=\"elementor-widget-container\">\n\t\t\t\t\t\t\t<p>Contr\u00f4leur des donn\u00e9es<br>\nStilecar srls<\/p><p>\nVia A.De Gasperi, 71 - 71045 Orta Nova (FG)<br>\nITALIE<br>\nTVA IT04465880716<\/p>\n<p>Adresse \u00e9lectronique du titulaire : info[@]stilecar.it<\/p>\n<p>Types de donn\u00e9es collect\u00e9es<br>\nParmi les donn\u00e9es personnelles collect\u00e9es par cette application, que ce soit de mani\u00e8re ind\u00e9pendante ou par l'interm\u00e9diaire de tiers, figurent : Cookie ; Donn\u00e9es d'utilisation ; email ; pr\u00e9nom ; nom ; num\u00e9ro de t\u00e9l\u00e9phone.<\/p>\n<p>Des d\u00e9tails complets sur chaque type de donn\u00e9es collect\u00e9es sont fournis dans les sections correspondantes de la pr\u00e9sente politique de confidentialit\u00e9 ou au moyen de textes d'information sp\u00e9cifiques affich\u00e9s avant la collecte des donn\u00e9es.<br>\nLes Donn\u00e9es Personnelles peuvent \u00eatre librement fournies par l'Utilisateur ou, dans le cas des Donn\u00e9es de l'Utilisateur, automatiquement collect\u00e9es lors de l'utilisation de cette Application.<\/p>\n<p>Sauf indication contraire, toutes les Donn\u00e9es demand\u00e9es par cette Application sont obligatoires. Si l'Utilisateur refuse de les communiquer, cette Application peut \u00eatre dans l'impossibilit\u00e9 de fournir le Service. Dans les cas o\u00f9 cette Application indique certaines Donn\u00e9es comme \u00e9tant facultatives, les Utilisateurs sont libres de ne pas les communiquer, sans que cela n'ait de cons\u00e9quence sur la disponibilit\u00e9 du Service ou son fonctionnement.<br>\nLes utilisateurs qui ont des doutes sur les donn\u00e9es obligatoires sont encourag\u00e9s \u00e0 contacter le contr\u00f4leur.<br>\nL'utilisation \u00e9ventuelle de cookies - ou d'autres outils de suivi - par cette application ou par les propri\u00e9taires de services tiers utilis\u00e9s par cette application, sauf indication contraire, a pour but de fournir le service demand\u00e9 par l'utilisateur, en plus des autres objectifs d\u00e9crits dans le pr\u00e9sent document et dans la politique en mati\u00e8re de cookies, le cas \u00e9ch\u00e9ant.<\/p>\n<p>L'Utilisateur assume la responsabilit\u00e9 des Donn\u00e9es Personnelles de tiers obtenues, publi\u00e9es ou partag\u00e9es par le biais de cette Application et garantit qu'il a le droit de les communiquer ou de les diffuser, d\u00e9gageant le Propri\u00e9taire de toute responsabilit\u00e9 vis-\u00e0-vis des tiers.<\/p>\n<p>M\u00e9thode et lieu de traitement des donn\u00e9es<\/p>\n<p>Modes de traitement<br>\nLe contr\u00f4leur prend des mesures de s\u00e9curit\u00e9 appropri\u00e9es pour emp\u00eacher l'acc\u00e8s non autoris\u00e9, la divulgation, la modification ou la destruction des donn\u00e9es \u00e0 caract\u00e8re personnel.<br>\nLe traitement est effectu\u00e9 \u00e0 l'aide d'instruments informatiques et\/ou t\u00e9l\u00e9matiques, avec des m\u00e9thodes d'organisation et des logiques strictement li\u00e9es aux finalit\u00e9s indiqu\u00e9es. Outre le Responsable du traitement, dans certains cas, d'autres sujets impliqu\u00e9s dans l'organisation de cette Application (administratifs, commerciaux, marketing, juridiques, administrateurs de syst\u00e8me) ou des sujets externes (tels que des prestataires de services techniques tiers, des courriers postaux, des fournisseurs d'h\u00e9bergement, des soci\u00e9t\u00e9s informatiques, des agences de communication) \u00e9galement d\u00e9sign\u00e9s, si n\u00e9cessaire, comme Responsables du traitement par le Responsable du traitement, peuvent avoir acc\u00e8s aux Donn\u00e9es. La liste actualis\u00e9e des responsables du traitement des donn\u00e9es peut toujours \u00eatre demand\u00e9e au responsable du traitement des donn\u00e9es.<\/p>\n<p>Base juridique du traitement<br>\nLe contr\u00f4leur traite les donn\u00e9es personnelles relatives \u00e0 l'utilisateur si l'une des conditions suivantes est remplie :<\/p>\n<p>l'utilisateur a donn\u00e9 son consentement pour un ou plusieurs objectifs sp\u00e9cifiques ; Remarque : dans certaines juridictions, le responsable du traitement peut \u00eatre autoris\u00e9 \u00e0 traiter les donn\u00e9es personnelles sans le consentement de l'utilisateur ou l'une des autres bases juridiques sp\u00e9cifi\u00e9es ci-dessous, jusqu'\u00e0 ce que l'utilisateur s'oppose (\"opt-out\") \u00e0 un tel traitement. Toutefois, cela ne s'applique pas lorsque le traitement des donn\u00e9es personnelles est r\u00e9gi par la l\u00e9gislation europ\u00e9enne sur la protection des donn\u00e9es personnelles ;<br>\nle traitement est n\u00e9cessaire \u00e0 l'ex\u00e9cution d'un contrat avec l'utilisateur et\/ou \u00e0 l'ex\u00e9cution de mesures pr\u00e9contractuelles ;<br>\nle traitement est n\u00e9cessaire pour respecter une obligation l\u00e9gale \u00e0 laquelle le contr\u00f4leur est soumis ;<br>\nle traitement est n\u00e9cessaire \u00e0 l'ex\u00e9cution d'une t\u00e2che effectu\u00e9e dans l'int\u00e9r\u00eat public ou dans l'exercice de l'autorit\u00e9 publique dont est investi le responsable du traitement ;<br>\nle traitement est n\u00e9cessaire \u00e0 la poursuite de l'int\u00e9r\u00eat l\u00e9gitime du responsable du traitement ou de tiers.<br>\nToutefois, il est toujours possible de demander au responsable du traitement de pr\u00e9ciser la base juridique concr\u00e8te de chaque op\u00e9ration de traitement et, en particulier, de sp\u00e9cifier si le traitement est fond\u00e9 sur la loi, exig\u00e9 par un contrat ou n\u00e9cessaire \u00e0 la conclusion d'un contrat.<\/p>\n<p>Lieu<br>\nLes donn\u00e9es sont trait\u00e9es dans les locaux du contr\u00f4leur et dans tout autre lieu o\u00f9 se trouvent les parties impliqu\u00e9es dans le traitement. Pour de plus amples informations, veuillez contacter le contr\u00f4leur des donn\u00e9es.<br>\nVos donn\u00e9es \u00e0 caract\u00e8re personnel peuvent \u00eatre transf\u00e9r\u00e9es dans un pays autre que celui o\u00f9 vous vous trouvez. Pour plus d'informations sur le lieu de traitement, l'utilisateur peut se r\u00e9f\u00e9rer \u00e0 la section sur les d\u00e9tails du traitement des donn\u00e9es \u00e0 caract\u00e8re personnel.<\/p>\n<p>L'utilisateur a le droit d'obtenir des informations sur la base juridique du transfert des donn\u00e9es en dehors de l'Union europ\u00e9enne ou \u00e0 une organisation internationale de droit public international ou compos\u00e9e de deux pays ou plus, telle que l'ONU, ainsi que sur les mesures de s\u00e9curit\u00e9 prises par le responsable du traitement pour prot\u00e9ger les donn\u00e9es.<\/p>\n<p>L'utilisateur peut v\u00e9rifier si l'un des transferts d\u00e9crits ci-dessus a lieu en examinant la section du pr\u00e9sent document consacr\u00e9e aux d\u00e9tails du traitement des donn\u00e9es \u00e0 caract\u00e8re personnel ou demander des informations au responsable du traitement en le contactant aux coordonn\u00e9es indiqu\u00e9es au d\u00e9but.<\/p>\n<p>P\u00e9riode de stockage<br>\nLes donn\u00e9es sont trait\u00e9es et conserv\u00e9es pendant la dur\u00e9e n\u00e9cessaire aux finalit\u00e9s pour lesquelles elles ont \u00e9t\u00e9 collect\u00e9es.<\/p>\n<p>C'est pourquoi :<\/p>\n<p>Les donn\u00e9es personnelles collect\u00e9es \u00e0 des fins li\u00e9es \u00e0 l'ex\u00e9cution d'un contrat entre le contr\u00f4leur et l'utilisateur seront conserv\u00e9es jusqu'\u00e0 la fin de l'ex\u00e9cution de ce contrat.<br>\nLes donn\u00e9es personnelles collect\u00e9es \u00e0 des fins li\u00e9es \u00e0 l'int\u00e9r\u00eat l\u00e9gitime du responsable du traitement seront conserv\u00e9es jusqu'\u00e0 ce que cet int\u00e9r\u00eat soit satisfait. L'utilisateur peut obtenir de plus amples informations concernant l'int\u00e9r\u00eat l\u00e9gitime poursuivi par le responsable du traitement dans les sections pertinentes du pr\u00e9sent document ou en contactant le responsable du traitement.<br>\nLorsque le traitement est bas\u00e9 sur le consentement de l'utilisateur, le contr\u00f4leur peut conserver les donn\u00e9es personnelles pendant une p\u00e9riode plus longue jusqu'\u00e0 ce que ce consentement soit r\u00e9voqu\u00e9. En outre, le contr\u00f4leur peut \u00eatre oblig\u00e9 de conserver les donn\u00e9es personnelles pendant une p\u00e9riode plus longue pour se conformer \u00e0 une obligation l\u00e9gale ou sur ordre d'une autorit\u00e9.<\/p>\n<p>\u00c0 la fin de la p\u00e9riode de conservation, les donn\u00e9es \u00e0 caract\u00e8re personnel seront supprim\u00e9es. Par cons\u00e9quent, \u00e0 la fin de cette p\u00e9riode, le droit d'acc\u00e8s, d'annulation, de rectification et le droit \u00e0 la portabilit\u00e9 des donn\u00e9es ne peuvent plus \u00eatre exerc\u00e9s.<\/p>\n<p>Finalit\u00e9s du traitement des donn\u00e9es<br>\nLes Donn\u00e9es de l'Utilisateur sont collect\u00e9es pour permettre au Propri\u00e9taire de fournir ses Services, ainsi qu'aux fins suivantes : Interaction avec les r\u00e9seaux sociaux et les plateformes externes, Contact avec l'Utilisateur et Statistiques.<\/p>\n<p>Pour obtenir des informations plus d\u00e9taill\u00e9es sur les finalit\u00e9s du traitement et les donn\u00e9es \u00e0 caract\u00e8re personnel concr\u00e8tement pertinentes pour chaque finalit\u00e9, l'utilisateur peut se r\u00e9f\u00e9rer aux sections correspondantes du pr\u00e9sent document.<\/p>\n<p>D\u00e9tails du traitement des donn\u00e9es personnelles<br>\nLes donn\u00e9es \u00e0 caract\u00e8re personnel sont collect\u00e9es aux fins suivantes et en utilisant les services suivants :<\/p>\n<p>Droits de l'utilisateur<br>\nLes utilisateurs peuvent exercer certains droits concernant les donn\u00e9es trait\u00e9es par le contr\u00f4leur des donn\u00e9es.<\/p>\n<p>En particulier, l'utilisateur a le droit de :<\/p>\n<p>retirer son consentement \u00e0 tout moment. L'utilisateur peut r\u00e9voquer le consentement qu'il a pr\u00e9c\u00e9demment exprim\u00e9 pour le traitement de ses donn\u00e9es personnelles.<br>\ns'opposer au traitement de leurs donn\u00e9es. Vous pouvez vous opposer au traitement de vos donn\u00e9es lorsqu'il est effectu\u00e9 sur une base juridique autre que le consentement. Pour plus de d\u00e9tails sur le droit d'opposition, voir la section ci-dessous.<br>\nl'acc\u00e8s \u00e0 leurs donn\u00e9es. L'utilisateur a le droit d'obtenir des informations sur les donn\u00e9es trait\u00e9es par le contr\u00f4leur, sur certains aspects du traitement et de recevoir une copie des donn\u00e9es trait\u00e9es.<br>\nv\u00e9rifier et demander la rectification. L'utilisateur peut v\u00e9rifier l'exactitude de ses donn\u00e9es et demander leur mise \u00e0 jour ou leur rectification.<br>\nobtenir la limitation du traitement. Lorsque certaines conditions sont r\u00e9unies, l'utilisateur peut demander la limitation du traitement de ses donn\u00e9es. Dans ce cas, le responsable du traitement ne traitera pas les donn\u00e9es \u00e0 d'autres fins que leur stockage.<br>\nobtenir la suppression ou le retrait de ses donn\u00e9es personnelles. Lorsque certaines conditions sont remplies, l'utilisateur peut demander la suppression de ses donn\u00e9es par le responsable du traitement.<br>\nde recevoir ses donn\u00e9es ou de les faire transf\u00e9rer \u00e0 un autre responsable du traitement. L'utilisateur a le droit de recevoir ses donn\u00e9es dans un format structur\u00e9, couramment utilis\u00e9 et lisible par machine et, lorsque cela est techniquement possible, de les faire transf\u00e9rer sans entrave \u00e0 un autre responsable du traitement. Cette disposition s'applique lorsque les donn\u00e9es sont trait\u00e9es de mani\u00e8re automatis\u00e9e et que le traitement est fond\u00e9 sur le consentement de l'utilisateur, sur un contrat auquel l'utilisateur est partie ou sur des mesures contractuelles connexes.<br>\nD\u00e9poser une plainte. L'utilisateur peut d\u00e9poser une plainte aupr\u00e8s de l'autorit\u00e9 de contr\u00f4le comp\u00e9tente en mati\u00e8re de protection des donn\u00e9es ou intenter une action en justice.<br>\nD\u00e9tails sur le droit d'opposition<br>\nLorsque les donn\u00e9es personnelles sont trait\u00e9es dans l'int\u00e9r\u00eat public, dans l'exercice de l'autorit\u00e9 publique dont est investi le responsable du traitement ou dans la poursuite d'un int\u00e9r\u00eat l\u00e9gitime du responsable du traitement, les utilisateurs ont le droit de s'opposer au traitement pour des raisons li\u00e9es \u00e0 leur situation particuli\u00e8re.<\/p>\n<p>Les utilisateurs sont inform\u00e9s que, si leurs donn\u00e9es sont trait\u00e9es \u00e0 des fins de marketing direct, ils peuvent s'opposer au traitement sans donner de raison. Pour savoir si le contr\u00f4leur traite des donn\u00e9es \u00e0 des fins de marketing direct, les utilisateurs peuvent se r\u00e9f\u00e9rer aux sections correspondantes du pr\u00e9sent document.<\/p>\n<p>Comment exercer ses droits<br>\nAfin d'exercer leurs droits, les utilisateurs peuvent adresser une demande aux coordonn\u00e9es du responsable du traitement indiqu\u00e9es dans le pr\u00e9sent document. Les demandes sont d\u00e9pos\u00e9es gratuitement et trait\u00e9es par le responsable du traitement dans les meilleurs d\u00e9lais, en tout \u00e9tat de cause dans un d\u00e9lai d'un mois.<\/p>\n<p>Plus d'informations sur le traitement<\/p>\n<p>La d\u00e9fense au tribunal<br>\nLes donn\u00e9es personnelles de l'utilisateur peuvent \u00eatre utilis\u00e9es par le contr\u00f4leur des donn\u00e9es dans le cadre d'une proc\u00e9dure judiciaire ou dans les phases pr\u00e9paratoires \u00e0 son \u00e9tablissement \u00e9ventuel pour la d\u00e9fense contre les abus dans l'utilisation de cette application ou des services connexes par l'utilisateur.<br>\nL'utilisateur d\u00e9clare \u00eatre conscient que le responsable du traitement des donn\u00e9es peut \u00eatre oblig\u00e9 de divulguer les donn\u00e9es sur ordre des autorit\u00e9s publiques.<\/p>\n<p>Informations sp\u00e9cifiques<br>\n\u00c0 la demande de l'utilisateur, outre les informations contenues dans la pr\u00e9sente politique de confidentialit\u00e9, cette application peut fournir \u00e0 l'utilisateur des informations suppl\u00e9mentaires et contextuelles concernant des services sp\u00e9cifiques ou la collecte et le traitement des donn\u00e9es \u00e0 caract\u00e8re personnel.<\/p>\n<p>Journaux et maintenance du syst\u00e8me<br>\n\u00c0 des fins d'exploitation et de maintenance, cette application et les services tiers qu'elle utilise peuvent collecter des journaux de syst\u00e8me, c'est-\u00e0-dire des fichiers qui enregistrent les interactions et qui peuvent \u00e9galement contenir des donn\u00e9es \u00e0 caract\u00e8re personnel, telles que l'adresse IP de l'utilisateur.<\/p>\n<p>Informations non contenues dans la pr\u00e9sente politique<br>\nDe plus amples informations concernant le traitement des donn\u00e9es personnelles peuvent \u00eatre demand\u00e9es \u00e0 tout moment au contr\u00f4leur des donn\u00e9es en utilisant les coordonn\u00e9es de contact.<\/p>\n<p>R\u00e9pondre aux demandes de \"Ne pas suivre\" (Do Not Track)<br>\nCette application ne prend pas en charge les demandes de \"Do Not Track\".<br>\nPour savoir si les services tiers utilis\u00e9s les prennent en charge, l'utilisateur est invit\u00e9 \u00e0 consulter leurs politiques de confidentialit\u00e9 respectives.<\/p>\n<p>Modifications de la pr\u00e9sente politique de confidentialit\u00e9<br>\nLe responsable du traitement des donn\u00e9es se r\u00e9serve le droit de modifier \u00e0 tout moment la pr\u00e9sente politique de confidentialit\u00e9 en informant les utilisateurs sur cette page et, si possible, sur cette application ainsi que, si cela est techniquement et l\u00e9galement possible, en envoyant une notification aux utilisateurs par l'interm\u00e9diaire de l'une des coordonn\u00e9es d\u00e9tenues par le responsable du traitement des donn\u00e9es. Nous vous invitons donc \u00e0 consulter r\u00e9guli\u00e8rement cette page, en vous r\u00e9f\u00e9rant \u00e0 la date de la derni\u00e8re modification indiqu\u00e9e en bas de page.<\/p>\n<p>Si les modifications affectent le traitement dont la base juridique est le consentement, le contr\u00f4leur recueillera \u00e0 nouveau le consentement de l'utilisateur, si n\u00e9cessaire.<\/p>\t\t\t\t\t\t<\/div>\n\t\t\t\t<\/div>\n\t\t\t\t<div class=\"elementor-element elementor-element-47b2425 elementor-widget elementor-widget-spacer\" data-id=\"47b2425\" data-element_type=\"widget\" data-widget_type=\"spacer.default\">\n\t\t\t\t<div class=\"elementor-widget-container\">\n\t\t\t\t\t<div class=\"elementor-spacer\">\n\t\t\t<div class=\"elementor-spacer-inner\"><\/div>\n\t\t<\/div>\n\t\t\t\t<\/div>\n\t\t\t\t<\/div>\n\t\t\t\t<\/div>\n\t\t\t\t\t<\/div>\n\t\t\t\t<\/div>\n\t\t<div class=\"elementor-element elementor-element-0ac4888 e-con-full e-flex e-con e-parent\" data-id=\"0ac4888\" data-element_type=\"container\" data-settings=\"{&quot;jet_parallax_layout_list&quot;:[],&quot;content_width&quot;:&quot;full&quot;}\" data-core-v316-plus=\"true\">\n\t\t<div class=\"elementor-element elementor-element-feb34e1 e-con-full e-flex e-con e-child\" data-id=\"feb34e1\" data-element_type=\"container\" data-settings=\"{&quot;jet_parallax_layout_list&quot;:[],&quot;content_width&quot;:&quot;full&quot;}\">\n\t\t<div data-dce-background-color=\"#000000\" class=\"elementor-element elementor-element-7f16702 e-flex e-con-boxed e-con e-child\" data-id=\"7f16702\" data-element_type=\"container\" data-settings=\"{&quot;background_background&quot;:&quot;classic&quot;,&quot;jet_parallax_layout_list&quot;:[],&quot;content_width&quot;:&quot;boxed&quot;}\">\n\t\t\t\t\t<div class=\"e-con-inner\">\n\t\t<div class=\"elementor-element elementor-element-025d3b0 e-flex e-con-boxed e-con e-child\" data-id=\"025d3b0\" data-element_type=\"container\" data-settings=\"{&quot;jet_parallax_layout_list&quot;:[],&quot;content_width&quot;:&quot;boxed&quot;}\">\n\t\t\t\t\t<div class=\"e-con-inner\">\n\t\t\t\t<div data-dce-advanced-background-color=\"#D0D0D0\" class=\"elementor-element elementor-element-62cb203 elementor-widget__width-initial elementor-view-default elementor-widget elementor-widget-icon\" data-id=\"62cb203\" data-element_type=\"widget\" data-widget_type=\"icon.default\">\n\t\t\t\t<div class=\"elementor-widget-container\">\n\t\t\t\t\t<div class=\"elementor-icon-wrapper\">\n\t\t\t<div class=\"elementor-icon\">\n\t\t\t<i aria-hidden=\"true\" class=\"fab fa-whatsapp\"><\/i>\t\t\t<\/div>\n\t\t<\/div>\n\t\t\t\t<\/div>\n\t\t\t\t<\/div>\n\t\t\t\t<div class=\"elementor-element elementor-element-981345f animated-slow elementor-invisible elementor-widget elementor-widget-heading\" data-id=\"981345f\" data-element_type=\"widget\" data-settings=\"{&quot;_animation&quot;:&quot;slideInUp&quot;}\" data-widget_type=\"heading.default\">\n\t\t\t\t<div class=\"elementor-widget-container\">\n\t\t\t<h2 class=\"elementor-heading-title elementor-size-default\">nous appeler<\/h2>\t\t<\/div>\n\t\t\t\t<\/div>\n\t\t\t\t<div class=\"elementor-element elementor-element-f702ea1 animated-slow elementor-invisible elementor-widget elementor-widget-heading\" data-id=\"f702ea1\" data-element_type=\"widget\" data-settings=\"{&quot;_animation&quot;:&quot;slideInUp&quot;}\" data-widget_type=\"heading.default\">\n\t\t\t\t<div class=\"elementor-widget-container\">\n\t\t\t<h2 class=\"elementor-heading-title elementor-size-default\">Nos clients nous font confiance<\/h2>\t\t<\/div>\n\t\t\t\t<\/div>\n\t\t<div class=\"elementor-element elementor-element-15f3cef e-flex e-con-boxed e-con e-child\" data-id=\"15f3cef\" data-element_type=\"container\" data-settings=\"{&quot;jet_parallax_layout_list&quot;:[],&quot;content_width&quot;:&quot;boxed&quot;}\">\n\t\t\t\t\t<div class=\"e-con-inner\">\n\t\t<div class=\"elementor-element elementor-element-aa70ec9 e-flex e-con-boxed e-con e-child\" data-id=\"aa70ec9\" data-element_type=\"container\" data-settings=\"{&quot;jet_parallax_layout_list&quot;:[],&quot;content_width&quot;:&quot;boxed&quot;}\">\n\t\t\t\t\t<div class=\"e-con-inner\">\n\t\t\t\t<div class=\"elementor-element elementor-element-99ac2c4 elementor-mobile-align-left elementor-icon-list--layout-traditional elementor-list-item-link-full_width elementor-widget elementor-widget-icon-list\" data-id=\"99ac2c4\" data-element_type=\"widget\" data-widget_type=\"icon-list.default\">\n\t\t\t\t<div class=\"elementor-widget-container\">\n\t\t\t\t\t<ul class=\"elementor-icon-list-items\">\n\t\t\t\t\t\t\t<li class=\"elementor-icon-list-item\">\n\t\t\t\t\t\t\t\t\t\t\t<span class=\"elementor-icon-list-icon\">\n\t\t\t\t\t\t\t<i aria-hidden=\"true\" class=\"fab fa-whatsapp\"><\/i>\t\t\t\t\t\t<\/span>\n\t\t\t\t\t\t\t\t\t\t<span class=\"elementor-icon-list-text\">+ (39) 333 4254654<\/span>\n\t\t\t\t\t\t\t\t\t<\/li>\n\t\t\t\t\t\t<\/ul>\n\t\t\t\t<\/div>\n\t\t\t\t<\/div>\n\t\t\t\t\t<\/div>\n\t\t\t\t<\/div>\n\t\t<div class=\"elementor-element elementor-element-b671f10 e-flex e-con-boxed e-con e-child\" data-id=\"b671f10\" data-element_type=\"container\" data-settings=\"{&quot;jet_parallax_layout_list&quot;:[],&quot;content_width&quot;:&quot;boxed&quot;}\">\n\t\t\t\t\t<div class=\"e-con-inner\">\n\t\t\t\t<div class=\"elementor-element elementor-element-1c32ec6 elementor-mobile-align-left elementor-icon-list--layout-traditional elementor-list-item-link-full_width elementor-widget elementor-widget-icon-list\" data-id=\"1c32ec6\" data-element_type=\"widget\" data-widget_type=\"icon-list.default\">\n\t\t\t\t<div class=\"elementor-widget-container\">\n\t\t\t\t\t<ul class=\"elementor-icon-list-items\">\n\t\t\t\t\t\t\t<li class=\"elementor-icon-list-item\">\n\t\t\t\t\t\t\t\t\t\t\t<span class=\"elementor-icon-list-icon\">\n\t\t\t\t\t\t\t<i aria-hidden=\"true\" class=\"fab fa-whatsapp\"><\/i>\t\t\t\t\t\t<\/span>\n\t\t\t\t\t\t\t\t\t\t<span class=\"elementor-icon-list-text\">+ (39) 334 9858258<\/span>\n\t\t\t\t\t\t\t\t\t<\/li>\n\t\t\t\t\t\t<\/ul>\n\t\t\t\t<\/div>\n\t\t\t\t<\/div>\n\t\t\t\t\t<\/div>\n\t\t\t\t<\/div>\n\t\t\t\t\t<\/div>\n\t\t\t\t<\/div>\n\t\t\t\t<div class=\"elementor-element elementor-element-726949b elementor-widget elementor-widget-jet-headline\" data-id=\"726949b\" data-element_type=\"widget\" data-widget_type=\"jet-headline.default\">\n\t\t\t\t<div class=\"elementor-widget-container\">\n\t\t\t<h5 class=\"jet-headline jet-headline--direction-horizontal\"><span class=\"jet-headline__part jet-headline__first\"><span class=\"jet-headline__label\">Trouver le v\u00e9hicule id\u00e9al <\/span><\/span><span class=\"jet-headline__space\">&nbsp;<\/span><span class=\"jet-headline__part jet-headline__second\"><span class=\"jet-headline__label\">pour votre style<\/span><\/span><\/h5>\t\t<\/div>\n\t\t\t\t<\/div>\n\t\t\t\t<div class=\"elementor-element elementor-element-d1f2257 elementor-widget elementor-widget-ucaddon_creative_buttons\" data-id=\"d1f2257\" data-element_type=\"widget\" data-widget_type=\"ucaddon_creative_buttons.default\">\n\t\t\t\t<div class=\"elementor-widget-container\">\n\t\t\t<!-- start Creative Button Hovers -->\n\t\t<link id='uc_ac_assets_file_uc_creative_buttons_css_1983-css' href='https:\/\/stilecar.it\/wp-content\/uploads\/ac_assets\/uc_creative_buttons\/uc_creative_buttons.css' type='text\/css' rel='stylesheet' >\n\n\t\t\t<style type=\"text\/css\">\/* widget: Creative Button Hovers *\/\n\n#uc_creative_buttons_elementor_d1f2257.uc_creative_buttons{\n  text-align: center;\n}\n#uc_creative_buttons_elementor_d1f2257.uc_creative_buttons .uc_button,\n#uc_creative_buttons_elementor_d1f2257.uc_creative_buttons .uc_button::after {\n\ttransition: all 0.3s;\n}\n\n#uc_creative_buttons_elementor_d1f2257.uc_creative_buttons .uc_button {\n\n\n  display: inline-block;\n  overflow:hidden;\n}\n\n<\/style>\n\n\t\t\t<div class=\"uc_creative_buttons\" id=\"uc_creative_buttons_elementor_d1f2257\">\n  <div class=\"container\">\n    <a href=\"https:\/\/stilecar.it\/fr\/contacts\/\" class=\"uc_button button-padding uc_btn-1\" ><span>Contactez nous<\/span><\/a>\n  <\/div>\n<\/div>\n\t\t\t<!-- end Creative Button Hovers -->\t\t<\/div>\n\t\t\t\t<\/div>\n\t\t\t\t\t<\/div>\n\t\t\t\t<\/div>\n\t\t\t\t\t<\/div>\n\t\t\t\t<\/div>\n\t\t\t\t<\/div>\n\t\t\t\t<\/div>\n\t\t\t\t<\/div>","protected":false},"excerpt":{"rendered":"<p>D\u00e9claration de politique de confidentialit\u00e9 Site conforme au R\u00e8glement g\u00e9n\u00e9ral sur la protection des donn\u00e9es, abr\u00e9g\u00e9 en RGPD, officiellement le r\u00e8glement n\u00b0 2016\/679 Cette application recueille certaines donn\u00e9es personnelles de ses utilisateurs. Propri\u00e9taire du traitement Stilecar srls Via A.De Gasperi, 71 - 71045 Orta Nova (FG) ITALY P.IVA IT04465880716 Adresse \u00e9lectronique du propri\u00e9taire : info[@]stilecar.it Types de donn\u00e9es [...]<\/p>","protected":false},"author":6,"featured_media":0,"parent":0,"menu_order":0,"comment_status":"closed","ping_status":"closed","template":"full-width.php","meta":{"footnotes":""},"yoast_head":"<!-- This site is optimized with the Yoast SEO Premium plugin v21.8 (Yoast SEO v21.8) - https:\/\/yoast.com\/wordpress\/plugins\/seo\/ -->\n<title>Vendita Auto Usate al miglior prezzo | Stilecar.it<\/title>\n<meta name=\"description\" content=\"Vendita auto usate. Automobili di tutte le marche. Finanziamenti e garanzie. Possibilit\u00e0 di prenotazioni e acquisto online.\" \/>\n<meta name=\"robots\" content=\"index, follow, max-snippet:-1, max-image-preview:large, max-video-preview:-1\" \/>\n<link rel=\"canonical\" href=\"https:\/\/stilecar.it\/privacy-policy\/\" \/>\n<meta property=\"og:locale\" content=\"fr_FR\" \/>\n<meta property=\"og:type\" content=\"article\" \/>\n<meta property=\"og:title\" content=\"Privacy Policy\" \/>\n<meta property=\"og:description\" content=\"Vendita auto usate. Automobili di tutte le marche. Finanziamenti e garanzie. Possibilit\u00e0 di prenotazioni e acquisto online.\" \/>\n<meta property=\"og:url\" content=\"https:\/\/stilecar.it\/fr\/politique-de-confidentialite\/\" \/>\n<meta property=\"og:site_name\" content=\"Stilecar.it\" \/>\n<meta property=\"article:publisher\" content=\"https:\/\/www.facebook.com\/p\/Stile-Carit-Srls-100057527706721\/\" \/>\n<meta property=\"article:modified_time\" content=\"2024-03-06T18:22:20+00:00\" \/>\n<meta name=\"twitter:card\" content=\"summary_large_image\" \/>\n<meta name=\"twitter:label1\" content=\"Dur\u00e9e de lecture estim\u00e9e\" \/>\n\t<meta name=\"twitter:data1\" content=\"10 minutes\" \/>\n<script type=\"application\/ld+json\" class=\"yoast-schema-graph\">{\"@context\":\"https:\/\/schema.org\",\"@graph\":[{\"@type\":\"WebPage\",\"@id\":\"https:\/\/stilecar.it\/privacy-policy\/\",\"url\":\"https:\/\/stilecar.it\/privacy-policy\/\",\"name\":\"Vendita Auto Usate al miglior prezzo | Stilecar.it\",\"isPartOf\":{\"@id\":\"https:\/\/stilecar.it\/de\/#website\"},\"datePublished\":\"2021-04-06T12:45:23+00:00\",\"dateModified\":\"2024-03-06T18:22:20+00:00\",\"description\":\"Vendita auto usate. Automobili di tutte le marche. Finanziamenti e garanzie. Possibilit\u00e0 di prenotazioni e acquisto online.\",\"breadcrumb\":{\"@id\":\"https:\/\/stilecar.it\/privacy-policy\/#breadcrumb\"},\"inLanguage\":\"fr-FR\",\"potentialAction\":[{\"@type\":\"ReadAction\",\"target\":[\"https:\/\/stilecar.it\/privacy-policy\/\"]}]},{\"@type\":\"BreadcrumbList\",\"@id\":\"https:\/\/stilecar.it\/privacy-policy\/#breadcrumb\",\"itemListElement\":[{\"@type\":\"ListItem\",\"position\":1,\"name\":\"Home\",\"item\":\"https:\/\/stilecar.it\/\"},{\"@type\":\"ListItem\",\"position\":2,\"name\":\"Privacy Policy\"}]},{\"@type\":\"WebSite\",\"@id\":\"https:\/\/stilecar.it\/de\/#website\",\"url\":\"https:\/\/stilecar.it\/de\/\",\"name\":\"Stilecar.it\",\"description\":\"Vendita Auto. Nuovo - Usato - KM 0\",\"publisher\":{\"@id\":\"https:\/\/stilecar.it\/de\/#organization\"},\"potentialAction\":[{\"@type\":\"SearchAction\",\"target\":{\"@type\":\"EntryPoint\",\"urlTemplate\":\"https:\/\/stilecar.it\/de\/?s={search_term_string}\"},\"query-input\":\"required name=search_term_string\"}],\"inLanguage\":\"fr-FR\"},{\"@type\":\"Organization\",\"@id\":\"https:\/\/stilecar.it\/de\/#organization\",\"name\":\"Stilecar.it\",\"url\":\"https:\/\/stilecar.it\/de\/\",\"logo\":{\"@type\":\"ImageObject\",\"inLanguage\":\"fr-FR\",\"@id\":\"https:\/\/stilecar.it\/de\/#\/schema\/logo\/image\/\",\"url\":\"https:\/\/stilecar.it\/wp-content\/uploads\/2024\/01\/stilecar-it-uncategorized-253.svg\",\"contentUrl\":\"https:\/\/stilecar.it\/wp-content\/uploads\/2024\/01\/stilecar-it-uncategorized-253.svg\",\"width\":622.7,\"height\":202.3,\"caption\":\"Stilecar.it\"},\"image\":{\"@id\":\"https:\/\/stilecar.it\/de\/#\/schema\/logo\/image\/\"},\"sameAs\":[\"https:\/\/www.facebook.com\/p\/Stile-Carit-Srls-100057527706721\/\"]}]}<\/script>\n<!-- \/ Yoast SEO Premium plugin. -->","yoast_head_json":{"title":"Vendita Auto Usate al miglior prezzo | Stilecar.it","description":"Vendita auto usate. Automobili di tutte le marche. Finanziamenti e garanzie. Possibilit\u00e0 di prenotazioni e acquisto online.","robots":{"index":"index","follow":"follow","max-snippet":"max-snippet:-1","max-image-preview":"max-image-preview:large","max-video-preview":"max-video-preview:-1"},"canonical":"https:\/\/stilecar.it\/privacy-policy\/","og_locale":"fr_FR","og_type":"article","og_title":"Privacy Policy","og_description":"Vendita auto usate. Automobili di tutte le marche. Finanziamenti e garanzie. Possibilit\u00e0 di prenotazioni e acquisto online.","og_url":"https:\/\/stilecar.it\/fr\/politique-de-confidentialite\/","og_site_name":"Stilecar.it","article_publisher":"https:\/\/www.facebook.com\/p\/Stile-Carit-Srls-100057527706721\/","article_modified_time":"2024-03-06T18:22:20+00:00","twitter_card":"summary_large_image","twitter_misc":{"Dur\u00e9e de lecture estim\u00e9e":"10 minutes"},"schema":{"@context":"https:\/\/schema.org","@graph":[{"@type":"WebPage","@id":"https:\/\/stilecar.it\/privacy-policy\/","url":"https:\/\/stilecar.it\/privacy-policy\/","name":"Vendita Auto Usate al miglior prezzo | Stilecar.it","isPartOf":{"@id":"https:\/\/stilecar.it\/de\/#website"},"datePublished":"2021-04-06T12:45:23+00:00","dateModified":"2024-03-06T18:22:20+00:00","description":"Vendita auto usate. Automobili di tutte le marche. Finanziamenti e garanzie. Possibilit\u00e0 di prenotazioni e acquisto online.","breadcrumb":{"@id":"https:\/\/stilecar.it\/privacy-policy\/#breadcrumb"},"inLanguage":"fr-FR","potentialAction":[{"@type":"ReadAction","target":["https:\/\/stilecar.it\/privacy-policy\/"]}]},{"@type":"BreadcrumbList","@id":"https:\/\/stilecar.it\/privacy-policy\/#breadcrumb","itemListElement":[{"@type":"ListItem","position":1,"name":"Home","item":"https:\/\/stilecar.it\/"},{"@type":"ListItem","position":2,"name":"Privacy Policy"}]},{"@type":"WebSite","@id":"https:\/\/stilecar.it\/de\/#website","url":"https:\/\/stilecar.it\/de\/","name":"Stilecar.it","description":"Vendita Auto. Nuovo - Usato - KM 0","publisher":{"@id":"https:\/\/stilecar.it\/de\/#organization"},"potentialAction":[{"@type":"SearchAction","target":{"@type":"EntryPoint","urlTemplate":"https:\/\/stilecar.it\/de\/?s={search_term_string}"},"query-input":"required name=search_term_string"}],"inLanguage":"fr-FR"},{"@type":"Organization","@id":"https:\/\/stilecar.it\/de\/#organization","name":"Stilecar.it","url":"https:\/\/stilecar.it\/de\/","logo":{"@type":"ImageObject","inLanguage":"fr-FR","@id":"https:\/\/stilecar.it\/de\/#\/schema\/logo\/image\/","url":"https:\/\/stilecar.it\/wp-content\/uploads\/2024\/01\/stilecar-it-uncategorized-253.svg","contentUrl":"https:\/\/stilecar.it\/wp-content\/uploads\/2024\/01\/stilecar-it-uncategorized-253.svg","width":622.7,"height":202.3,"caption":"Stilecar.it"},"image":{"@id":"https:\/\/stilecar.it\/de\/#\/schema\/logo\/image\/"},"sameAs":["https:\/\/www.facebook.com\/p\/Stile-Carit-Srls-100057527706721\/"]}]}},"blocks":[{"blockName":null,"attrs":[],"innerBlocks":[],"innerHTML":"<h2>Informativa sulla<\/h2>\t\t\n\t\t\t<h2>Privacy Policy<\/h2>\t\t\n\t\t\t<h2>Sito conforme al Regolamento Generale sulla Protezione dei Dati in sigla RGPD, ufficialmente regolamento n. 2016\/679<\/h2>\t\t\n\t\t\t<h6>Questa Applicazione raccoglie alcuni Dati Personali dei propri Utenti.\n<\/h6>\t\t\n\t\t<p>Titolare del Trattamento dei Dati<br>\nStilecar srls<\/p><p>\nVia A.De Gasperi, 71 - 71045 Orta Nova (FG)<br>\nITALY<br>\nP.IVA IT04465880716<\/p>\n<p>Indirizzo email del Titolare: info[@]stilecar.it<\/p>\n<p>Tipologie di Dati raccolti<br>\nFra i Dati Personali raccolti da questa Applicazione, in modo autonomo o tramite terze parti, ci sono: Cookie; Dati di utilizzo; email; nome; cognome; numero di telefono.<\/p>\n<p>Dettagli completi su ciascuna tipologia di dati raccolti sono forniti nelle sezioni dedicate di questa privacy policy o mediante specifici testi informativi visualizzati prima della raccolta dei dati stessi.<br>\nI Dati Personali possono essere liberamente forniti dall\u2019Utente o, nel caso di Dati di Utilizzo, raccolti automaticamente durante l\u2019uso di questa Applicazione.<\/p>\n<p>Se non diversamente specificato, tutti i Dati richiesti da questa Applicazione sono obbligatori. Se l\u2019Utente rifiuta di comunicarli, potrebbe essere impossibile per questa Applicazione fornire il Servizio. Nei casi in cui questa Applicazione indichi alcuni Dati come facoltativi, gli Utenti sono liberi di astenersi dal comunicare tali Dati, senza che ci\u00f2 abbia alcuna conseguenza sulla disponibilit\u00e0 del Servizio o sulla sua operativit\u00e0.<br>\nGli Utenti che dovessero avere dubbi su quali Dati siano obbligatori, sono incoraggiati a contattare il Titolare.<br>\nL\u2019eventuale utilizzo di Cookie \u2013 o di altri strumenti di tracciamento \u2013 da parte di questa Applicazione o dei titolari dei servizi terzi utilizzati da questa Applicazione, ove non diversamente precisato, ha la finalit\u00e0 di fornire il Servizio richiesto dall\u2019Utente, oltre alle ulteriori finalit\u00e0 descritte nel presente documento e nella Cookie Policy, se disponibile.<\/p>\n<p>L\u2019Utente si assume la responsabilit\u00e0 dei Dati Personali di terzi ottenuti, pubblicati o condivisi mediante questa Applicazione e garantisce di avere il diritto di comunicarli o diffonderli, liberando il Titolare da qualsiasi responsabilit\u00e0 verso terzi.<\/p>\n<p>Modalit\u00e0 e luogo del trattamento dei Dati raccolti<\/p>\n<p>Modalit\u00e0 di trattamento<br>\nIl Titolare adotta le opportune misure di sicurezza volte ad impedire l\u2019accesso, la divulgazione, la modifica o la distruzione non autorizzate dei Dati Personali.<br>\nIl trattamento viene effettuato mediante strumenti informatici e\/o telematici, con modalit\u00e0 organizzative e con logiche strettamente correlate alle finalit\u00e0 indicate. Oltre al Titolare, in alcuni casi, potrebbero avere accesso ai Dati altri soggetti coinvolti nell\u2019organizzazione di questa Applicazione (personale amministrativo, commerciale, marketing, legali, amministratori di sistema) ovvero soggetti esterni (come fornitori di servizi tecnici terzi, corrieri postali, hosting provider, societ\u00e0 informatiche, agenzie di comunicazione) nominati anche, se necessario, Responsabili del Trattamento da parte del Titolare. L\u2019elenco aggiornato dei Responsabili potr\u00e0 sempre essere richiesto al Titolare del Trattamento.<\/p>\n<p>Base giuridica del trattamento<br>\nIl Titolare tratta Dati Personali relativi all\u2019Utente in caso sussista una delle seguenti condizioni:<\/p>\n<p>l\u2019Utente ha prestato il consenso per una o pi\u00f9 finalit\u00e0 specifiche; Nota: in alcuni ordinamenti il Titolare pu\u00f2 essere autorizzato a trattare Dati Personali senza che debba sussistere il consenso dell\u2019Utente o un\u2019altra delle basi giuridiche specificate di seguito, fino a quando l\u2019Utente non si opponga (\u201copt-out\u201d) a tale trattamento. Ci\u00f2 non \u00e8 tuttavia applicabile qualora il trattamento di Dati Personali sia regolato dalla legislazione europea in materia di protezione dei Dati Personali;<br>\nil trattamento \u00e8 necessario all\u2019esecuzione di un contratto con l\u2019Utente e\/o all\u2019esecuzione di misure precontrattuali;<br>\nil trattamento \u00e8 necessario per adempiere un obbligo legale al quale \u00e8 soggetto il Titolare;<br>\nil trattamento \u00e8 necessario per l\u2019esecuzione di un compito di interesse pubblico o per l\u2019esercizio di pubblici poteri di cui \u00e8 investito il Titolare;<br>\nil trattamento \u00e8 necessario per il perseguimento del legittimo interesse del Titolare o di terzi.<br>\n\u00c8 comunque sempre possibile richiedere al Titolare di chiarire la concreta base giuridica di ciascun trattamento ed in particolare di specificare se il trattamento sia basato sulla legge, previsto da un contratto o necessario per concludere un contratto.<\/p>\n<p>Luogo<br>\nI Dati sono trattati presso le sedi operative del Titolare ed in ogni altro luogo in cui le parti coinvolte nel trattamento siano localizzate. Per ulteriori informazioni, contatta il Titolare.<br>\nI Dati Personali dell\u2019Utente potrebbero essere trasferiti in un paese diverso da quello in cui l\u2019Utente si trova. Per ottenere ulteriori informazioni sul luogo del trattamento l\u2019Utente pu\u00f2 fare riferimento alla sezione relativa ai dettagli sul trattamento dei Dati Personali.<\/p>\n<p>L\u2019Utente ha diritto a ottenere informazioni in merito alla base giuridica del trasferimento di Dati al di fuori dell\u2019Unione Europea o ad un\u2019organizzazione internazionale di diritto internazionale pubblico o costituita da due o pi\u00f9 paesi, come ad esempio l\u2019ONU, nonch\u00e9 in merito alle misure di sicurezza adottate dal Titolare per proteggere i Dati.<\/p>\n<p>L\u2019Utente pu\u00f2 verificare se abbia luogo uno dei trasferimenti appena descritti esaminando la sezione di questo documento relativa ai dettagli sul trattamento di Dati Personali o chiedere informazioni al Titolare contattandolo agli estremi riportati in apertura.<\/p>\n<p>Periodo di conservazione<br>\nI Dati sono trattati e conservati per il tempo richiesto dalle finalit\u00e0 per le quali sono stati raccolti.<\/p>\n<p>Pertanto:<\/p>\n<p>I Dati Personali raccolti per scopi collegati all\u2019esecuzione di un contratto tra il Titolare e l\u2019Utente saranno trattenuti sino a quando sia completata l\u2019esecuzione di tale contratto.<br>\nI Dati Personali raccolti per finalit\u00e0 riconducibili all\u2019interesse legittimo del Titolare saranno trattenuti sino al soddisfacimento di tale interesse. L\u2019Utente pu\u00f2 ottenere ulteriori informazioni in merito all\u2019interesse legittimo perseguito dal Titolare nelle relative sezioni di questo documento o contattando il Titolare.<br>\nQuando il trattamento \u00e8 basato sul consenso dell\u2019Utente, il Titolare pu\u00f2 conservare i Dati Personali pi\u00f9 a lungo sino a quando detto consenso non venga revocato. Inoltre, il Titolare potrebbe essere obbligato a conservare i Dati Personali per un periodo pi\u00f9 lungo in ottemperanza ad un obbligo di legge o per ordine di un\u2019autorit\u00e0.<\/p>\n<p>Al termine del periodo di conservazione i Dati Personali saranno cancellati. Pertanto, allo spirare di tale termine il diritto di accesso, cancellazione, rettificazione ed il diritto alla portabilit\u00e0 dei Dati non potranno pi\u00f9 essere esercitati.<\/p>\n<p>Finalit\u00e0 del Trattamento dei Dati raccolti<br>\nI Dati dell\u2019Utente sono raccolti per consentire al Titolare di fornire i propri Servizi, cos\u00ec come per le seguenti finalit\u00e0: Interazione con social network e piattaforme esterne, Contattare l\u2019Utente e Statistica.<\/p>\n<p>Per ottenere ulteriori informazioni dettagliate sulle finalit\u00e0 del trattamento e sui Dati Personali concretamente rilevanti per ciascuna finalit\u00e0, l\u2019Utente pu\u00f2 fare riferimento alle relative sezioni di questo documento.<\/p>\n<p>Dettagli sul trattamento dei Dati Personali<br>\nI Dati Personali sono raccolti per le seguenti finalit\u00e0 ed utilizzando i seguenti servizi:<\/p>\n<p>Diritti dell\u2019Utente<br>\nGli Utenti possono esercitare determinati diritti con riferimento ai Dati trattati dal Titolare.<\/p>\n<p>In particolare, l\u2019Utente ha il diritto di:<\/p>\n<p>revocare il consenso in ogni momento. L\u2019Utente pu\u00f2 revocare il consenso al trattamento dei propri Dati Personali precedentemente espresso.<br>\nopporsi al trattamento dei propri Dati. L\u2019Utente pu\u00f2 opporsi al trattamento dei propri Dati quando esso avviene su una base giuridica diversa dal consenso. Ulteriori dettagli sul diritto di opposizione sono indicati nella sezione sottostante.<br>\naccedere ai propri Dati. L\u2019Utente ha diritto ad ottenere informazioni sui Dati trattati dal Titolare, su determinati aspetti del trattamento ed a ricevere una copia dei Dati trattati.<br>\nverificare e chiedere la rettificazione. L\u2019Utente pu\u00f2 verificare la correttezza dei propri Dati e richiederne l\u2019aggiornamento o la correzione.<br>\nottenere la limitazione del trattamento. Quando ricorrono determinate condizioni, l\u2019Utente pu\u00f2 richiedere la limitazione del trattamento dei propri Dati. In tal caso il Titolare non tratter\u00e0 i Dati per alcun altro scopo se non la loro conservazione.<br>\nottenere la cancellazione o rimozione dei propri Dati Personali. Quando ricorrono determinate condizioni, l\u2019Utente pu\u00f2 richiedere la cancellazione dei propri Dati da parte del Titolare.<br>\nricevere i propri Dati o farli trasferire ad altro titolare. L\u2019Utente ha diritto di ricevere i propri Dati in formato strutturato, di uso comune e leggibile da dispositivo automatico e, ove tecnicamente fattibile, di ottenerne il trasferimento senza ostacoli ad un altro titolare. Questa disposizione \u00e8 applicabile quando i Dati sono trattati con strumenti automatizzati ed il trattamento \u00e8 basato sul consenso dell\u2019Utente, su un contratto di cui l\u2019Utente \u00e8 parte o su misure contrattuali ad esso connesse.<br>\nproporre reclamo. L\u2019Utente pu\u00f2 proporre un reclamo all\u2019autorit\u00e0 di controllo della protezione dei dati personali competente o agire in sede giudiziale.<br>\nDettagli sul diritto di opposizione<br>\nQuando i Dati Personali sono trattati nell\u2019interesse pubblico, nell\u2019esercizio di pubblici poteri di cui \u00e8 investito il Titolare oppure per perseguire un interesse legittimo del Titolare, gli Utenti hanno diritto ad opporsi al trattamento per motivi connessi alla loro situazione particolare.<\/p>\n<p>Si fa presente agli Utenti che, ove i loro Dati fossero trattati con finalit\u00e0 di marketing diretto, possono opporsi al trattamento senza fornire alcuna motivazione. Per scoprire se il Titolare tratti dati con finalit\u00e0 di marketing diretto gli Utenti possono fare riferimento alle rispettive sezioni di questo documento.<\/p>\n<p>Come esercitare i diritti<br>\nPer esercitare i diritti dell\u2019Utente, gli Utenti possono indirizzare una richiesta agli estremi di contatto del Titolare indicati in questo documento. Le richieste sono depositate a titolo gratuito e evase dal Titolare nel pi\u00f9 breve tempo possibile, in ogni caso entro un mese.<\/p>\n<p>Ulteriori informazioni sul trattamento<\/p>\n<p>Difesa in giudizio<br>\nI Dati Personali dell\u2019Utente possono essere utilizzati da parte del Titolare in giudizio o nelle fasi preparatorie alla sua eventuale instaurazione per la difesa da abusi nell\u2019utilizzo di questa Applicazione o dei Servizi connessi da parte dell\u2019Utente.<br>\nL\u2019Utente dichiara di essere consapevole che il Titolare potrebbe essere obbligato a rivelare i Dati per ordine delle autorit\u00e0 pubbliche.<\/p>\n<p>Informative specifiche<br>\nSu richiesta dell\u2019Utente, in aggiunta alle informazioni contenute in questa privacy policy, questa Applicazione potrebbe fornire all\u2019Utente delle informative aggiuntive e contestuali riguardanti Servizi specifici, o la raccolta ed il trattamento di Dati Personali.<\/p>\n<p>Log di sistema e manutenzione<br>\nPer necessit\u00e0 legate al funzionamento ed alla manutenzione, questa Applicazione e gli eventuali servizi terzi da essa utilizzati potrebbero raccogliere log di sistema, ossia file che registrano le interazioni e che possono contenere anche Dati Personali, quali l\u2019indirizzo IP Utente.<\/p>\n<p>Informazioni non contenute in questa policy<br>\nUlteriori informazioni in relazione al trattamento dei Dati Personali potranno essere richieste in qualsiasi momento al Titolare del Trattamento utilizzando gli estremi di contatto.<\/p>\n<p>Risposta alle richieste \u201cDo Not Track\u201d<br>\nQuesta Applicazione non supporta le richieste \u201cDo Not Track\u201d.<br>\nPer scoprire se gli eventuali servizi di terze parti utilizzati le supportino, l\u2019Utente \u00e8 invitato a consultare le rispettive privacy policy.<\/p>\n<p>Modifiche a questa privacy policy<br>\nIl Titolare del Trattamento si riserva il diritto di apportare modifiche alla presente privacy policy in qualunque momento dandone informazione agli Utenti su questa pagina e, se possibile, su questa Applicazione nonch\u00e9, qualora tecnicamente e legalmente fattibile, inviando una notifica agli Utenti attraverso uno degli estremi di contatto di cui \u00e8 in possesso il Titolare . Si prega dunque di consultare regolarmente questa pagina, facendo riferimento alla data di ultima modifica indicata in fondo.<\/p>\n<p>Qualora le modifiche interessino trattamenti la cui base giuridica \u00e8 il consenso, il Titolare provveder\u00e0 a raccogliere nuovamente il consenso dell\u2019Utente, se necessario.<\/p>\t\t\n\t\t\t<h2>chiamaci<\/h2>\t\t\n\t\t\t<h2>I nostri clienti hanno fiducia in noi<\/h2>\t\t\n\t\t\t\t\t<ul>\n\t\t\t\t\t\t\t<li>\n\t\t\t\t\t\t\t\t\t\t+ (39) 333 4254654\n\t\t\t\t\t\t\t\t\t<\/li>\n\t\t\t\t\t\t<\/ul>\n\t\t\t\t\t<ul>\n\t\t\t\t\t\t\t<li>\n\t\t\t\t\t\t\t\t\t\t+ (39) 334 9858258\n\t\t\t\t\t\t\t\t\t<\/li>\n\t\t\t\t\t\t<\/ul>\n\t\t\t<h5>Trova il Veicolo Perfetto &nbsp;per il Tuo Stile<\/h5>\t\t\n\t\t\t<!-- start Creative Button Hovers -->\n\t\t<link id='uc_ac_assets_file_uc_creative_buttons_css_1983-css' href='https:\/\/stilecar.it\/wp-content\/uploads\/ac_assets\/uc_creative_buttons\/uc_creative_buttons.css' type='text\/css' rel='stylesheet' >\n\t\t\t<style type=\"text\/css\">\/* widget: Creative Button Hovers *\/\n#uc_creative_buttons_elementor_d1f22573.uc_creative_buttons{\n  text-align: center;\n}\n#uc_creative_buttons_elementor_d1f22573.uc_creative_buttons .uc_button,\n#uc_creative_buttons_elementor_d1f22573.uc_creative_buttons .uc_button::after {\n\ttransition: all 0.3s;\n}\n#uc_creative_buttons_elementor_d1f22573.uc_creative_buttons .uc_button {\n  display: inline-block;\n  overflow:hidden;\n}\n<\/style>\n    <a href=\"\/contatti\" >Contattaci<\/a>\n\t\t\t<!-- end Creative Button Hovers -->","innerContent":["<h2>Informativa sulla<\/h2>\t\t\n\t\t\t<h2>Privacy Policy<\/h2>\t\t\n\t\t\t<h2>Sito conforme al Regolamento Generale sulla Protezione dei Dati in sigla RGPD, ufficialmente regolamento n. 2016\/679<\/h2>\t\t\n\t\t\t<h6>Questa Applicazione raccoglie alcuni Dati Personali dei propri Utenti.\n<\/h6>\t\t\n\t\t<p>Titolare del Trattamento dei Dati<br>\nStilecar srls<\/p><p>\nVia A.De Gasperi, 71 - 71045 Orta Nova (FG)<br>\nITALY<br>\nP.IVA IT04465880716<\/p>\n<p>Indirizzo email del Titolare: info[@]stilecar.it<\/p>\n<p>Tipologie di Dati raccolti<br>\nFra i Dati Personali raccolti da questa Applicazione, in modo autonomo o tramite terze parti, ci sono: Cookie; Dati di utilizzo; email; nome; cognome; numero di telefono.<\/p>\n<p>Dettagli completi su ciascuna tipologia di dati raccolti sono forniti nelle sezioni dedicate di questa privacy policy o mediante specifici testi informativi visualizzati prima della raccolta dei dati stessi.<br>\nI Dati Personali possono essere liberamente forniti dall\u2019Utente o, nel caso di Dati di Utilizzo, raccolti automaticamente durante l\u2019uso di questa Applicazione.<\/p>\n<p>Se non diversamente specificato, tutti i Dati richiesti da questa Applicazione sono obbligatori. Se l\u2019Utente rifiuta di comunicarli, potrebbe essere impossibile per questa Applicazione fornire il Servizio. Nei casi in cui questa Applicazione indichi alcuni Dati come facoltativi, gli Utenti sono liberi di astenersi dal comunicare tali Dati, senza che ci\u00f2 abbia alcuna conseguenza sulla disponibilit\u00e0 del Servizio o sulla sua operativit\u00e0.<br>\nGli Utenti che dovessero avere dubbi su quali Dati siano obbligatori, sono incoraggiati a contattare il Titolare.<br>\nL\u2019eventuale utilizzo di Cookie \u2013 o di altri strumenti di tracciamento \u2013 da parte di questa Applicazione o dei titolari dei servizi terzi utilizzati da questa Applicazione, ove non diversamente precisato, ha la finalit\u00e0 di fornire il Servizio richiesto dall\u2019Utente, oltre alle ulteriori finalit\u00e0 descritte nel presente documento e nella Cookie Policy, se disponibile.<\/p>\n<p>L\u2019Utente si assume la responsabilit\u00e0 dei Dati Personali di terzi ottenuti, pubblicati o condivisi mediante questa Applicazione e garantisce di avere il diritto di comunicarli o diffonderli, liberando il Titolare da qualsiasi responsabilit\u00e0 verso terzi.<\/p>\n<p>Modalit\u00e0 e luogo del trattamento dei Dati raccolti<\/p>\n<p>Modalit\u00e0 di trattamento<br>\nIl Titolare adotta le opportune misure di sicurezza volte ad impedire l\u2019accesso, la divulgazione, la modifica o la distruzione non autorizzate dei Dati Personali.<br>\nIl trattamento viene effettuato mediante strumenti informatici e\/o telematici, con modalit\u00e0 organizzative e con logiche strettamente correlate alle finalit\u00e0 indicate. Oltre al Titolare, in alcuni casi, potrebbero avere accesso ai Dati altri soggetti coinvolti nell\u2019organizzazione di questa Applicazione (personale amministrativo, commerciale, marketing, legali, amministratori di sistema) ovvero soggetti esterni (come fornitori di servizi tecnici terzi, corrieri postali, hosting provider, societ\u00e0 informatiche, agenzie di comunicazione) nominati anche, se necessario, Responsabili del Trattamento da parte del Titolare. L\u2019elenco aggiornato dei Responsabili potr\u00e0 sempre essere richiesto al Titolare del Trattamento.<\/p>\n<p>Base giuridica del trattamento<br>\nIl Titolare tratta Dati Personali relativi all\u2019Utente in caso sussista una delle seguenti condizioni:<\/p>\n<p>l\u2019Utente ha prestato il consenso per una o pi\u00f9 finalit\u00e0 specifiche; Nota: in alcuni ordinamenti il Titolare pu\u00f2 essere autorizzato a trattare Dati Personali senza che debba sussistere il consenso dell\u2019Utente o un\u2019altra delle basi giuridiche specificate di seguito, fino a quando l\u2019Utente non si opponga (\u201copt-out\u201d) a tale trattamento. Ci\u00f2 non \u00e8 tuttavia applicabile qualora il trattamento di Dati Personali sia regolato dalla legislazione europea in materia di protezione dei Dati Personali;<br>\nil trattamento \u00e8 necessario all\u2019esecuzione di un contratto con l\u2019Utente e\/o all\u2019esecuzione di misure precontrattuali;<br>\nil trattamento \u00e8 necessario per adempiere un obbligo legale al quale \u00e8 soggetto il Titolare;<br>\nil trattamento \u00e8 necessario per l\u2019esecuzione di un compito di interesse pubblico o per l\u2019esercizio di pubblici poteri di cui \u00e8 investito il Titolare;<br>\nil trattamento \u00e8 necessario per il perseguimento del legittimo interesse del Titolare o di terzi.<br>\n\u00c8 comunque sempre possibile richiedere al Titolare di chiarire la concreta base giuridica di ciascun trattamento ed in particolare di specificare se il trattamento sia basato sulla legge, previsto da un contratto o necessario per concludere un contratto.<\/p>\n<p>Luogo<br>\nI Dati sono trattati presso le sedi operative del Titolare ed in ogni altro luogo in cui le parti coinvolte nel trattamento siano localizzate. Per ulteriori informazioni, contatta il Titolare.<br>\nI Dati Personali dell\u2019Utente potrebbero essere trasferiti in un paese diverso da quello in cui l\u2019Utente si trova. Per ottenere ulteriori informazioni sul luogo del trattamento l\u2019Utente pu\u00f2 fare riferimento alla sezione relativa ai dettagli sul trattamento dei Dati Personali.<\/p>\n<p>L\u2019Utente ha diritto a ottenere informazioni in merito alla base giuridica del trasferimento di Dati al di fuori dell\u2019Unione Europea o ad un\u2019organizzazione internazionale di diritto internazionale pubblico o costituita da due o pi\u00f9 paesi, come ad esempio l\u2019ONU, nonch\u00e9 in merito alle misure di sicurezza adottate dal Titolare per proteggere i Dati.<\/p>\n<p>L\u2019Utente pu\u00f2 verificare se abbia luogo uno dei trasferimenti appena descritti esaminando la sezione di questo documento relativa ai dettagli sul trattamento di Dati Personali o chiedere informazioni al Titolare contattandolo agli estremi riportati in apertura.<\/p>\n<p>Periodo di conservazione<br>\nI Dati sono trattati e conservati per il tempo richiesto dalle finalit\u00e0 per le quali sono stati raccolti.<\/p>\n<p>Pertanto:<\/p>\n<p>I Dati Personali raccolti per scopi collegati all\u2019esecuzione di un contratto tra il Titolare e l\u2019Utente saranno trattenuti sino a quando sia completata l\u2019esecuzione di tale contratto.<br>\nI Dati Personali raccolti per finalit\u00e0 riconducibili all\u2019interesse legittimo del Titolare saranno trattenuti sino al soddisfacimento di tale interesse. L\u2019Utente pu\u00f2 ottenere ulteriori informazioni in merito all\u2019interesse legittimo perseguito dal Titolare nelle relative sezioni di questo documento o contattando il Titolare.<br>\nQuando il trattamento \u00e8 basato sul consenso dell\u2019Utente, il Titolare pu\u00f2 conservare i Dati Personali pi\u00f9 a lungo sino a quando detto consenso non venga revocato. Inoltre, il Titolare potrebbe essere obbligato a conservare i Dati Personali per un periodo pi\u00f9 lungo in ottemperanza ad un obbligo di legge o per ordine di un\u2019autorit\u00e0.<\/p>\n<p>Al termine del periodo di conservazione i Dati Personali saranno cancellati. Pertanto, allo spirare di tale termine il diritto di accesso, cancellazione, rettificazione ed il diritto alla portabilit\u00e0 dei Dati non potranno pi\u00f9 essere esercitati.<\/p>\n<p>Finalit\u00e0 del Trattamento dei Dati raccolti<br>\nI Dati dell\u2019Utente sono raccolti per consentire al Titolare di fornire i propri Servizi, cos\u00ec come per le seguenti finalit\u00e0: Interazione con social network e piattaforme esterne, Contattare l\u2019Utente e Statistica.<\/p>\n<p>Per ottenere ulteriori informazioni dettagliate sulle finalit\u00e0 del trattamento e sui Dati Personali concretamente rilevanti per ciascuna finalit\u00e0, l\u2019Utente pu\u00f2 fare riferimento alle relative sezioni di questo documento.<\/p>\n<p>Dettagli sul trattamento dei Dati Personali<br>\nI Dati Personali sono raccolti per le seguenti finalit\u00e0 ed utilizzando i seguenti servizi:<\/p>\n<p>Diritti dell\u2019Utente<br>\nGli Utenti possono esercitare determinati diritti con riferimento ai Dati trattati dal Titolare.<\/p>\n<p>In particolare, l\u2019Utente ha il diritto di:<\/p>\n<p>revocare il consenso in ogni momento. L\u2019Utente pu\u00f2 revocare il consenso al trattamento dei propri Dati Personali precedentemente espresso.<br>\nopporsi al trattamento dei propri Dati. L\u2019Utente pu\u00f2 opporsi al trattamento dei propri Dati quando esso avviene su una base giuridica diversa dal consenso. Ulteriori dettagli sul diritto di opposizione sono indicati nella sezione sottostante.<br>\naccedere ai propri Dati. L\u2019Utente ha diritto ad ottenere informazioni sui Dati trattati dal Titolare, su determinati aspetti del trattamento ed a ricevere una copia dei Dati trattati.<br>\nverificare e chiedere la rettificazione. L\u2019Utente pu\u00f2 verificare la correttezza dei propri Dati e richiederne l\u2019aggiornamento o la correzione.<br>\nottenere la limitazione del trattamento. Quando ricorrono determinate condizioni, l\u2019Utente pu\u00f2 richiedere la limitazione del trattamento dei propri Dati. In tal caso il Titolare non tratter\u00e0 i Dati per alcun altro scopo se non la loro conservazione.<br>\nottenere la cancellazione o rimozione dei propri Dati Personali. Quando ricorrono determinate condizioni, l\u2019Utente pu\u00f2 richiedere la cancellazione dei propri Dati da parte del Titolare.<br>\nricevere i propri Dati o farli trasferire ad altro titolare. L\u2019Utente ha diritto di ricevere i propri Dati in formato strutturato, di uso comune e leggibile da dispositivo automatico e, ove tecnicamente fattibile, di ottenerne il trasferimento senza ostacoli ad un altro titolare. Questa disposizione \u00e8 applicabile quando i Dati sono trattati con strumenti automatizzati ed il trattamento \u00e8 basato sul consenso dell\u2019Utente, su un contratto di cui l\u2019Utente \u00e8 parte o su misure contrattuali ad esso connesse.<br>\nproporre reclamo. L\u2019Utente pu\u00f2 proporre un reclamo all\u2019autorit\u00e0 di controllo della protezione dei dati personali competente o agire in sede giudiziale.<br>\nDettagli sul diritto di opposizione<br>\nQuando i Dati Personali sono trattati nell\u2019interesse pubblico, nell\u2019esercizio di pubblici poteri di cui \u00e8 investito il Titolare oppure per perseguire un interesse legittimo del Titolare, gli Utenti hanno diritto ad opporsi al trattamento per motivi connessi alla loro situazione particolare.<\/p>\n<p>Si fa presente agli Utenti che, ove i loro Dati fossero trattati con finalit\u00e0 di marketing diretto, possono opporsi al trattamento senza fornire alcuna motivazione. Per scoprire se il Titolare tratti dati con finalit\u00e0 di marketing diretto gli Utenti possono fare riferimento alle rispettive sezioni di questo documento.<\/p>\n<p>Come esercitare i diritti<br>\nPer esercitare i diritti dell\u2019Utente, gli Utenti possono indirizzare una richiesta agli estremi di contatto del Titolare indicati in questo documento. Le richieste sono depositate a titolo gratuito e evase dal Titolare nel pi\u00f9 breve tempo possibile, in ogni caso entro un mese.<\/p>\n<p>Ulteriori informazioni sul trattamento<\/p>\n<p>Difesa in giudizio<br>\nI Dati Personali dell\u2019Utente possono essere utilizzati da parte del Titolare in giudizio o nelle fasi preparatorie alla sua eventuale instaurazione per la difesa da abusi nell\u2019utilizzo di questa Applicazione o dei Servizi connessi da parte dell\u2019Utente.<br>\nL\u2019Utente dichiara di essere consapevole che il Titolare potrebbe essere obbligato a rivelare i Dati per ordine delle autorit\u00e0 pubbliche.<\/p>\n<p>Informative specifiche<br>\nSu richiesta dell\u2019Utente, in aggiunta alle informazioni contenute in questa privacy policy, questa Applicazione potrebbe fornire all\u2019Utente delle informative aggiuntive e contestuali riguardanti Servizi specifici, o la raccolta ed il trattamento di Dati Personali.<\/p>\n<p>Log di sistema e manutenzione<br>\nPer necessit\u00e0 legate al funzionamento ed alla manutenzione, questa Applicazione e gli eventuali servizi terzi da essa utilizzati potrebbero raccogliere log di sistema, ossia file che registrano le interazioni e che possono contenere anche Dati Personali, quali l\u2019indirizzo IP Utente.<\/p>\n<p>Informazioni non contenute in questa policy<br>\nUlteriori informazioni in relazione al trattamento dei Dati Personali potranno essere richieste in qualsiasi momento al Titolare del Trattamento utilizzando gli estremi di contatto.<\/p>\n<p>Risposta alle richieste \u201cDo Not Track\u201d<br>\nQuesta Applicazione non supporta le richieste \u201cDo Not Track\u201d.<br>\nPer scoprire se gli eventuali servizi di terze parti utilizzati le supportino, l\u2019Utente \u00e8 invitato a consultare le rispettive privacy policy.<\/p>\n<p>Modifiche a questa privacy policy<br>\nIl Titolare del Trattamento si riserva il diritto di apportare modifiche alla presente privacy policy in qualunque momento dandone informazione agli Utenti su questa pagina e, se possibile, su questa Applicazione nonch\u00e9, qualora tecnicamente e legalmente fattibile, inviando una notifica agli Utenti attraverso uno degli estremi di contatto di cui \u00e8 in possesso il Titolare . Si prega dunque di consultare regolarmente questa pagina, facendo riferimento alla data di ultima modifica indicata in fondo.<\/p>\n<p>Qualora le modifiche interessino trattamenti la cui base giuridica \u00e8 il consenso, il Titolare provveder\u00e0 a raccogliere nuovamente il consenso dell\u2019Utente, se necessario.<\/p>\t\t\n\t\t\t<h2>chiamaci<\/h2>\t\t\n\t\t\t<h2>I nostri clienti hanno fiducia in noi<\/h2>\t\t\n\t\t\t\t\t<ul>\n\t\t\t\t\t\t\t<li>\n\t\t\t\t\t\t\t\t\t\t+ (39) 333 4254654\n\t\t\t\t\t\t\t\t\t<\/li>\n\t\t\t\t\t\t<\/ul>\n\t\t\t\t\t<ul>\n\t\t\t\t\t\t\t<li>\n\t\t\t\t\t\t\t\t\t\t+ (39) 334 9858258\n\t\t\t\t\t\t\t\t\t<\/li>\n\t\t\t\t\t\t<\/ul>\n\t\t\t<h5>Trova il Veicolo Perfetto &nbsp;per il Tuo Stile<\/h5>\t\t\n\t\t\t<!-- start Creative Button Hovers -->\n\t\t<link id='uc_ac_assets_file_uc_creative_buttons_css_1983-css' href='https:\/\/stilecar.it\/wp-content\/uploads\/ac_assets\/uc_creative_buttons\/uc_creative_buttons.css' type='text\/css' rel='stylesheet' >\n\t\t\t<style type=\"text\/css\">\/* widget: Creative Button Hovers *\/\n#uc_creative_buttons_elementor_d1f22573.uc_creative_buttons{\n  text-align: center;\n}\n#uc_creative_buttons_elementor_d1f22573.uc_creative_buttons .uc_button,\n#uc_creative_buttons_elementor_d1f22573.uc_creative_buttons .uc_button::after {\n\ttransition: all 0.3s;\n}\n#uc_creative_buttons_elementor_d1f22573.uc_creative_buttons .uc_button {\n  display: inline-block;\n  overflow:hidden;\n}\n<\/style>\n    <a href=\"\/contatti\" >Contattaci<\/a>\n\t\t\t<!-- end Creative Button Hovers -->"]}],"_links":{"self":[{"href":"https:\/\/stilecar.it\/fr\/wp-json\/wp\/v2\/pages\/12651"}],"collection":[{"href":"https:\/\/stilecar.it\/fr\/wp-json\/wp\/v2\/pages"}],"about":[{"href":"https:\/\/stilecar.it\/fr\/wp-json\/wp\/v2\/types\/page"}],"author":[{"embeddable":true,"href":"https:\/\/stilecar.it\/fr\/wp-json\/wp\/v2\/users\/6"}],"replies":[{"embeddable":true,"href":"https:\/\/stilecar.it\/fr\/wp-json\/wp\/v2\/comments?post=12651"}],"version-history":[{"count":75,"href":"https:\/\/stilecar.it\/fr\/wp-json\/wp\/v2\/pages\/12651\/revisions"}],"predecessor-version":[{"id":72277,"href":"https:\/\/stilecar.it\/fr\/wp-json\/wp\/v2\/pages\/12651\/revisions\/72277"}],"wp:attachment":[{"href":"https:\/\/stilecar.it\/fr\/wp-json\/wp\/v2\/media?parent=12651"}],"curies":[{"name":"wp","href":"https:\/\/api.w.org\/{rel}","templated":true}]}}